{"id":1681,"date":"2025-11-28T17:14:54","date_gmt":"2025-11-28T17:14:54","guid":{"rendered":"https:\/\/ariboni.com.br\/portal\/?page_id=1681"},"modified":"2026-03-09T11:58:55","modified_gmt":"2026-03-09T11:58:55","slug":"stafff","status":"publish","type":"page","link":"https:\/\/ariboni.com.br\/portal\/stafff\/","title":{"rendered":"Staff"},"content":{"rendered":"\t\t<div data-elementor-type=\"wp-page\" data-elementor-id=\"1681\" class=\"elementor elementor-1681\" data-elementor-post-type=\"page\">\n\t\t\t\t<div class=\"elementor-element elementor-element-4acf1274 e-flex e-con-boxed e-con e-parent\" data-id=\"4acf1274\" data-element_type=\"container\" data-e-type=\"container\">\n\t\t\t\t\t<div class=\"e-con-inner\">\n\t\t<div class=\"elementor-element elementor-element-7ec1e846 e-con-full e-flex e-con e-child\" data-id=\"7ec1e846\" data-element_type=\"container\" data-e-type=\"container\">\n\t\t<div class=\"elementor-element elementor-element-421f893 e-con-full e-flex e-con e-child\" data-id=\"421f893\" data-element_type=\"container\" data-e-type=\"container\">\n\t\t\t\t<div class=\"elementor-element elementor-element-53940e8e elementor-widget elementor-widget-text-editor\" data-id=\"53940e8e\" data-element_type=\"widget\" data-e-type=\"widget\" data-widget_type=\"text-editor.default\">\n\t\t\t\t<div class=\"elementor-widget-container\">\n\t\t\t\t\t\t\t\t\t<p style=\"text-align: center;\"><span style=\"color: #f1eacf;\">Con professionisti di comprovata eccellenza, Ariboni, Fabbri e Schmidt si avvale di un team composto da dottori laureati presso le pi\u00f9 prestigiose universit\u00e0 di Giurisprudenza del Paese, con piena padronanza di diverse lingue, tra cui portoghese, inglese, francese, italiano e spagnolo.<\/span><\/p>\t\t\t\t\t\t\t\t<\/div>\n\t\t\t\t<\/div>\n\t\t\t\t<\/div>\n\t\t\t\t<div class=\"elementor-element elementor-element-5676ae91 elementor-widget elementor-widget-heading\" data-id=\"5676ae91\" data-element_type=\"widget\" data-e-type=\"widget\" data-widget_type=\"heading.default\">\n\t\t\t\t<div class=\"elementor-widget-container\">\n\t\t\t\t\t<h2 class=\"elementor-heading-title elementor-size-default\">Soci<\/h2>\t\t\t\t<\/div>\n\t\t\t\t<\/div>\n\t\t\t\t<\/div>\n\t\t\t\t<div class=\"elementor-element elementor-element-62cf2302 elementor-widget elementor-widget-n-accordion\" data-id=\"62cf2302\" data-element_type=\"widget\" data-e-type=\"widget\" data-settings=\"{&quot;default_state&quot;:&quot;all_collapsed&quot;,&quot;max_items_expended&quot;:&quot;one&quot;,&quot;n_accordion_animation_duration&quot;:{&quot;unit&quot;:&quot;ms&quot;,&quot;size&quot;:400,&quot;sizes&quot;:[]}}\" data-widget_type=\"nested-accordion.default\">\n\t\t\t\t<div class=\"elementor-widget-container\">\n\t\t\t\t\t\t\t<div class=\"e-n-accordion\" aria-label=\"Accordion. Open links with Enter or Space, close with Escape, and navigate with Arrow Keys\">\n\t\t\t\t\t\t<details id=\"e-n-accordion-item-1650\" class=\"e-n-accordion-item\" >\n\t\t\t\t<summary class=\"e-n-accordion-item-title\" data-accordion-index=\"1\" tabindex=\"0\" aria-expanded=\"false\" aria-controls=\"e-n-accordion-item-1650\" >\n\t\t\t\t\t<span class='e-n-accordion-item-title-header'><div class=\"e-n-accordion-item-title-text\"> Mauricio Ariboni <\/div><\/span>\n\t\t\t\t\t\t\t<span class='e-n-accordion-item-title-icon'>\n\t\t\t<span class='e-opened' ><svg aria-hidden=\"true\" class=\"e-font-icon-svg e-fas-minus\" viewBox=\"0 0 448 512\" xmlns=\"http:\/\/www.w3.org\/2000\/svg\"><path d=\"M416 208H32c-17.67 0-32 14.33-32 32v32c0 17.67 14.33 32 32 32h384c17.67 0 32-14.33 32-32v-32c0-17.67-14.33-32-32-32z\"><\/path><\/svg><\/span>\n\t\t\t<span class='e-closed'><svg aria-hidden=\"true\" class=\"e-font-icon-svg e-far-list-alt\" viewBox=\"0 0 512 512\" xmlns=\"http:\/\/www.w3.org\/2000\/svg\"><path d=\"M464 32H48C21.49 32 0 53.49 0 80v352c0 26.51 21.49 48 48 48h416c26.51 0 48-21.49 48-48V80c0-26.51-21.49-48-48-48zm-6 400H54a6 6 0 0 1-6-6V86a6 6 0 0 1 6-6h404a6 6 0 0 1 6 6v340a6 6 0 0 1-6 6zm-42-92v24c0 6.627-5.373 12-12 12H204c-6.627 0-12-5.373-12-12v-24c0-6.627 5.373-12 12-12h200c6.627 0 12 5.373 12 12zm0-96v24c0 6.627-5.373 12-12 12H204c-6.627 0-12-5.373-12-12v-24c0-6.627 5.373-12 12-12h200c6.627 0 12 5.373 12 12zm0-96v24c0 6.627-5.373 12-12 12H204c-6.627 0-12-5.373-12-12v-24c0-6.627 5.373-12 12-12h200c6.627 0 12 5.373 12 12zm-252 12c0 19.882-16.118 36-36 36s-36-16.118-36-36 16.118-36 36-36 36 16.118 36 36zm0 96c0 19.882-16.118 36-36 36s-36-16.118-36-36 16.118-36 36-36 36 16.118 36 36zm0 96c0 19.882-16.118 36-36 36s-36-16.118-36-36 16.118-36 36-36 36 16.118 36 36z\"><\/path><\/svg><\/span>\n\t\t<\/span>\n\n\t\t\t\t\t\t<\/summary>\n\t\t\t\t<div role=\"region\" aria-labelledby=\"e-n-accordion-item-1650\" class=\"elementor-element elementor-element-53f1f5ed e-con-full e-flex e-con e-child\" data-id=\"53f1f5ed\" data-element_type=\"container\" data-e-type=\"container\">\n\t\t<div role=\"region\" aria-labelledby=\"e-n-accordion-item-1650\" class=\"elementor-element elementor-element-153fe50f e-con-full e-flex e-con e-child\" data-id=\"153fe50f\" data-element_type=\"container\" data-e-type=\"container\">\n\t\t\t\t<div class=\"elementor-element elementor-element-5523d8e8 elementor-widget elementor-widget-image\" data-id=\"5523d8e8\" data-element_type=\"widget\" data-e-type=\"widget\" data-widget_type=\"image.default\">\n\t\t\t\t<div class=\"elementor-widget-container\">\n\t\t\t\t\t\t\t\t\t\t\t\t\t\t\t<img fetchpriority=\"high\" decoding=\"async\" width=\"800\" height=\"800\" src=\"https:\/\/ariboni.com.br\/portal\/wp-content\/uploads\/2025\/08\/Mauricio-Ariboni.jpg\" class=\"attachment-large size-large wp-image-1319\" alt=\"\" srcset=\"https:\/\/ariboni.com.br\/portal\/wp-content\/uploads\/2025\/08\/Mauricio-Ariboni.jpg 900w, https:\/\/ariboni.com.br\/portal\/wp-content\/uploads\/2025\/08\/Mauricio-Ariboni-300x300.jpg 300w, https:\/\/ariboni.com.br\/portal\/wp-content\/uploads\/2025\/08\/Mauricio-Ariboni-150x150.jpg 150w, https:\/\/ariboni.com.br\/portal\/wp-content\/uploads\/2025\/08\/Mauricio-Ariboni-768x768.jpg 768w\" sizes=\"(max-width: 800px) 100vw, 800px\" \/>\t\t\t\t\t\t\t\t\t\t\t\t\t\t\t<\/div>\n\t\t\t\t<\/div>\n\t\t\t\t<\/div>\n\t\t<div role=\"region\" aria-labelledby=\"e-n-accordion-item-1650\" class=\"elementor-element elementor-element-853e4ff e-con-full e-flex e-con e-child\" data-id=\"853e4ff\" data-element_type=\"container\" data-e-type=\"container\">\n\t\t\t\t<div class=\"elementor-element elementor-element-3d407cbf elementor-widget elementor-widget-text-editor\" data-id=\"3d407cbf\" data-element_type=\"widget\" data-e-type=\"widget\" data-widget_type=\"text-editor.default\">\n\t\t\t\t<div class=\"elementor-widget-container\">\n\t\t\t\t\t\t\t\t\t<ul><li><p><span lang=\"it-IT\">Laurea in Giurisprudenza (Pontificia Universit\u00e0 Cattolica di S\u00e3o Paulo &#8211; PUC-SP) 1989;<\/span><\/p><\/li><li><p><span lang=\"en-US\">Post Laurea in International Trade Law (Torino \u2013 Italia) 1996;<\/span><\/p><\/li><li><p><span lang=\"it-IT\">Avvocato con oltre 30 anni di esperienza;<\/span><\/p><\/li><li><p><span lang=\"it-IT\">E<\/span><span lang=\"it-IT\">ntra a far parte dello Studio nel 1989.<\/span><\/p><\/li><li><p><strong>Aree di competenza<\/strong>:<br \/><span lang=\"it-IT\">Propriet\u00e0 Intellettuale, licenza e Trasferimento di Tecnologia, Franchising, Consulenza, Diritto Commerciale e Societario, Fusioni e Acquisizion<\/span><span lang=\"it-IT\">i<\/span><span lang=\"it-IT\">, Contrattualistica di Impresa, Diritto Immobiliare, Banca Centrale, Capitali Stranieri, Lotta alla Contraffazione;<\/span><\/p><\/li><li><p><strong>Associazioni<\/strong>:<br \/>OAB-SP, ABPI; ABAPI; MARQUES; INTA;<\/p><\/li><li><p><span lang=\"it-IT\"><strong>Lingue<\/strong>:<br \/><\/span><span lang=\"it-IT\">Portoghese, Inglese e Italiano;<\/span><\/p><\/li><li><p><span lang=\"it-IT\"><strong>Contatti<\/strong>:<br \/><\/span><span lang=\"it-IT\">E-mail: <\/span><span style=\"color: #000080;\"><u><a href=\"mailto:mab@ariboni.com.br\"><span lang=\"it-IT\">mab@ariboni.com.br<\/span><\/a><br \/><\/u><\/span>Tel. +55 11 3508 7700 r. 7750<\/p><\/li><\/ul>\t\t\t\t\t\t\t\t<\/div>\n\t\t\t\t<\/div>\n\t\t\t\t<\/div>\n\t\t\t\t<\/div>\n\t\t\t\t\t<\/details>\n\t\t\t\t\t\t<details id=\"e-n-accordion-item-1651\" class=\"e-n-accordion-item\" >\n\t\t\t\t<summary class=\"e-n-accordion-item-title\" data-accordion-index=\"2\" tabindex=\"-1\" aria-expanded=\"false\" aria-controls=\"e-n-accordion-item-1651\" >\n\t\t\t\t\t<span class='e-n-accordion-item-title-header'><div class=\"e-n-accordion-item-title-text\"> L\u00e9lio Denicoli Schmidt <\/div><\/span>\n\t\t\t\t\t\t\t<span class='e-n-accordion-item-title-icon'>\n\t\t\t<span class='e-opened' ><svg aria-hidden=\"true\" class=\"e-font-icon-svg e-fas-minus\" viewBox=\"0 0 448 512\" xmlns=\"http:\/\/www.w3.org\/2000\/svg\"><path d=\"M416 208H32c-17.67 0-32 14.33-32 32v32c0 17.67 14.33 32 32 32h384c17.67 0 32-14.33 32-32v-32c0-17.67-14.33-32-32-32z\"><\/path><\/svg><\/span>\n\t\t\t<span class='e-closed'><svg aria-hidden=\"true\" class=\"e-font-icon-svg e-far-list-alt\" viewBox=\"0 0 512 512\" xmlns=\"http:\/\/www.w3.org\/2000\/svg\"><path d=\"M464 32H48C21.49 32 0 53.49 0 80v352c0 26.51 21.49 48 48 48h416c26.51 0 48-21.49 48-48V80c0-26.51-21.49-48-48-48zm-6 400H54a6 6 0 0 1-6-6V86a6 6 0 0 1 6-6h404a6 6 0 0 1 6 6v340a6 6 0 0 1-6 6zm-42-92v24c0 6.627-5.373 12-12 12H204c-6.627 0-12-5.373-12-12v-24c0-6.627 5.373-12 12-12h200c6.627 0 12 5.373 12 12zm0-96v24c0 6.627-5.373 12-12 12H204c-6.627 0-12-5.373-12-12v-24c0-6.627 5.373-12 12-12h200c6.627 0 12 5.373 12 12zm0-96v24c0 6.627-5.373 12-12 12H204c-6.627 0-12-5.373-12-12v-24c0-6.627 5.373-12 12-12h200c6.627 0 12 5.373 12 12zm-252 12c0 19.882-16.118 36-36 36s-36-16.118-36-36 16.118-36 36-36 36 16.118 36 36zm0 96c0 19.882-16.118 36-36 36s-36-16.118-36-36 16.118-36 36-36 36 16.118 36 36zm0 96c0 19.882-16.118 36-36 36s-36-16.118-36-36 16.118-36 36-36 36 16.118 36 36z\"><\/path><\/svg><\/span>\n\t\t<\/span>\n\n\t\t\t\t\t\t<\/summary>\n\t\t\t\t<div role=\"region\" aria-labelledby=\"e-n-accordion-item-1651\" class=\"elementor-element elementor-element-6ff6afb3 e-con-full e-flex e-con e-child\" data-id=\"6ff6afb3\" data-element_type=\"container\" data-e-type=\"container\">\n\t\t<div role=\"region\" aria-labelledby=\"e-n-accordion-item-1651\" class=\"elementor-element elementor-element-5a47e172 e-con-full e-flex e-con e-child\" data-id=\"5a47e172\" data-element_type=\"container\" data-e-type=\"container\">\n\t\t\t\t<div class=\"elementor-element elementor-element-e72a62e elementor-widget elementor-widget-image\" data-id=\"e72a62e\" data-element_type=\"widget\" data-e-type=\"widget\" data-widget_type=\"image.default\">\n\t\t\t\t<div class=\"elementor-widget-container\">\n\t\t\t\t\t\t\t\t\t\t\t\t\t\t\t<img decoding=\"async\" width=\"800\" height=\"800\" src=\"https:\/\/ariboni.com.br\/portal\/wp-content\/uploads\/2025\/08\/Lelio-Schimdt.jpg\" class=\"attachment-large size-large wp-image-1317\" alt=\"\" srcset=\"https:\/\/ariboni.com.br\/portal\/wp-content\/uploads\/2025\/08\/Lelio-Schimdt.jpg 900w, https:\/\/ariboni.com.br\/portal\/wp-content\/uploads\/2025\/08\/Lelio-Schimdt-300x300.jpg 300w, https:\/\/ariboni.com.br\/portal\/wp-content\/uploads\/2025\/08\/Lelio-Schimdt-150x150.jpg 150w, https:\/\/ariboni.com.br\/portal\/wp-content\/uploads\/2025\/08\/Lelio-Schimdt-768x768.jpg 768w\" sizes=\"(max-width: 800px) 100vw, 800px\" \/>\t\t\t\t\t\t\t\t\t\t\t\t\t\t\t<\/div>\n\t\t\t\t<\/div>\n\t\t\t\t<\/div>\n\t\t<div role=\"region\" aria-labelledby=\"e-n-accordion-item-1651\" class=\"elementor-element elementor-element-67806ad e-con-full e-flex e-con e-child\" data-id=\"67806ad\" data-element_type=\"container\" data-e-type=\"container\">\n\t\t\t\t<div class=\"elementor-element elementor-element-1d00727c elementor-widget elementor-widget-text-editor\" data-id=\"1d00727c\" data-element_type=\"widget\" data-e-type=\"widget\" data-widget_type=\"text-editor.default\">\n\t\t\t\t<div class=\"elementor-widget-container\">\n\t\t\t\t\t\t\t\t\t<ul><li><p><span lang=\"it-IT\">Laurea in Giurisprudenza (Universit\u00e0 di S\u00e3o Paulo &#8211; USP) 1994;<\/span><\/p><\/li><li><p><span lang=\"it-IT\">Specializzato in Diritto Processuale Civile (Pontificia Universit\u00e0 Cattolic<\/span><span lang=\"it-IT\">a<\/span><span lang=\"it-IT\"> di S\u00e3o Paulo (PUC-SP);<\/span><\/p><\/li><li><p><span lang=\"it-IT\">Master e Dottorato in Diritto Commerciale (Pontificia Universit\u00e0 Cattolica di S\u00e3o Paulo (PUC-SP);<\/span><\/p><\/li><li><p><span lang=\"it-IT\">Avvocato specializzato in controversie con oltre 30 anni di esperienza;<\/span><\/p><\/li><li><p><span lang=\"it-IT\">Autore dei libri \u201cLa distintivit\u00e0 dei marchi\u201d, \u201cMarchi: acquisizione, esercizio e cessazione dei diritti\u201d e di vari articoli pubblicati in libri e riviste specializzate;<\/span><\/p><\/li><li><p><span lang=\"it-IT\">Autore delle voci \u201cdisegno industriale\u201d, \u201cdegenerazione del marchio\u201d e \u201cregistrazione del marchio\u201d publicate nella Enciclopedia Giuridica della PUC\/SP;<\/span><\/p><\/li><li><p><span lang=\"it-IT\">Coautore dei libri \u201cTrattato di diritto commerciale\u201d, \u201cSegni distintivi e tutela giudiziaria e amministrativa\u201d, \u201cPropriet\u00e0 immateriale: diritto d\u2019autore, propriet\u00e0 industriale e diritti della personalit\u00e0\u201d, \u201cCapitoli di procedura civile nella propriet\u00e0 intellettuale\u201d, \u201cRivendicazione della creazione usurpata\u201d, \u201cArgomenti rilevanti nel diritto commerciale\u201d, \u201cArgomenti nella propriet\u00e0 intellettuale\u201d e \u201cPropriet\u00e0 intellettuale e diritti della personalit\u00e0\u201d;<\/span><\/p><\/li><li><p><span lang=\"it-IT\">Esperto e assistente tecnico in casi di Propriet\u00e0 Intellettuale;<\/span><\/p><\/li><li><p><span lang=\"it-IT\">Esperto ascoltato dalla giustizia canadese in un procedimento legale riguardante lo stato dell&#8217;arte relativo a brevetti pubblicati in Brasile;<\/span><\/p><\/li><li><p><span lang=\"it-IT\">Autore di articoli pubblicati nei volumi 741, 754, 797, 804 e 812 della Rivista dei Tribunali, nei volumi 22, 26, 27, 31, 33, 38, 43, 52, 53, 59, 60 e 63 della Rivista della ABPI, nel volume 94 della Rivista di Processo; nella Rivista di Diritto Commerciale (anno 13, n. 3), nel volume 5 della Rivista Semestrale di Diritto Commerciale, nel volume 380 della Lex di Giurisprudenza della Corte Suprema Federale e negli Atti del XX e XXIII Seminari Nazionali sulla Propriet\u00e0 Intellettuale dell&#8217;ABPI.<\/span><\/p><\/li><li><p><span lang=\"it-IT\">Docente di corsi di specializzazione in Propriet\u00e0 Intellettuale e relatore in vari congressi ed eventi correlati;<\/span><\/p><\/li><li><p><span lang=\"it-IT\">Entra in Ariboni, Fabbri e Schmidt Sociedade de Advogados nel 1992.<\/span><\/p><\/li><li><p><span lang=\"it-IT\"><strong>Area di Competenza<\/strong>:<br \/><\/span><span lang=\"it-IT\">Diritto del Contenzioso;<\/span><\/p><\/li><li><p><strong>Associazioni<\/strong>: <br \/>OAB-SP e ABPI;<\/p><\/li><li><p><span lang=\"it-IT\"><strong>Lingue<\/strong>:<br \/><\/span><span lang=\"it-IT\">Portoghese, Inglese, Francese e Italiano;<\/span><\/p><\/li><li><p><span lang=\"it-IT\"><strong>Contatti<\/strong>:<br \/><\/span><span lang=\"it-IT\">E-mail: <a href=\"mailto:lds@ariboni.com.br\">lds@ariboni.com.br<\/a><br \/><\/span>Tel. +55 11 3508 7700 r. 7738<\/p><\/li><\/ul>\t\t\t\t\t\t\t\t<\/div>\n\t\t\t\t<\/div>\n\t\t\t\t<\/div>\n\t\t\t\t<\/div>\n\t\t\t\t\t<\/details>\n\t\t\t\t\t<\/div>\n\t\t\t\t\t\t<\/div>\n\t\t\t\t<\/div>\n\t\t<div class=\"elementor-element elementor-element-487e327b e-con-full e-flex e-con e-child\" data-id=\"487e327b\" data-element_type=\"container\" data-e-type=\"container\">\n\t\t\t\t<div class=\"elementor-element elementor-element-bf7ff7a elementor-widget elementor-widget-heading\" data-id=\"bf7ff7a\" data-element_type=\"widget\" data-e-type=\"widget\" data-widget_type=\"heading.default\">\n\t\t\t\t<div class=\"elementor-widget-container\">\n\t\t\t\t\t<h2 class=\"elementor-heading-title elementor-size-default\">Associati<\/h2>\t\t\t\t<\/div>\n\t\t\t\t<\/div>\n\t\t\t\t<\/div>\n\t\t\t\t<div class=\"elementor-element elementor-element-68eef849 elementor-widget elementor-widget-n-accordion\" data-id=\"68eef849\" data-element_type=\"widget\" data-e-type=\"widget\" data-settings=\"{&quot;default_state&quot;:&quot;all_collapsed&quot;,&quot;max_items_expended&quot;:&quot;one&quot;,&quot;n_accordion_animation_duration&quot;:{&quot;unit&quot;:&quot;ms&quot;,&quot;size&quot;:400,&quot;sizes&quot;:[]}}\" data-widget_type=\"nested-accordion.default\">\n\t\t\t\t<div class=\"elementor-widget-container\">\n\t\t\t\t\t\t\t<div class=\"e-n-accordion\" aria-label=\"Accordion. Open links with Enter or Space, close with Escape, and navigate with Arrow Keys\">\n\t\t\t\t\t\t<details id=\"e-n-accordion-item-1760\" class=\"e-n-accordion-item\" >\n\t\t\t\t<summary class=\"e-n-accordion-item-title\" data-accordion-index=\"1\" tabindex=\"0\" aria-expanded=\"false\" aria-controls=\"e-n-accordion-item-1760\" >\n\t\t\t\t\t<span class='e-n-accordion-item-title-header'><div class=\"e-n-accordion-item-title-text\"> Alan Rodrigues Lopes  <\/div><\/span>\n\t\t\t\t\t\t\t<span class='e-n-accordion-item-title-icon'>\n\t\t\t<span class='e-opened' ><svg aria-hidden=\"true\" class=\"e-font-icon-svg e-fas-minus\" viewBox=\"0 0 448 512\" xmlns=\"http:\/\/www.w3.org\/2000\/svg\"><path d=\"M416 208H32c-17.67 0-32 14.33-32 32v32c0 17.67 14.33 32 32 32h384c17.67 0 32-14.33 32-32v-32c0-17.67-14.33-32-32-32z\"><\/path><\/svg><\/span>\n\t\t\t<span class='e-closed'><svg aria-hidden=\"true\" class=\"e-font-icon-svg e-fas-plus\" viewBox=\"0 0 448 512\" xmlns=\"http:\/\/www.w3.org\/2000\/svg\"><path d=\"M416 208H272V64c0-17.67-14.33-32-32-32h-32c-17.67 0-32 14.33-32 32v144H32c-17.67 0-32 14.33-32 32v32c0 17.67 14.33 32 32 32h144v144c0 17.67 14.33 32 32 32h32c17.67 0 32-14.33 32-32V304h144c17.67 0 32-14.33 32-32v-32c0-17.67-14.33-32-32-32z\"><\/path><\/svg><\/span>\n\t\t<\/span>\n\n\t\t\t\t\t\t<\/summary>\n\t\t\t\t<div role=\"region\" aria-labelledby=\"e-n-accordion-item-1760\" class=\"elementor-element elementor-element-75694867 e-con-full e-flex e-con e-child\" data-id=\"75694867\" data-element_type=\"container\" data-e-type=\"container\">\n\t\t<div role=\"region\" aria-labelledby=\"e-n-accordion-item-1760\" class=\"elementor-element elementor-element-4342ae70 e-con-full e-flex e-con e-child\" data-id=\"4342ae70\" data-element_type=\"container\" data-e-type=\"container\">\n\t\t\t\t<\/div>\n\t\t<div role=\"region\" aria-labelledby=\"e-n-accordion-item-1760\" class=\"elementor-element elementor-element-6422f0e4 e-con-full e-flex e-con e-child\" data-id=\"6422f0e4\" data-element_type=\"container\" data-e-type=\"container\">\n\t\t\t\t<div class=\"elementor-element elementor-element-1efe4d18 elementor-widget elementor-widget-text-editor\" data-id=\"1efe4d18\" data-element_type=\"widget\" data-e-type=\"widget\" data-widget_type=\"text-editor.default\">\n\t\t\t\t<div class=\"elementor-widget-container\">\n\t\t\t\t\t\t\t\t\t<ul><li>Laurea in Giurisprudenza (Pontificia Universit\u00e0 Cattolica di Rio de Janeiro (PUC-Rio) 2017;<\/li><li><span lang=\"it-IT\">Laurea specialistica in Diritto pubblico e privato presso la Scuola di Magistratura dello Stato di Rio de Janeiro (EMERJ) (2021);<\/span><\/li><li><span lang=\"it-IT\">Tecnico Ambientale (Istituto Federale di Educazione, Scienza e Tecnologia di Rio de Janeiro (IFRJ) (2011);<\/span><\/li><li><span lang=\"it-IT\">Area di Competenza:<br \/><\/span><span lang=\"it-IT\">Contenzioso civile e propriet\u00e0 intellettuale;<\/span><\/li><li>Associazioni:<br \/>OAB\/RJ, OAB\/DF e OAB\/SP;<\/li><li>Lingue:<br \/>Portoghese, inglese, spagnolo.<\/li><li>Contatos:<br \/>E-mail: <u><a href=\"mailto:arl@ariboni.com.br\">arl@ariboni.com.br<\/a><br \/><\/u>Tel. +55 21 2283 2713<\/li><\/ul>\t\t\t\t\t\t\t\t<\/div>\n\t\t\t\t<\/div>\n\t\t\t\t<\/div>\n\t\t\t\t<\/div>\n\t\t\t\t\t<\/details>\n\t\t\t\t\t\t<details id=\"e-n-accordion-item-1761\" class=\"e-n-accordion-item\" >\n\t\t\t\t<summary class=\"e-n-accordion-item-title\" data-accordion-index=\"2\" tabindex=\"-1\" aria-expanded=\"false\" aria-controls=\"e-n-accordion-item-1761\" >\n\t\t\t\t\t<span class='e-n-accordion-item-title-header'><div class=\"e-n-accordion-item-title-text\"> Bianca Nascimento Dias Maciel Kim <\/div><\/span>\n\t\t\t\t\t\t\t<span class='e-n-accordion-item-title-icon'>\n\t\t\t<span class='e-opened' ><svg aria-hidden=\"true\" class=\"e-font-icon-svg e-fas-minus\" viewBox=\"0 0 448 512\" xmlns=\"http:\/\/www.w3.org\/2000\/svg\"><path d=\"M416 208H32c-17.67 0-32 14.33-32 32v32c0 17.67 14.33 32 32 32h384c17.67 0 32-14.33 32-32v-32c0-17.67-14.33-32-32-32z\"><\/path><\/svg><\/span>\n\t\t\t<span class='e-closed'><svg aria-hidden=\"true\" class=\"e-font-icon-svg e-fas-plus\" viewBox=\"0 0 448 512\" xmlns=\"http:\/\/www.w3.org\/2000\/svg\"><path d=\"M416 208H272V64c0-17.67-14.33-32-32-32h-32c-17.67 0-32 14.33-32 32v144H32c-17.67 0-32 14.33-32 32v32c0 17.67 14.33 32 32 32h144v144c0 17.67 14.33 32 32 32h32c17.67 0 32-14.33 32-32V304h144c17.67 0 32-14.33 32-32v-32c0-17.67-14.33-32-32-32z\"><\/path><\/svg><\/span>\n\t\t<\/span>\n\n\t\t\t\t\t\t<\/summary>\n\t\t\t\t<div role=\"region\" aria-labelledby=\"e-n-accordion-item-1761\" class=\"elementor-element elementor-element-5c7e3441 e-con-full e-flex e-con e-child\" data-id=\"5c7e3441\" data-element_type=\"container\" data-e-type=\"container\">\n\t\t<div role=\"region\" aria-labelledby=\"e-n-accordion-item-1761\" class=\"elementor-element elementor-element-75681494 e-con-full e-flex e-con e-child\" data-id=\"75681494\" data-element_type=\"container\" data-e-type=\"container\">\n\t\t\t\t<div class=\"elementor-element elementor-element-63922a3 elementor-widget elementor-widget-image\" data-id=\"63922a3\" data-element_type=\"widget\" data-e-type=\"widget\" data-widget_type=\"image.default\">\n\t\t\t\t<div class=\"elementor-widget-container\">\n\t\t\t\t\t\t\t\t\t\t\t\t\t\t\t<img decoding=\"async\" width=\"800\" height=\"800\" src=\"https:\/\/ariboni.com.br\/portal\/wp-content\/uploads\/2025\/08\/Bianca_Kim.jpg\" class=\"attachment-large size-large wp-image-1341\" alt=\"\" srcset=\"https:\/\/ariboni.com.br\/portal\/wp-content\/uploads\/2025\/08\/Bianca_Kim.jpg 900w, https:\/\/ariboni.com.br\/portal\/wp-content\/uploads\/2025\/08\/Bianca_Kim-300x300.jpg 300w, https:\/\/ariboni.com.br\/portal\/wp-content\/uploads\/2025\/08\/Bianca_Kim-150x150.jpg 150w, https:\/\/ariboni.com.br\/portal\/wp-content\/uploads\/2025\/08\/Bianca_Kim-768x768.jpg 768w\" sizes=\"(max-width: 800px) 100vw, 800px\" \/>\t\t\t\t\t\t\t\t\t\t\t\t\t\t\t<\/div>\n\t\t\t\t<\/div>\n\t\t\t\t<\/div>\n\t\t<div role=\"region\" aria-labelledby=\"e-n-accordion-item-1761\" class=\"elementor-element elementor-element-aa883ce e-con-full e-flex e-con e-child\" data-id=\"aa883ce\" data-element_type=\"container\" data-e-type=\"container\">\n\t\t\t\t<div class=\"elementor-element elementor-element-59b88587 elementor-widget elementor-widget-text-editor\" data-id=\"59b88587\" data-element_type=\"widget\" data-e-type=\"widget\" data-widget_type=\"text-editor.default\">\n\t\t\t\t<div class=\"elementor-widget-container\">\n\t\t\t\t\t\t\t\t\t<ul><li><p><span lang=\"it-IT\">Laurea in giurisprudenza (Universit\u00e0 Federale di Rio de Janeiro) 2018;<\/span><\/p><\/li><li><p><span lang=\"it-IT\">Post-laurea in Diritto della Propriet\u00e0 Intellettual presso la Pontificia Universit\u00e0 Cattolica di Rio de Janeiro 2021.<\/span><\/p><\/li><li><p><span lang=\"it-IT\"><strong>Lingue<\/strong>:<br \/><\/span><span lang=\"it-IT\">Inglese, francese, spagnolo.<\/span><\/p><\/li><li><p><span lang=\"it-IT\"><strong>Contatti<\/strong>:<br \/><\/span>E-mail: <span style=\"color: #000080;\"><u><a href=\"mailto:bnk@ariboni.com.br\">bnk@ariboni.com.br<\/a><br \/><\/u><\/span>Tel. +55 11 3508 7700 r. 7730<\/p><\/li><\/ul>\t\t\t\t\t\t\t\t<\/div>\n\t\t\t\t<\/div>\n\t\t\t\t<\/div>\n\t\t\t\t<\/div>\n\t\t\t\t\t<\/details>\n\t\t\t\t\t\t<details id=\"e-n-accordion-item-1762\" class=\"e-n-accordion-item\" >\n\t\t\t\t<summary class=\"e-n-accordion-item-title\" data-accordion-index=\"3\" tabindex=\"-1\" aria-expanded=\"false\" aria-controls=\"e-n-accordion-item-1762\" >\n\t\t\t\t\t<span class='e-n-accordion-item-title-header'><div class=\"e-n-accordion-item-title-text\"> Bruna Kovac Surita Marcondes <\/div><\/span>\n\t\t\t\t\t\t\t<span class='e-n-accordion-item-title-icon'>\n\t\t\t<span class='e-opened' ><svg aria-hidden=\"true\" class=\"e-font-icon-svg e-fas-minus\" viewBox=\"0 0 448 512\" xmlns=\"http:\/\/www.w3.org\/2000\/svg\"><path d=\"M416 208H32c-17.67 0-32 14.33-32 32v32c0 17.67 14.33 32 32 32h384c17.67 0 32-14.33 32-32v-32c0-17.67-14.33-32-32-32z\"><\/path><\/svg><\/span>\n\t\t\t<span class='e-closed'><svg aria-hidden=\"true\" class=\"e-font-icon-svg e-fas-plus\" viewBox=\"0 0 448 512\" xmlns=\"http:\/\/www.w3.org\/2000\/svg\"><path d=\"M416 208H272V64c0-17.67-14.33-32-32-32h-32c-17.67 0-32 14.33-32 32v144H32c-17.67 0-32 14.33-32 32v32c0 17.67 14.33 32 32 32h144v144c0 17.67 14.33 32 32 32h32c17.67 0 32-14.33 32-32V304h144c17.67 0 32-14.33 32-32v-32c0-17.67-14.33-32-32-32z\"><\/path><\/svg><\/span>\n\t\t<\/span>\n\n\t\t\t\t\t\t<\/summary>\n\t\t\t\t<div role=\"region\" aria-labelledby=\"e-n-accordion-item-1762\" class=\"elementor-element elementor-element-734aa982 e-con-full e-flex e-con e-child\" data-id=\"734aa982\" data-element_type=\"container\" data-e-type=\"container\">\n\t\t<div role=\"region\" aria-labelledby=\"e-n-accordion-item-1762\" class=\"elementor-element elementor-element-6bf19122 e-con-full e-flex e-con e-child\" data-id=\"6bf19122\" data-element_type=\"container\" data-e-type=\"container\">\n\t\t\t\t<div class=\"elementor-element elementor-element-225448da elementor-widget elementor-widget-image\" data-id=\"225448da\" data-element_type=\"widget\" data-e-type=\"widget\" data-widget_type=\"image.default\">\n\t\t\t\t<div class=\"elementor-widget-container\">\n\t\t\t\t\t\t\t\t\t\t\t\t\t\t\t<img loading=\"lazy\" decoding=\"async\" width=\"800\" height=\"799\" src=\"https:\/\/ariboni.com.br\/portal\/wp-content\/uploads\/2025\/08\/Bruna-Kovac.jpg\" class=\"attachment-large size-large wp-image-1372\" alt=\"\" srcset=\"https:\/\/ariboni.com.br\/portal\/wp-content\/uploads\/2025\/08\/Bruna-Kovac.jpg 900w, https:\/\/ariboni.com.br\/portal\/wp-content\/uploads\/2025\/08\/Bruna-Kovac-300x300.jpg 300w, https:\/\/ariboni.com.br\/portal\/wp-content\/uploads\/2025\/08\/Bruna-Kovac-150x150.jpg 150w, https:\/\/ariboni.com.br\/portal\/wp-content\/uploads\/2025\/08\/Bruna-Kovac-768x767.jpg 768w\" sizes=\"(max-width: 800px) 100vw, 800px\" \/>\t\t\t\t\t\t\t\t\t\t\t\t\t\t\t<\/div>\n\t\t\t\t<\/div>\n\t\t\t\t<\/div>\n\t\t<div role=\"region\" aria-labelledby=\"e-n-accordion-item-1762\" class=\"elementor-element elementor-element-5c29c7c3 e-con-full e-flex e-con e-child\" data-id=\"5c29c7c3\" data-element_type=\"container\" data-e-type=\"container\">\n\t\t\t\t<div class=\"elementor-element elementor-element-636985f4 elementor-widget elementor-widget-text-editor\" data-id=\"636985f4\" data-element_type=\"widget\" data-e-type=\"widget\" data-widget_type=\"text-editor.default\">\n\t\t\t\t<div class=\"elementor-widget-container\">\n\t\t\t\t\t\t\t\t\t<ul><li><p><span lang=\"it-IT\">Laurea in giurisprudenza (Universit\u00e0 Presbiteriana Mackenzie (MACK \u2013 SP) 2019;<\/span><\/p><\/li><li><p><span lang=\"it-IT\">Corso di Inglese Giuridico Strumentale (Fondazione Get\u00falio Vargas (FGV) 2021;<\/span><\/p><\/li><li><p><span lang=\"it-IT\">Post-laurea in Processo Civile (Universit\u00e0 Presbiteriana Mackenzie (MACK \u2013 SP) 2022;<\/span><\/p><\/li><li><p><span lang=\"it-IT\">Post-laurea in Propriet\u00e0 Intellettuale, Giurisprudenza sullo Spettacolo, Midia e Moda (Scuola Superiore di Diritto (ESA OAB-SP) \u2013 2024;<\/span><\/p><\/li><li><p><strong>Associazioni<\/strong>:<br \/>OAB-SP<\/p><\/li><li><p><strong>Lingue<\/strong>:<br \/><span lang=\"it-IT\">Portoghese, Inglese, Francese e Italiano;<\/span><\/p><\/li><li><p><span lang=\"it-IT\"><strong>Contatti<\/strong>:<br \/><\/span><span lang=\"it-IT\">E-mail: <\/span><span style=\"color: #000080;\"><u><a href=\"mailto:lds@ariboni.com.br\"><span lang=\"it-IT\">lds@ariboni.com.br<\/span><\/a><br \/><\/u><\/span>Tel. +55 11 3508 7700 r. 7783<\/p><\/li><\/ul>\t\t\t\t\t\t\t\t<\/div>\n\t\t\t\t<\/div>\n\t\t\t\t<\/div>\n\t\t\t\t<\/div>\n\t\t\t\t\t<\/details>\n\t\t\t\t\t\t<details id=\"e-n-accordion-item-1763\" class=\"e-n-accordion-item\" >\n\t\t\t\t<summary class=\"e-n-accordion-item-title\" data-accordion-index=\"4\" tabindex=\"-1\" aria-expanded=\"false\" aria-controls=\"e-n-accordion-item-1763\" >\n\t\t\t\t\t<span class='e-n-accordion-item-title-header'><div class=\"e-n-accordion-item-title-text\"> Bruno Ariboni Brandi <\/div><\/span>\n\t\t\t\t\t\t\t<span class='e-n-accordion-item-title-icon'>\n\t\t\t<span class='e-opened' ><svg aria-hidden=\"true\" class=\"e-font-icon-svg e-fas-minus\" viewBox=\"0 0 448 512\" xmlns=\"http:\/\/www.w3.org\/2000\/svg\"><path d=\"M416 208H32c-17.67 0-32 14.33-32 32v32c0 17.67 14.33 32 32 32h384c17.67 0 32-14.33 32-32v-32c0-17.67-14.33-32-32-32z\"><\/path><\/svg><\/span>\n\t\t\t<span class='e-closed'><svg aria-hidden=\"true\" class=\"e-font-icon-svg e-fas-plus\" viewBox=\"0 0 448 512\" xmlns=\"http:\/\/www.w3.org\/2000\/svg\"><path d=\"M416 208H272V64c0-17.67-14.33-32-32-32h-32c-17.67 0-32 14.33-32 32v144H32c-17.67 0-32 14.33-32 32v32c0 17.67 14.33 32 32 32h144v144c0 17.67 14.33 32 32 32h32c17.67 0 32-14.33 32-32V304h144c17.67 0 32-14.33 32-32v-32c0-17.67-14.33-32-32-32z\"><\/path><\/svg><\/span>\n\t\t<\/span>\n\n\t\t\t\t\t\t<\/summary>\n\t\t\t\t<div role=\"region\" aria-labelledby=\"e-n-accordion-item-1763\" class=\"elementor-element elementor-element-3039b316 e-con-full e-flex e-con e-child\" data-id=\"3039b316\" data-element_type=\"container\" data-e-type=\"container\">\n\t\t<div role=\"region\" aria-labelledby=\"e-n-accordion-item-1763\" class=\"elementor-element elementor-element-55fe976a e-con-full e-flex e-con e-child\" data-id=\"55fe976a\" data-element_type=\"container\" data-e-type=\"container\">\n\t\t\t\t<div class=\"elementor-element elementor-element-1ab07dcc elementor-widget elementor-widget-image\" data-id=\"1ab07dcc\" data-element_type=\"widget\" data-e-type=\"widget\" data-widget_type=\"image.default\">\n\t\t\t\t<div class=\"elementor-widget-container\">\n\t\t\t\t\t\t\t\t\t\t\t\t\t\t\t<img loading=\"lazy\" decoding=\"async\" width=\"800\" height=\"799\" src=\"https:\/\/ariboni.com.br\/portal\/wp-content\/uploads\/2025\/08\/Bruno-Ariboni.jpg\" class=\"attachment-large size-large wp-image-1314\" alt=\"\" srcset=\"https:\/\/ariboni.com.br\/portal\/wp-content\/uploads\/2025\/08\/Bruno-Ariboni.jpg 900w, https:\/\/ariboni.com.br\/portal\/wp-content\/uploads\/2025\/08\/Bruno-Ariboni-300x300.jpg 300w, https:\/\/ariboni.com.br\/portal\/wp-content\/uploads\/2025\/08\/Bruno-Ariboni-150x150.jpg 150w, https:\/\/ariboni.com.br\/portal\/wp-content\/uploads\/2025\/08\/Bruno-Ariboni-768x767.jpg 768w\" sizes=\"(max-width: 800px) 100vw, 800px\" \/>\t\t\t\t\t\t\t\t\t\t\t\t\t\t\t<\/div>\n\t\t\t\t<\/div>\n\t\t\t\t<\/div>\n\t\t<div role=\"region\" aria-labelledby=\"e-n-accordion-item-1763\" class=\"elementor-element elementor-element-307840b2 e-con-full e-flex e-con e-child\" data-id=\"307840b2\" data-element_type=\"container\" data-e-type=\"container\">\n\t\t\t\t<div class=\"elementor-element elementor-element-c70e9e5 elementor-widget elementor-widget-text-editor\" data-id=\"c70e9e5\" data-element_type=\"widget\" data-e-type=\"widget\" data-widget_type=\"text-editor.default\">\n\t\t\t\t<div class=\"elementor-widget-container\">\n\t\t\t\t\t\t\t\t\t<ul>\n<li>\n<p><span lang=\"it-IT\">Laurea in giurisprudenza (Pontificia Universit\u00e0 Cattolic<\/span><span lang=\"it-IT\">a<\/span><span lang=\"it-IT\"> di Campinas (PUC) 2005;<\/span><\/p>\n<\/li>\n<li>\n<p><span lang=\"it-IT\">Specializzazione in Diritto Societario preso il Centro di Estensione Universitario (CEU) (S\u00e3o Paulo \u2013 Brasil) 2007;<\/span><\/p>\n<\/li>\n<li>\n<p><span lang=\"it-IT\">L.L.M in Diritto Societario presso l\u2019IBMEC (S\u00e3o Paulo- Brasil) 2010;<\/span><\/p>\n<\/li>\n<li>\n<p>L.L.M em Contratti presso l\u2019Insper \/ IBMEC (S\u00e3o Paulo \u2013 Brasil) 2010;<\/p>\n<\/li>\n<li>\n<p><span lang=\"it-IT\"><strong>Aree di competenza<\/strong>:<br><\/span><span lang=\"it-IT\">Diritto commerciale, diritto societario, diritto immobiliare, contratti, Banca centrale, capitale estero, diritto della moda e lotta alla pirateria;<\/span><\/p>\n<\/li>\n<li>\n<p><span lang=\"en-US\"><strong>Associazioni<\/strong>:<br><\/span><span lang=\"en-US\">OAB-SP; American Bar Association, International Law Section, Young Lawyers Division, AIJA \u2013 International Association of Young Lawyers, Legalmondo; INTA &#8211;&nbsp;<\/span>&nbsp;International Trademark Association;<\/p>\n<\/li>\n<li>\n<p><strong>Idiomas<\/strong>:<br><span lang=\"it-IT\">Portoghese, Inglese e Italiano;<\/span><\/p>\n<\/li>\n<li>\n<p><span lang=\"it-IT\"><strong>Contatti<\/strong>:<br><\/span>E-mail: <span style=\"color: #000080;\"><u><a href=\"mailto:bab@ariboni.com.br\">bab@ariboni.com.br<\/a><br><\/u><\/span>Tel. +55 11 3508 7700 r. 7751<\/p>\n<\/li>\n<\/ul>\t\t\t\t\t\t\t\t<\/div>\n\t\t\t\t<\/div>\n\t\t\t\t<\/div>\n\t\t\t\t<\/div>\n\t\t\t\t\t<\/details>\n\t\t\t\t\t\t<details id=\"e-n-accordion-item-1764\" class=\"e-n-accordion-item\" >\n\t\t\t\t<summary class=\"e-n-accordion-item-title\" data-accordion-index=\"5\" tabindex=\"-1\" aria-expanded=\"false\" aria-controls=\"e-n-accordion-item-1764\" >\n\t\t\t\t\t<span class='e-n-accordion-item-title-header'><div class=\"e-n-accordion-item-title-text\"> Carlos Eduardo Neves De Carvalho <\/div><\/span>\n\t\t\t\t\t\t\t<span class='e-n-accordion-item-title-icon'>\n\t\t\t<span class='e-opened' ><svg aria-hidden=\"true\" class=\"e-font-icon-svg e-fas-minus\" viewBox=\"0 0 448 512\" xmlns=\"http:\/\/www.w3.org\/2000\/svg\"><path d=\"M416 208H32c-17.67 0-32 14.33-32 32v32c0 17.67 14.33 32 32 32h384c17.67 0 32-14.33 32-32v-32c0-17.67-14.33-32-32-32z\"><\/path><\/svg><\/span>\n\t\t\t<span class='e-closed'><svg aria-hidden=\"true\" class=\"e-font-icon-svg e-fas-plus\" viewBox=\"0 0 448 512\" xmlns=\"http:\/\/www.w3.org\/2000\/svg\"><path d=\"M416 208H272V64c0-17.67-14.33-32-32-32h-32c-17.67 0-32 14.33-32 32v144H32c-17.67 0-32 14.33-32 32v32c0 17.67 14.33 32 32 32h144v144c0 17.67 14.33 32 32 32h32c17.67 0 32-14.33 32-32V304h144c17.67 0 32-14.33 32-32v-32c0-17.67-14.33-32-32-32z\"><\/path><\/svg><\/span>\n\t\t<\/span>\n\n\t\t\t\t\t\t<\/summary>\n\t\t\t\t<div role=\"region\" aria-labelledby=\"e-n-accordion-item-1764\" class=\"elementor-element elementor-element-4ecd1f5 e-con-full e-flex e-con e-child\" data-id=\"4ecd1f5\" data-element_type=\"container\" data-e-type=\"container\">\n\t\t<div role=\"region\" aria-labelledby=\"e-n-accordion-item-1764\" class=\"elementor-element elementor-element-1a3e72ba e-con-full e-flex e-con e-child\" data-id=\"1a3e72ba\" data-element_type=\"container\" data-e-type=\"container\">\n\t\t\t\t<div class=\"elementor-element elementor-element-dfd866 elementor-widget elementor-widget-image\" data-id=\"dfd866\" data-element_type=\"widget\" data-e-type=\"widget\" data-widget_type=\"image.default\">\n\t\t\t\t<div class=\"elementor-widget-container\">\n\t\t\t\t\t\t\t\t\t\t\t\t\t\t\t<img loading=\"lazy\" decoding=\"async\" width=\"400\" height=\"400\" src=\"https:\/\/ariboni.com.br\/portal\/wp-content\/uploads\/2026\/01\/Carlos_Carvalho-3-2.jpg\" class=\"attachment-large size-large wp-image-1947\" alt=\"\" \/>\t\t\t\t\t\t\t\t\t\t\t\t\t\t\t<\/div>\n\t\t\t\t<\/div>\n\t\t\t\t<\/div>\n\t\t<div role=\"region\" aria-labelledby=\"e-n-accordion-item-1764\" class=\"elementor-element elementor-element-68d845c5 e-con-full e-flex e-con e-child\" data-id=\"68d845c5\" data-element_type=\"container\" data-e-type=\"container\">\n\t\t\t\t<div class=\"elementor-element elementor-element-31f9db40 elementor-widget elementor-widget-text-editor\" data-id=\"31f9db40\" data-element_type=\"widget\" data-e-type=\"widget\" data-widget_type=\"text-editor.default\">\n\t\t\t\t<div class=\"elementor-widget-container\">\n\t\t\t\t\t\t\t\t\t<ul><li><p><span lang=\"it-IT\">Amministrazione Aziendale (FEA\/USP) 1992;<\/span><\/p><\/li><li><p><span lang=\"it-IT\">Laurea in Giurisprudenza (PUC\/SP) 1996;<\/span><\/p><\/li><li><p>Laura Magistrale (LL.M \u2013 Master of Laws) in Diritto di Propriet\u00e0 Intellettuale presso la Franklin Pierce School of Law \u2013 University of New Hampshire\/EUA 2000;<\/p><\/li><li><p><span lang=\"it-IT\">Specializzazione in Processo Civile \u2013 Specializzazione post-laurea presso il COGEAE-PUC\/SP 2010;<\/span><\/p><\/li><li><p><span lang=\"it-IT\">Laurea Magistrale (Strictu Sensu) in Diritto Commerciale (PUC-SP) 2015;<\/span><\/p><\/li><li><p><span lang=\"it-IT\">Dottorando in Diritto Commerciale (PUC-SP) 2025<\/span><\/p><\/li><li><p><strong>Associazioni<\/strong>:<br \/><span lang=\"it-IT\">OAB S\u00e3o Paulo, Associazione degli Avvocati di S\u00e3o Paulo (AASP), Associazione Paulista della Propriet\u00e0 Intellettuale (ASPI), Associazione Brasiliana di Propriet\u00e0 Intellettuale (ABPI), e International Trademark Association (INTA),<\/span><\/p><\/li><li><p><span lang=\"it-IT\"><strong>Lingue<\/strong>:<br \/><\/span><span lang=\"it-IT\">Portoghese, inglese e spagnolo.<\/span><\/p><\/li><li><p><strong>Contatti<\/strong>:<br \/>E-mail: <span style=\"color: #000080;\"><u><a href=\"mailto:cnc@ariboni.com.br\">cnc@ariboni.com.br<\/a><\/u><\/span><\/p><\/li><\/ul>\t\t\t\t\t\t\t\t<\/div>\n\t\t\t\t<\/div>\n\t\t\t\t<\/div>\n\t\t\t\t<\/div>\n\t\t\t\t\t<\/details>\n\t\t\t\t\t\t<details id=\"e-n-accordion-item-1765\" class=\"e-n-accordion-item\" >\n\t\t\t\t<summary class=\"e-n-accordion-item-title\" data-accordion-index=\"6\" tabindex=\"-1\" aria-expanded=\"false\" aria-controls=\"e-n-accordion-item-1765\" >\n\t\t\t\t\t<span class='e-n-accordion-item-title-header'><div class=\"e-n-accordion-item-title-text\"> Carolina Costa De Simoni Corr\u00eaa <\/div><\/span>\n\t\t\t\t\t\t\t<span class='e-n-accordion-item-title-icon'>\n\t\t\t<span class='e-opened' ><svg aria-hidden=\"true\" class=\"e-font-icon-svg e-fas-minus\" viewBox=\"0 0 448 512\" xmlns=\"http:\/\/www.w3.org\/2000\/svg\"><path d=\"M416 208H32c-17.67 0-32 14.33-32 32v32c0 17.67 14.33 32 32 32h384c17.67 0 32-14.33 32-32v-32c0-17.67-14.33-32-32-32z\"><\/path><\/svg><\/span>\n\t\t\t<span class='e-closed'><svg aria-hidden=\"true\" class=\"e-font-icon-svg e-fas-plus\" viewBox=\"0 0 448 512\" xmlns=\"http:\/\/www.w3.org\/2000\/svg\"><path d=\"M416 208H272V64c0-17.67-14.33-32-32-32h-32c-17.67 0-32 14.33-32 32v144H32c-17.67 0-32 14.33-32 32v32c0 17.67 14.33 32 32 32h144v144c0 17.67 14.33 32 32 32h32c17.67 0 32-14.33 32-32V304h144c17.67 0 32-14.33 32-32v-32c0-17.67-14.33-32-32-32z\"><\/path><\/svg><\/span>\n\t\t<\/span>\n\n\t\t\t\t\t\t<\/summary>\n\t\t\t\t<div role=\"region\" aria-labelledby=\"e-n-accordion-item-1765\" class=\"elementor-element elementor-element-20e3e110 e-con-full e-flex e-con e-child\" data-id=\"20e3e110\" data-element_type=\"container\" data-e-type=\"container\">\n\t\t<div role=\"region\" aria-labelledby=\"e-n-accordion-item-1765\" class=\"elementor-element elementor-element-6ad0bf34 e-con-full e-flex e-con e-child\" data-id=\"6ad0bf34\" data-element_type=\"container\" data-e-type=\"container\">\n\t\t\t\t<div class=\"elementor-element elementor-element-2aeb7a7c elementor-widget elementor-widget-image\" data-id=\"2aeb7a7c\" data-element_type=\"widget\" data-e-type=\"widget\" data-widget_type=\"image.default\">\n\t\t\t\t<div class=\"elementor-widget-container\">\n\t\t\t\t\t\t\t\t\t\t\t\t\t\t\t<img loading=\"lazy\" decoding=\"async\" width=\"800\" height=\"800\" src=\"https:\/\/ariboni.com.br\/portal\/wp-content\/uploads\/2025\/08\/Carolina_Costa.jpg\" class=\"attachment-large size-large wp-image-1343\" alt=\"\" srcset=\"https:\/\/ariboni.com.br\/portal\/wp-content\/uploads\/2025\/08\/Carolina_Costa.jpg 900w, https:\/\/ariboni.com.br\/portal\/wp-content\/uploads\/2025\/08\/Carolina_Costa-300x300.jpg 300w, https:\/\/ariboni.com.br\/portal\/wp-content\/uploads\/2025\/08\/Carolina_Costa-150x150.jpg 150w, https:\/\/ariboni.com.br\/portal\/wp-content\/uploads\/2025\/08\/Carolina_Costa-768x768.jpg 768w\" sizes=\"(max-width: 800px) 100vw, 800px\" \/>\t\t\t\t\t\t\t\t\t\t\t\t\t\t\t<\/div>\n\t\t\t\t<\/div>\n\t\t\t\t<\/div>\n\t\t<div role=\"region\" aria-labelledby=\"e-n-accordion-item-1765\" class=\"elementor-element elementor-element-6e4258fc e-con-full e-flex e-con e-child\" data-id=\"6e4258fc\" data-element_type=\"container\" data-e-type=\"container\">\n\t\t\t\t<div class=\"elementor-element elementor-element-117de6a7 elementor-widget elementor-widget-text-editor\" data-id=\"117de6a7\" data-element_type=\"widget\" data-e-type=\"widget\" data-widget_type=\"text-editor.default\">\n\t\t\t\t<div class=\"elementor-widget-container\">\n\t\t\t\t\t\t\t\t\t<ul><li><p><span lang=\"it-IT\">Laurea in Giurisprudenza (Pontificia Universit\u00e0 Cattolica di S\u00e3o Paulo (PUC-SP) 2022.<\/span><\/p><\/li><li><p><span lang=\"it-IT\"><strong>Area di competenza<\/strong>:<br \/><\/span><span lang=\"it-IT\">Propriet\u00e0 Intellettuale;<\/span><\/p><\/li><li><p><strong>Associazioni<\/strong>:<br \/>OAB-SP.<\/p><\/li><li><p><span lang=\"it-IT\"><strong>Lingue<\/strong>:<br \/><\/span><span lang=\"it-IT\">Portoghese, inglese e spagnolo.<\/span><\/p><\/li><li><p><span lang=\"it-IT\"><strong>Contatti<\/strong>:<br \/><\/span><span lang=\"it-IT\">E-mail: <\/span><span style=\"color: #000080;\"><u><a href=\"mailto:ccd@ariboni.com.br\"><span lang=\"it-IT\">ccd@ariboni.com.br<\/span><\/a><br \/><\/u><\/span>Tel. +55 11 3508 7700 r. 7715<\/p><\/li><\/ul>\t\t\t\t\t\t\t\t<\/div>\n\t\t\t\t<\/div>\n\t\t\t\t<\/div>\n\t\t\t\t<\/div>\n\t\t\t\t\t<\/details>\n\t\t\t\t\t\t<details id=\"e-n-accordion-item-1766\" class=\"e-n-accordion-item\" >\n\t\t\t\t<summary class=\"e-n-accordion-item-title\" data-accordion-index=\"7\" tabindex=\"-1\" aria-expanded=\"false\" aria-controls=\"e-n-accordion-item-1766\" >\n\t\t\t\t\t<span class='e-n-accordion-item-title-header'><div class=\"e-n-accordion-item-title-text\"> C\u00e9sar Henrique Andreotti Lumasini <\/div><\/span>\n\t\t\t\t\t\t\t<span class='e-n-accordion-item-title-icon'>\n\t\t\t<span class='e-opened' ><svg aria-hidden=\"true\" class=\"e-font-icon-svg e-fas-minus\" viewBox=\"0 0 448 512\" xmlns=\"http:\/\/www.w3.org\/2000\/svg\"><path d=\"M416 208H32c-17.67 0-32 14.33-32 32v32c0 17.67 14.33 32 32 32h384c17.67 0 32-14.33 32-32v-32c0-17.67-14.33-32-32-32z\"><\/path><\/svg><\/span>\n\t\t\t<span class='e-closed'><svg aria-hidden=\"true\" class=\"e-font-icon-svg e-fas-plus\" viewBox=\"0 0 448 512\" xmlns=\"http:\/\/www.w3.org\/2000\/svg\"><path d=\"M416 208H272V64c0-17.67-14.33-32-32-32h-32c-17.67 0-32 14.33-32 32v144H32c-17.67 0-32 14.33-32 32v32c0 17.67 14.33 32 32 32h144v144c0 17.67 14.33 32 32 32h32c17.67 0 32-14.33 32-32V304h144c17.67 0 32-14.33 32-32v-32c0-17.67-14.33-32-32-32z\"><\/path><\/svg><\/span>\n\t\t<\/span>\n\n\t\t\t\t\t\t<\/summary>\n\t\t\t\t<div role=\"region\" aria-labelledby=\"e-n-accordion-item-1766\" class=\"elementor-element elementor-element-6c73bbe2 e-con-full e-flex e-con e-child\" data-id=\"6c73bbe2\" data-element_type=\"container\" data-e-type=\"container\">\n\t\t<div role=\"region\" aria-labelledby=\"e-n-accordion-item-1766\" class=\"elementor-element elementor-element-1e7ddd73 e-con-full e-flex e-con e-child\" data-id=\"1e7ddd73\" data-element_type=\"container\" data-e-type=\"container\">\n\t\t\t\t<div class=\"elementor-element elementor-element-612a20bc elementor-widget elementor-widget-image\" data-id=\"612a20bc\" data-element_type=\"widget\" data-e-type=\"widget\" data-widget_type=\"image.default\">\n\t\t\t\t<div class=\"elementor-widget-container\">\n\t\t\t\t\t\t\t\t\t\t\t\t\t\t\t<img loading=\"lazy\" decoding=\"async\" width=\"800\" height=\"800\" src=\"https:\/\/ariboni.com.br\/portal\/wp-content\/uploads\/2025\/08\/Cesar_Lumasini.jpg\" class=\"attachment-large size-large wp-image-1345\" alt=\"\" srcset=\"https:\/\/ariboni.com.br\/portal\/wp-content\/uploads\/2025\/08\/Cesar_Lumasini.jpg 900w, https:\/\/ariboni.com.br\/portal\/wp-content\/uploads\/2025\/08\/Cesar_Lumasini-300x300.jpg 300w, https:\/\/ariboni.com.br\/portal\/wp-content\/uploads\/2025\/08\/Cesar_Lumasini-150x150.jpg 150w, https:\/\/ariboni.com.br\/portal\/wp-content\/uploads\/2025\/08\/Cesar_Lumasini-768x768.jpg 768w\" sizes=\"(max-width: 800px) 100vw, 800px\" \/>\t\t\t\t\t\t\t\t\t\t\t\t\t\t\t<\/div>\n\t\t\t\t<\/div>\n\t\t\t\t<\/div>\n\t\t<div role=\"region\" aria-labelledby=\"e-n-accordion-item-1766\" class=\"elementor-element elementor-element-6162ad34 e-con-full e-flex e-con e-child\" data-id=\"6162ad34\" data-element_type=\"container\" data-e-type=\"container\">\n\t\t\t\t<div class=\"elementor-element elementor-element-5f0e8dcc elementor-widget elementor-widget-text-editor\" data-id=\"5f0e8dcc\" data-element_type=\"widget\" data-e-type=\"widget\" data-widget_type=\"text-editor.default\">\n\t\t\t\t<div class=\"elementor-widget-container\">\n\t\t\t\t\t\t\t\t\t<ul><li><p><span lang=\"it-IT\">Laurea in Giurisprudenza (Universit\u00e0 Presbiteriana Mackenzie) 2013;<\/span><\/p><\/li><li><p><span lang=\"it-IT\"><strong>Aree di competenza<\/strong>:<br \/><\/span><span lang=\"it-IT\">Diritto commerciale, diritto societario, diritto immobiliare, contratti, Banca Centrale, capitale estero;<\/span><\/p><\/li><li><p><strong>Associazioni<\/strong>:<br \/>OAB\/SP;<\/p><\/li><li><p><span lang=\"it-IT\"><strong>Lingue<\/strong>:<br \/><\/span><span lang=\"it-IT\">Portoghese e Inglese<\/span><\/p><\/li><li><p><span lang=\"it-IT\"><strong>Contatti<\/strong>:<br \/><\/span>E-mail: <span style=\"color: #000080;\"><u><a href=\"mailto:cal@ariboni.com.br\">cal@ariboni.com.br<\/a><br \/><\/u><\/span>Tel. +55 11 3508 7700 r. 7755<\/p><\/li><\/ul>\t\t\t\t\t\t\t\t<\/div>\n\t\t\t\t<\/div>\n\t\t\t\t<\/div>\n\t\t\t\t<\/div>\n\t\t\t\t\t<\/details>\n\t\t\t\t\t\t<details id=\"e-n-accordion-item-1767\" class=\"e-n-accordion-item\" >\n\t\t\t\t<summary class=\"e-n-accordion-item-title\" data-accordion-index=\"8\" tabindex=\"-1\" aria-expanded=\"false\" aria-controls=\"e-n-accordion-item-1767\" >\n\t\t\t\t\t<span class='e-n-accordion-item-title-header'><div class=\"e-n-accordion-item-title-text\"> Daniele Corr\u00eaa Corn\u00e9lio <\/div><\/span>\n\t\t\t\t\t\t\t<span class='e-n-accordion-item-title-icon'>\n\t\t\t<span class='e-opened' ><svg aria-hidden=\"true\" class=\"e-font-icon-svg e-fas-minus\" viewBox=\"0 0 448 512\" xmlns=\"http:\/\/www.w3.org\/2000\/svg\"><path d=\"M416 208H32c-17.67 0-32 14.33-32 32v32c0 17.67 14.33 32 32 32h384c17.67 0 32-14.33 32-32v-32c0-17.67-14.33-32-32-32z\"><\/path><\/svg><\/span>\n\t\t\t<span class='e-closed'><svg aria-hidden=\"true\" class=\"e-font-icon-svg e-fas-plus\" viewBox=\"0 0 448 512\" xmlns=\"http:\/\/www.w3.org\/2000\/svg\"><path d=\"M416 208H272V64c0-17.67-14.33-32-32-32h-32c-17.67 0-32 14.33-32 32v144H32c-17.67 0-32 14.33-32 32v32c0 17.67 14.33 32 32 32h144v144c0 17.67 14.33 32 32 32h32c17.67 0 32-14.33 32-32V304h144c17.67 0 32-14.33 32-32v-32c0-17.67-14.33-32-32-32z\"><\/path><\/svg><\/span>\n\t\t<\/span>\n\n\t\t\t\t\t\t<\/summary>\n\t\t\t\t<div role=\"region\" aria-labelledby=\"e-n-accordion-item-1767\" class=\"elementor-element elementor-element-3dbfc79c e-con-full e-flex e-con e-child\" data-id=\"3dbfc79c\" data-element_type=\"container\" data-e-type=\"container\">\n\t\t<div role=\"region\" aria-labelledby=\"e-n-accordion-item-1767\" class=\"elementor-element elementor-element-21f1c9aa e-con-full e-flex e-con e-child\" data-id=\"21f1c9aa\" data-element_type=\"container\" data-e-type=\"container\">\n\t\t\t\t<\/div>\n\t\t<div role=\"region\" aria-labelledby=\"e-n-accordion-item-1767\" class=\"elementor-element elementor-element-29280858 e-con-full e-flex e-con e-child\" data-id=\"29280858\" data-element_type=\"container\" data-e-type=\"container\">\n\t\t\t\t<div class=\"elementor-element elementor-element-2d142aae elementor-widget elementor-widget-text-editor\" data-id=\"2d142aae\" data-element_type=\"widget\" data-e-type=\"widget\" data-widget_type=\"text-editor.default\">\n\t\t\t\t<div class=\"elementor-widget-container\">\n\t\t\t\t\t\t\t\t\t<ul><li><p><span lang=\"it-IT\">Laurea in Giurisprudenza (Universit\u00e0 Gama Filho-RJ) 1998;<\/span><\/p><\/li><li><p><span lang=\"it-IT\">MBA in Propriet\u00e0 Intellettuale presso la Universit\u00e0 C\u00e2ndido Mendes-RJ;<\/span><\/p><\/li><li><p><span lang=\"it-IT\"><strong>Aree di competenza:<\/strong><br \/><\/span><span lang=\"it-IT\">Propriet\u00e0 intellettuale dei marchi e delle indicazioni geografiche e lotta alla pirateria<\/span><\/p><\/li><li><p><span lang=\"it-IT\"><strong>Contatti<\/strong>:<br \/><\/span>E-mail: <span style=\"color: #000080;\"><u><a href=\"mailto:dcc@ariboni.com.br\">dcc@ariboni.com.br<\/a><br \/><\/u><\/span>Tel. +55 21 2283 2713<\/p><\/li><\/ul>\t\t\t\t\t\t\t\t<\/div>\n\t\t\t\t<\/div>\n\t\t\t\t<\/div>\n\t\t\t\t<\/div>\n\t\t\t\t\t<\/details>\n\t\t\t\t\t\t<details id=\"e-n-accordion-item-1768\" class=\"e-n-accordion-item\" >\n\t\t\t\t<summary class=\"e-n-accordion-item-title\" data-accordion-index=\"9\" tabindex=\"-1\" aria-expanded=\"false\" aria-controls=\"e-n-accordion-item-1768\" >\n\t\t\t\t\t<span class='e-n-accordion-item-title-header'><div class=\"e-n-accordion-item-title-text\"> Daniella da Silva Arruda <\/div><\/span>\n\t\t\t\t\t\t\t<span class='e-n-accordion-item-title-icon'>\n\t\t\t<span class='e-opened' ><svg aria-hidden=\"true\" class=\"e-font-icon-svg e-fas-minus\" viewBox=\"0 0 448 512\" xmlns=\"http:\/\/www.w3.org\/2000\/svg\"><path d=\"M416 208H32c-17.67 0-32 14.33-32 32v32c0 17.67 14.33 32 32 32h384c17.67 0 32-14.33 32-32v-32c0-17.67-14.33-32-32-32z\"><\/path><\/svg><\/span>\n\t\t\t<span class='e-closed'><svg aria-hidden=\"true\" class=\"e-font-icon-svg e-fas-plus\" viewBox=\"0 0 448 512\" xmlns=\"http:\/\/www.w3.org\/2000\/svg\"><path d=\"M416 208H272V64c0-17.67-14.33-32-32-32h-32c-17.67 0-32 14.33-32 32v144H32c-17.67 0-32 14.33-32 32v32c0 17.67 14.33 32 32 32h144v144c0 17.67 14.33 32 32 32h32c17.67 0 32-14.33 32-32V304h144c17.67 0 32-14.33 32-32v-32c0-17.67-14.33-32-32-32z\"><\/path><\/svg><\/span>\n\t\t<\/span>\n\n\t\t\t\t\t\t<\/summary>\n\t\t\t\t<div role=\"region\" aria-labelledby=\"e-n-accordion-item-1768\" class=\"elementor-element elementor-element-636e8a06 e-con-full e-flex e-con e-child\" data-id=\"636e8a06\" data-element_type=\"container\" data-e-type=\"container\">\n\t\t<div role=\"region\" aria-labelledby=\"e-n-accordion-item-1768\" class=\"elementor-element elementor-element-6de5118a e-con-full e-flex e-con e-child\" data-id=\"6de5118a\" data-element_type=\"container\" data-e-type=\"container\">\n\t\t\t\t<div class=\"elementor-element elementor-element-343df590 elementor-widget elementor-widget-image\" data-id=\"343df590\" data-element_type=\"widget\" data-e-type=\"widget\" data-widget_type=\"image.default\">\n\t\t\t\t<div class=\"elementor-widget-container\">\n\t\t\t\t\t\t\t\t\t\t\t\t\t\t\t<img loading=\"lazy\" decoding=\"async\" width=\"800\" height=\"800\" src=\"https:\/\/ariboni.com.br\/portal\/wp-content\/uploads\/2025\/08\/Daniella-Arruda.jpg\" class=\"attachment-large size-large wp-image-1373\" alt=\"\" srcset=\"https:\/\/ariboni.com.br\/portal\/wp-content\/uploads\/2025\/08\/Daniella-Arruda.jpg 900w, https:\/\/ariboni.com.br\/portal\/wp-content\/uploads\/2025\/08\/Daniella-Arruda-300x300.jpg 300w, https:\/\/ariboni.com.br\/portal\/wp-content\/uploads\/2025\/08\/Daniella-Arruda-150x150.jpg 150w, https:\/\/ariboni.com.br\/portal\/wp-content\/uploads\/2025\/08\/Daniella-Arruda-768x768.jpg 768w\" sizes=\"(max-width: 800px) 100vw, 800px\" \/>\t\t\t\t\t\t\t\t\t\t\t\t\t\t\t<\/div>\n\t\t\t\t<\/div>\n\t\t\t\t<\/div>\n\t\t<div role=\"region\" aria-labelledby=\"e-n-accordion-item-1768\" class=\"elementor-element elementor-element-78a16da5 e-con-full e-flex e-con e-child\" data-id=\"78a16da5\" data-element_type=\"container\" data-e-type=\"container\">\n\t\t\t\t<div class=\"elementor-element elementor-element-435ecc01 elementor-widget elementor-widget-text-editor\" data-id=\"435ecc01\" data-element_type=\"widget\" data-e-type=\"widget\" data-widget_type=\"text-editor.default\">\n\t\t\t\t<div class=\"elementor-widget-container\">\n\t\t\t\t\t\t\t\t\t<ul><li><p><span lang=\"it-IT\">Laurea in Giurisprudenza (Universit\u00e0 Presbiteriana Mackenzie (UPM) 2022<\/span><\/p><\/li><li><p><span lang=\"it-IT\">Post-laurea in Diritto Societario presso la Pontificia Universit\u00e0 Cattolic<\/span><span lang=\"it-IT\">a<\/span><span lang=\"it-IT\"> di Rio Grande do Sul (PUCRS); 2023<\/span><\/p><\/li><li><p><span lang=\"it-IT\"><strong>Aree di competenza<\/strong>:<br \/><\/span><span lang=\"it-IT\">Diritto Societario; Consultivo; Contenzioso Civile; Propriet\u00e0 Industriale; Protezione del Marchio.<\/span><\/p><\/li><li><p><strong>Associazioni<\/strong>:<br \/>OAB-SP;<\/p><\/li><li><p><span lang=\"it-IT\"><strong>Lingue<\/strong>:<br \/><\/span><span lang=\"it-IT\">portoghese e inglese.<\/span><\/p><\/li><li><p><span lang=\"it-IT\"><strong>Contatti<\/strong>:<br \/><\/span>E-mail: <span style=\"color: #000080;\"><u><a href=\"mailto:dru@ariboni.com.br\">dru@ariboni.com.br<\/a><br \/><\/u><\/span>Tel. +55 11 3508 7700 r. 7742.<\/p><\/li><\/ul>\t\t\t\t\t\t\t\t<\/div>\n\t\t\t\t<\/div>\n\t\t\t\t<\/div>\n\t\t\t\t<\/div>\n\t\t\t\t\t<\/details>\n\t\t\t\t\t\t<details id=\"e-n-accordion-item-1769\" class=\"e-n-accordion-item\" >\n\t\t\t\t<summary class=\"e-n-accordion-item-title\" data-accordion-index=\"10\" tabindex=\"-1\" aria-expanded=\"false\" aria-controls=\"e-n-accordion-item-1769\" >\n\t\t\t\t\t<span class='e-n-accordion-item-title-header'><div class=\"e-n-accordion-item-title-text\"> Eliana Jodas Cioruci <\/div><\/span>\n\t\t\t\t\t\t\t<span class='e-n-accordion-item-title-icon'>\n\t\t\t<span class='e-opened' ><svg aria-hidden=\"true\" class=\"e-font-icon-svg e-fas-minus\" viewBox=\"0 0 448 512\" xmlns=\"http:\/\/www.w3.org\/2000\/svg\"><path d=\"M416 208H32c-17.67 0-32 14.33-32 32v32c0 17.67 14.33 32 32 32h384c17.67 0 32-14.33 32-32v-32c0-17.67-14.33-32-32-32z\"><\/path><\/svg><\/span>\n\t\t\t<span class='e-closed'><svg aria-hidden=\"true\" class=\"e-font-icon-svg e-fas-plus\" viewBox=\"0 0 448 512\" xmlns=\"http:\/\/www.w3.org\/2000\/svg\"><path d=\"M416 208H272V64c0-17.67-14.33-32-32-32h-32c-17.67 0-32 14.33-32 32v144H32c-17.67 0-32 14.33-32 32v32c0 17.67 14.33 32 32 32h144v144c0 17.67 14.33 32 32 32h32c17.67 0 32-14.33 32-32V304h144c17.67 0 32-14.33 32-32v-32c0-17.67-14.33-32-32-32z\"><\/path><\/svg><\/span>\n\t\t<\/span>\n\n\t\t\t\t\t\t<\/summary>\n\t\t\t\t<div role=\"region\" aria-labelledby=\"e-n-accordion-item-1769\" class=\"elementor-element elementor-element-12c06ac5 e-con-full e-flex e-con e-child\" data-id=\"12c06ac5\" data-element_type=\"container\" data-e-type=\"container\">\n\t\t<div role=\"region\" aria-labelledby=\"e-n-accordion-item-1769\" class=\"elementor-element elementor-element-426e5136 e-con-full e-flex e-con e-child\" data-id=\"426e5136\" data-element_type=\"container\" data-e-type=\"container\">\n\t\t\t\t<div class=\"elementor-element elementor-element-68f81e93 elementor-widget elementor-widget-image\" data-id=\"68f81e93\" data-element_type=\"widget\" data-e-type=\"widget\" data-widget_type=\"image.default\">\n\t\t\t\t<div class=\"elementor-widget-container\">\n\t\t\t\t\t\t\t\t\t\t\t\t\t\t\t<img loading=\"lazy\" decoding=\"async\" width=\"800\" height=\"800\" src=\"https:\/\/ariboni.com.br\/portal\/wp-content\/uploads\/2025\/08\/Eliana-Cioruci.jpg\" class=\"attachment-large size-large wp-image-1315\" alt=\"\" srcset=\"https:\/\/ariboni.com.br\/portal\/wp-content\/uploads\/2025\/08\/Eliana-Cioruci.jpg 900w, https:\/\/ariboni.com.br\/portal\/wp-content\/uploads\/2025\/08\/Eliana-Cioruci-300x300.jpg 300w, https:\/\/ariboni.com.br\/portal\/wp-content\/uploads\/2025\/08\/Eliana-Cioruci-150x150.jpg 150w, https:\/\/ariboni.com.br\/portal\/wp-content\/uploads\/2025\/08\/Eliana-Cioruci-768x768.jpg 768w\" sizes=\"(max-width: 800px) 100vw, 800px\" \/>\t\t\t\t\t\t\t\t\t\t\t\t\t\t\t<\/div>\n\t\t\t\t<\/div>\n\t\t\t\t<\/div>\n\t\t<div role=\"region\" aria-labelledby=\"e-n-accordion-item-1769\" class=\"elementor-element elementor-element-171d16b3 e-con-full e-flex e-con e-child\" data-id=\"171d16b3\" data-element_type=\"container\" data-e-type=\"container\">\n\t\t\t\t<div class=\"elementor-element elementor-element-76cef108 elementor-widget elementor-widget-text-editor\" data-id=\"76cef108\" data-element_type=\"widget\" data-e-type=\"widget\" data-widget_type=\"text-editor.default\">\n\t\t\t\t<div class=\"elementor-widget-container\">\n\t\t\t\t\t\t\t\t\t<ul><li><p><span lang=\"it-IT\">Laurea in Giurisprudenza (Facolt\u00e0 Metropolitanas Unidas &#8211; FMU) 1997<\/span><\/p><\/li><li><p><span lang=\"it-IT\">Corsi di aggiornamento professionale tenuti in 2020 e 2021, condotti dalla ABAPI: Fashion Law (2020); Perizie giudiziarie (2020); Fashion Law: Aspetti materiali e procedurali della moda in ambito giudiziario (2021);<\/span><\/p><\/li><li><p><span lang=\"it-IT\">Aspetti materiali e procedurali della moda in ambito giudiziario (Facolt\u00e0 Metropolitanas Unidas &#8211; FMU), 2021;<\/span><\/p><\/li><li><p>Laurea in Psicologia (Faculdades Metropolitanas Unidas (FMU) 1982;<\/p><\/li><li><p>Entra in Fabbri e Schmidt Sociedade de Advogados nel 1985.<\/p><\/li><li><p><span lang=\"it-IT\"><strong>Aree di competenza<\/strong>:<br \/><\/span><span lang=\"it-IT\">Propriet\u00e0 Intellettuale di marchio, Consulenza e contenzioso amministrativo;<\/span><\/p><\/li><li><p><span lang=\"it-IT\"><strong>Associazioni<\/strong>:<br \/><\/span><span lang=\"it-IT\">OAB-SP, ABPI, ABAPI;<br \/><\/span><span lang=\"it-IT\">Membro del Consiglio di amministrazione della ABAPI Associazione Brasiliana degli Agenti della Propriet\u00e0 Industriale per diversi mandati;<\/span><\/p><\/li><li><p><span lang=\"it-IT\"><strong>Lingue<\/strong>:<br \/><\/span><span lang=\"it-IT\">Portoghese e Inglese;<\/span><\/p><\/li><li><p><span lang=\"it-IT\"><strong>Contatti<\/strong>:<br \/><\/span>E-mail: <span style=\"color: #000080;\"><u><a href=\"mailto:ejc@ariboni.com.br\">ejc@ariboni.com.br<\/a><br \/><\/u><\/span>Tel. +55 11 3508 7700 r. 7703<\/p><\/li><\/ul>\t\t\t\t\t\t\t\t<\/div>\n\t\t\t\t<\/div>\n\t\t\t\t<\/div>\n\t\t\t\t<\/div>\n\t\t\t\t\t<\/details>\n\t\t\t\t\t\t<details id=\"e-n-accordion-item-17610\" class=\"e-n-accordion-item\" >\n\t\t\t\t<summary class=\"e-n-accordion-item-title\" data-accordion-index=\"11\" tabindex=\"-1\" aria-expanded=\"false\" aria-controls=\"e-n-accordion-item-17610\" >\n\t\t\t\t\t<span class='e-n-accordion-item-title-header'><div class=\"e-n-accordion-item-title-text\"> F\u00e1bio Ferr\u00e3o <\/div><\/span>\n\t\t\t\t\t\t\t<span class='e-n-accordion-item-title-icon'>\n\t\t\t<span class='e-opened' ><svg aria-hidden=\"true\" class=\"e-font-icon-svg e-fas-minus\" viewBox=\"0 0 448 512\" xmlns=\"http:\/\/www.w3.org\/2000\/svg\"><path d=\"M416 208H32c-17.67 0-32 14.33-32 32v32c0 17.67 14.33 32 32 32h384c17.67 0 32-14.33 32-32v-32c0-17.67-14.33-32-32-32z\"><\/path><\/svg><\/span>\n\t\t\t<span class='e-closed'><svg aria-hidden=\"true\" class=\"e-font-icon-svg e-fas-plus\" viewBox=\"0 0 448 512\" xmlns=\"http:\/\/www.w3.org\/2000\/svg\"><path d=\"M416 208H272V64c0-17.67-14.33-32-32-32h-32c-17.67 0-32 14.33-32 32v144H32c-17.67 0-32 14.33-32 32v32c0 17.67 14.33 32 32 32h144v144c0 17.67 14.33 32 32 32h32c17.67 0 32-14.33 32-32V304h144c17.67 0 32-14.33 32-32v-32c0-17.67-14.33-32-32-32z\"><\/path><\/svg><\/span>\n\t\t<\/span>\n\n\t\t\t\t\t\t<\/summary>\n\t\t\t\t<div role=\"region\" aria-labelledby=\"e-n-accordion-item-17610\" class=\"elementor-element elementor-element-7d8012fe e-con-full e-flex e-con e-child\" data-id=\"7d8012fe\" data-element_type=\"container\" data-e-type=\"container\">\n\t\t<div role=\"region\" aria-labelledby=\"e-n-accordion-item-17610\" class=\"elementor-element elementor-element-1d105228 e-con-full e-flex e-con e-child\" data-id=\"1d105228\" data-element_type=\"container\" data-e-type=\"container\">\n\t\t\t\t<div class=\"elementor-element elementor-element-3e220f64 elementor-widget elementor-widget-image\" data-id=\"3e220f64\" data-element_type=\"widget\" data-e-type=\"widget\" data-widget_type=\"image.default\">\n\t\t\t\t<div class=\"elementor-widget-container\">\n\t\t\t\t\t\t\t\t\t\t\t\t\t\t\t<img loading=\"lazy\" decoding=\"async\" width=\"800\" height=\"800\" src=\"https:\/\/ariboni.com.br\/portal\/wp-content\/uploads\/2025\/08\/Fabio_Ferrao.jpg\" class=\"attachment-large size-large wp-image-1347\" alt=\"\" srcset=\"https:\/\/ariboni.com.br\/portal\/wp-content\/uploads\/2025\/08\/Fabio_Ferrao.jpg 900w, https:\/\/ariboni.com.br\/portal\/wp-content\/uploads\/2025\/08\/Fabio_Ferrao-300x300.jpg 300w, https:\/\/ariboni.com.br\/portal\/wp-content\/uploads\/2025\/08\/Fabio_Ferrao-150x150.jpg 150w, https:\/\/ariboni.com.br\/portal\/wp-content\/uploads\/2025\/08\/Fabio_Ferrao-768x768.jpg 768w\" sizes=\"(max-width: 800px) 100vw, 800px\" \/>\t\t\t\t\t\t\t\t\t\t\t\t\t\t\t<\/div>\n\t\t\t\t<\/div>\n\t\t\t\t<\/div>\n\t\t<div role=\"region\" aria-labelledby=\"e-n-accordion-item-17610\" class=\"elementor-element elementor-element-6577ef03 e-con-full e-flex e-con e-child\" data-id=\"6577ef03\" data-element_type=\"container\" data-e-type=\"container\">\n\t\t\t\t<div class=\"elementor-element elementor-element-7380401c elementor-widget elementor-widget-text-editor\" data-id=\"7380401c\" data-element_type=\"widget\" data-e-type=\"widget\" data-widget_type=\"text-editor.default\">\n\t\t\t\t<div class=\"elementor-widget-container\">\n\t\t\t\t\t\t\t\t\t<ul><li><p><span lang=\"it-IT\">Laurea in Giurisprudenza presso il Centro Universitario di Osasco (UniFieo) 1998;<\/span><\/p><\/li><li><p><span lang=\"it-IT\">Arbitro presso la Camera Arbitrale e di Mediazione di San Paolo;<\/span><\/p><\/li><li><p><span lang=\"it-IT\">Agente di Propriet\u00e0 Industriale;<\/span><\/p><\/li><li><p><span lang=\"it-IT\">Lavora presso lo Studio Ariboni, Fabbri e Schmidt Sociedade de Advogados dal 2006.<\/span><\/p><\/li><li><p><strong>Aree di competenza<\/strong>:<br \/><span lang=\"it-IT\">Propriet\u00e0 intellettuale di marchi, brevetti, software e diritto autorale, accordi di licenza, contratti di franchising, contratti di fornitura di tecnologia e altri contratti correlati, Diritto della Concorrenza;<\/span><\/p><\/li><li><p><strong>Associazioni<\/strong>:<br \/>OAB-SP, ABPI, IBAPI;<\/p><\/li><li><p><span lang=\"it-IT\"><strong>Lingue<\/strong>:<br \/><\/span><span lang=\"it-IT\">Portoghese e Inglese;<\/span><\/p><\/li><li><p><span lang=\"it-IT\"><strong>Contatti<\/strong>:<br \/><\/span>E-mail: <span style=\"color: #000080;\"><u><a href=\"mailto:ffe@ariboni.com.br\">ffe@ariboni.com.br<\/a><br \/><\/u><\/span>Tel. +55 11 3508 7700 r. 7784<\/p><\/li><\/ul>\t\t\t\t\t\t\t\t<\/div>\n\t\t\t\t<\/div>\n\t\t\t\t<\/div>\n\t\t\t\t<\/div>\n\t\t\t\t\t<\/details>\n\t\t\t\t\t\t<details id=\"e-n-accordion-item-17611\" class=\"e-n-accordion-item\" >\n\t\t\t\t<summary class=\"e-n-accordion-item-title\" data-accordion-index=\"12\" tabindex=\"-1\" aria-expanded=\"false\" aria-controls=\"e-n-accordion-item-17611\" >\n\t\t\t\t\t<span class='e-n-accordion-item-title-header'><div class=\"e-n-accordion-item-title-text\"> Felipe Lisboa Meiler <\/div><\/span>\n\t\t\t\t\t\t\t<span class='e-n-accordion-item-title-icon'>\n\t\t\t<span class='e-opened' ><svg aria-hidden=\"true\" class=\"e-font-icon-svg e-fas-minus\" viewBox=\"0 0 448 512\" xmlns=\"http:\/\/www.w3.org\/2000\/svg\"><path d=\"M416 208H32c-17.67 0-32 14.33-32 32v32c0 17.67 14.33 32 32 32h384c17.67 0 32-14.33 32-32v-32c0-17.67-14.33-32-32-32z\"><\/path><\/svg><\/span>\n\t\t\t<span class='e-closed'><svg aria-hidden=\"true\" class=\"e-font-icon-svg e-fas-plus\" viewBox=\"0 0 448 512\" xmlns=\"http:\/\/www.w3.org\/2000\/svg\"><path d=\"M416 208H272V64c0-17.67-14.33-32-32-32h-32c-17.67 0-32 14.33-32 32v144H32c-17.67 0-32 14.33-32 32v32c0 17.67 14.33 32 32 32h144v144c0 17.67 14.33 32 32 32h32c17.67 0 32-14.33 32-32V304h144c17.67 0 32-14.33 32-32v-32c0-17.67-14.33-32-32-32z\"><\/path><\/svg><\/span>\n\t\t<\/span>\n\n\t\t\t\t\t\t<\/summary>\n\t\t\t\t<div role=\"region\" aria-labelledby=\"e-n-accordion-item-17611\" class=\"elementor-element elementor-element-543434e1 e-con-full e-flex e-con e-child\" data-id=\"543434e1\" data-element_type=\"container\" data-e-type=\"container\">\n\t\t<div role=\"region\" aria-labelledby=\"e-n-accordion-item-17611\" class=\"elementor-element elementor-element-5d8c14e e-con-full e-flex e-con e-child\" data-id=\"5d8c14e\" data-element_type=\"container\" data-e-type=\"container\">\n\t\t\t\t<\/div>\n\t\t<div role=\"region\" aria-labelledby=\"e-n-accordion-item-17611\" class=\"elementor-element elementor-element-67ba786e e-con-full e-flex e-con e-child\" data-id=\"67ba786e\" data-element_type=\"container\" data-e-type=\"container\">\n\t\t\t\t<div class=\"elementor-element elementor-element-7eb26e76 elementor-widget elementor-widget-text-editor\" data-id=\"7eb26e76\" data-element_type=\"widget\" data-e-type=\"widget\" data-widget_type=\"text-editor.default\">\n\t\t\t\t<div class=\"elementor-widget-container\">\n\t\t\t\t\t\t\t\t\t<ul><li><p><span lang=\"it-IT\">Laurea in Giurisprudenza (Centro Universitario Curitiba &#8211; Unicuritiba) 2017;<\/span><\/p><\/li><li><p><span lang=\"it-IT\">Post-laurea in Propriet\u00e0 Intellettuale e Nuovi Affari presso la Scuola di Diritto di S\u00e3o Paulo della Funda\u00e7\u00e3o Getulio Vargas (FGV\/SP), conclusa nel 2019.<\/span><\/p><\/li><li><p><span lang=\"it-IT\">Specialista in Contratti di Diritto Autorale e Intrattenimento presso l\u2018Associazion<\/span><span lang=\"it-IT\">e<\/span><span lang=\"it-IT\"> Paulista della Propriet\u00e0 Intellettuale (ASPI) dal 2019.<\/span><\/p><\/li><li><p><span lang=\"it-IT\">L.L.M. in Diritto della Tecnologia, Midia e Telecomunicazioni presso la Queen Mary University of London dal 2023.<\/span><\/p><\/li><li><p><span lang=\"it-IT\"><strong>Aree di competenza<\/strong>:<br \/><\/span><span lang=\"it-IT\">Propriet\u00e0 Intellettuale<\/span><\/p><\/li><li><p><span lang=\"it-IT\"><strong>Associazioni<\/strong>:<br \/><\/span>OAB-SP | OAB-PR<\/p><\/li><li><p><span lang=\"it-IT\"><strong>Lingue<\/strong>:<br \/><\/span><span lang=\"it-IT\">Portoghese e inglese.<\/span><\/p><\/li><li><p><span lang=\"it-IT\"><strong>Contatti<\/strong>:<br \/><\/span><span lang=\"it-IT\">E-mail: <\/span><span style=\"color: #000080;\"><u><a href=\"mailto:flm@ariboni.com.br\"><span lang=\"it-IT\">flm@ariboni.com.br<\/span><\/a><br \/><\/u><\/span><span lang=\"it-IT\">Tel. +55 11 3508 7700 r. 7771<\/span><\/p><\/li><\/ul>\t\t\t\t\t\t\t\t<\/div>\n\t\t\t\t<\/div>\n\t\t\t\t<\/div>\n\t\t\t\t<\/div>\n\t\t\t\t\t<\/details>\n\t\t\t\t\t\t<details id=\"e-n-accordion-item-17612\" class=\"e-n-accordion-item\" >\n\t\t\t\t<summary class=\"e-n-accordion-item-title\" data-accordion-index=\"13\" tabindex=\"-1\" aria-expanded=\"false\" aria-controls=\"e-n-accordion-item-17612\" >\n\t\t\t\t\t<span class='e-n-accordion-item-title-header'><div class=\"e-n-accordion-item-title-text\"> Fernanda Fontolan Garcia Pirozzi <\/div><\/span>\n\t\t\t\t\t\t\t<span class='e-n-accordion-item-title-icon'>\n\t\t\t<span class='e-opened' ><svg aria-hidden=\"true\" class=\"e-font-icon-svg e-fas-minus\" viewBox=\"0 0 448 512\" xmlns=\"http:\/\/www.w3.org\/2000\/svg\"><path d=\"M416 208H32c-17.67 0-32 14.33-32 32v32c0 17.67 14.33 32 32 32h384c17.67 0 32-14.33 32-32v-32c0-17.67-14.33-32-32-32z\"><\/path><\/svg><\/span>\n\t\t\t<span class='e-closed'><svg aria-hidden=\"true\" class=\"e-font-icon-svg e-fas-plus\" viewBox=\"0 0 448 512\" xmlns=\"http:\/\/www.w3.org\/2000\/svg\"><path d=\"M416 208H272V64c0-17.67-14.33-32-32-32h-32c-17.67 0-32 14.33-32 32v144H32c-17.67 0-32 14.33-32 32v32c0 17.67 14.33 32 32 32h144v144c0 17.67 14.33 32 32 32h32c17.67 0 32-14.33 32-32V304h144c17.67 0 32-14.33 32-32v-32c0-17.67-14.33-32-32-32z\"><\/path><\/svg><\/span>\n\t\t<\/span>\n\n\t\t\t\t\t\t<\/summary>\n\t\t\t\t<div role=\"region\" aria-labelledby=\"e-n-accordion-item-17612\" class=\"elementor-element elementor-element-64e86004 e-con-full e-flex e-con e-child\" data-id=\"64e86004\" data-element_type=\"container\" data-e-type=\"container\">\n\t\t<div role=\"region\" aria-labelledby=\"e-n-accordion-item-17612\" class=\"elementor-element elementor-element-1aba8220 e-con-full e-flex e-con e-child\" data-id=\"1aba8220\" data-element_type=\"container\" data-e-type=\"container\">\n\t\t\t\t<\/div>\n\t\t<div role=\"region\" aria-labelledby=\"e-n-accordion-item-17612\" class=\"elementor-element elementor-element-435fd791 e-con-full e-flex e-con e-child\" data-id=\"435fd791\" data-element_type=\"container\" data-e-type=\"container\">\n\t\t\t\t<div class=\"elementor-element elementor-element-3ce9dba0 elementor-widget elementor-widget-text-editor\" data-id=\"3ce9dba0\" data-element_type=\"widget\" data-e-type=\"widget\" data-widget_type=\"text-editor.default\">\n\t\t\t\t<div class=\"elementor-widget-container\">\n\t\t\t\t\t\t\t\t\t<ul><li><p>Laurea in Giurisprudenza (Centro Universitario das Faculdades Metropolitanas Unidas &#8211; FMU) 2012;<\/p><\/li><li><p>Possui gradua\u00e7\u00e3o em Psicologia pela Universidade Paulista (UNIP), 2007;<\/p><\/li><li><p><span lang=\"it-IT\">Specializzazione in Diritto Processuale Civile presso la Pontificia Universit\u00e0 Cattolic<\/span><span lang=\"it-IT\">a<\/span><span lang=\"it-IT\"> di S\u00e3o Paulo &#8211; PUC-SP (2018);<\/span><\/p><\/li><li><p><span lang=\"it-IT\">MBA in Diritto Digitale e Elettronico (Scuola Paulista di Diritto &#8211; EPD \u2013), 2019;<\/span><\/p><\/li><li><p><span lang=\"it-IT\"><strong>Aree di competenza<\/strong>:<br \/><\/span><span lang=\"it-IT\">Contenzioso civile, propriet\u00e0 industriale, diritto commerciale;<\/span><\/p><\/li><li><p><span lang=\"it-IT\"><strong>Lingue<\/strong>:<br \/><\/span><span lang=\"it-IT\">Portoghese, spagnolo e Inglese<\/span><\/p><\/li><li><p><span lang=\"it-IT\"><strong>Contatti<\/strong>:<br \/><\/span><span lang=\"it-IT\">E-mail: <a href=\"mailto:ffg@ariboni.com.br\">ffg@ariboni.com.br<\/a><br \/><\/span><span lang=\"it-IT\">Tel. +55 11 3508 7700 r. 7713<\/span><\/p><\/li><\/ul>\t\t\t\t\t\t\t\t<\/div>\n\t\t\t\t<\/div>\n\t\t\t\t<\/div>\n\t\t\t\t<\/div>\n\t\t\t\t\t<\/details>\n\t\t\t\t\t\t<details id=\"e-n-accordion-item-17613\" class=\"e-n-accordion-item\" >\n\t\t\t\t<summary class=\"e-n-accordion-item-title\" data-accordion-index=\"14\" tabindex=\"-1\" aria-expanded=\"false\" aria-controls=\"e-n-accordion-item-17613\" >\n\t\t\t\t\t<span class='e-n-accordion-item-title-header'><div class=\"e-n-accordion-item-title-text\"> Fernanda Silva Grisolio <\/div><\/span>\n\t\t\t\t\t\t\t<span class='e-n-accordion-item-title-icon'>\n\t\t\t<span class='e-opened' ><svg aria-hidden=\"true\" class=\"e-font-icon-svg e-fas-minus\" viewBox=\"0 0 448 512\" xmlns=\"http:\/\/www.w3.org\/2000\/svg\"><path d=\"M416 208H32c-17.67 0-32 14.33-32 32v32c0 17.67 14.33 32 32 32h384c17.67 0 32-14.33 32-32v-32c0-17.67-14.33-32-32-32z\"><\/path><\/svg><\/span>\n\t\t\t<span class='e-closed'><svg aria-hidden=\"true\" class=\"e-font-icon-svg e-fas-plus\" viewBox=\"0 0 448 512\" xmlns=\"http:\/\/www.w3.org\/2000\/svg\"><path d=\"M416 208H272V64c0-17.67-14.33-32-32-32h-32c-17.67 0-32 14.33-32 32v144H32c-17.67 0-32 14.33-32 32v32c0 17.67 14.33 32 32 32h144v144c0 17.67 14.33 32 32 32h32c17.67 0 32-14.33 32-32V304h144c17.67 0 32-14.33 32-32v-32c0-17.67-14.33-32-32-32z\"><\/path><\/svg><\/span>\n\t\t<\/span>\n\n\t\t\t\t\t\t<\/summary>\n\t\t\t\t<div role=\"region\" aria-labelledby=\"e-n-accordion-item-17613\" class=\"elementor-element elementor-element-447e39d9 e-con-full e-flex e-con e-child\" data-id=\"447e39d9\" data-element_type=\"container\" data-e-type=\"container\">\n\t\t<div role=\"region\" aria-labelledby=\"e-n-accordion-item-17613\" class=\"elementor-element elementor-element-3ad01210 e-con-full e-flex e-con e-child\" data-id=\"3ad01210\" data-element_type=\"container\" data-e-type=\"container\">\n\t\t\t\t<div class=\"elementor-element elementor-element-200b6bfc elementor-widget elementor-widget-image\" data-id=\"200b6bfc\" data-element_type=\"widget\" data-e-type=\"widget\" data-widget_type=\"image.default\">\n\t\t\t\t<div class=\"elementor-widget-container\">\n\t\t\t\t\t\t\t\t\t\t\t\t\t\t\t<img loading=\"lazy\" decoding=\"async\" width=\"800\" height=\"800\" src=\"https:\/\/ariboni.com.br\/portal\/wp-content\/uploads\/2025\/08\/Fernanda_Grisolio.jpg\" class=\"attachment-large size-large wp-image-1349\" alt=\"\" srcset=\"https:\/\/ariboni.com.br\/portal\/wp-content\/uploads\/2025\/08\/Fernanda_Grisolio.jpg 900w, https:\/\/ariboni.com.br\/portal\/wp-content\/uploads\/2025\/08\/Fernanda_Grisolio-300x300.jpg 300w, https:\/\/ariboni.com.br\/portal\/wp-content\/uploads\/2025\/08\/Fernanda_Grisolio-150x150.jpg 150w, https:\/\/ariboni.com.br\/portal\/wp-content\/uploads\/2025\/08\/Fernanda_Grisolio-768x768.jpg 768w\" sizes=\"(max-width: 800px) 100vw, 800px\" \/>\t\t\t\t\t\t\t\t\t\t\t\t\t\t\t<\/div>\n\t\t\t\t<\/div>\n\t\t\t\t<\/div>\n\t\t<div role=\"region\" aria-labelledby=\"e-n-accordion-item-17613\" class=\"elementor-element elementor-element-2a052465 e-con-full e-flex e-con e-child\" data-id=\"2a052465\" data-element_type=\"container\" data-e-type=\"container\">\n\t\t\t\t<div class=\"elementor-element elementor-element-e54e9b6 elementor-widget elementor-widget-text-editor\" data-id=\"e54e9b6\" data-element_type=\"widget\" data-e-type=\"widget\" data-widget_type=\"text-editor.default\">\n\t\t\t\t<div class=\"elementor-widget-container\">\n\t\t\t\t\t\t\t\t\t<ul><li><p><span lang=\"it-IT\">Post-laurea in Propriet\u00e0 Intellettuale \u2013 area di conoscenza: Economia, Amministrazione e Diritto (Universit\u00e0 Anhanguera Uniderp) 2022<\/span><\/p><\/li><li><p><span lang=\"it-IT\">Amministrazione Aziendale (Facolt\u00e0 Costa Braga), 2002<\/span><\/p><\/li><li><p><span lang=\"it-IT\"><strong>Corsi di Specializzazione<\/strong>:<br \/><\/span><span lang=\"it-IT\">Tecnico in pubblicit\u00e0 e marketing<br \/>(Organizzazione Santamarense di Educazione e Cultura \u2013 OSEC<br \/><\/span><span lang=\"it-IT\">Corso Basico di Marchi e Brevetti (G&amp;L);<br \/><\/span><span lang=\"it-IT\">Corso Intermediario di Brevetti (ABAPI);<br \/><\/span><span lang=\"it-IT\">Corso di Ricerca e Innovazione (INPI);<br \/><\/span><span lang=\"it-IT\">Corso di competenze interfunzionali \u2013 Propriet\u00e0 Intellettuale (SENAI)<br \/><\/span><span lang=\"it-IT\">Corso generale di formazione a distanza sulla propriet\u00e0 intellettuale (OMPI)<\/span><\/p><\/li><li><p><span lang=\"it-IT\"><strong>Lingue<\/strong>:<br \/><\/span><span lang=\"it-IT\">Portoghese e Inglese<\/span><\/p><\/li><li><p><span lang=\"it-IT\"><strong>Contatti<\/strong>:<br \/><\/span>E-mail: feg@ariboni.com.br e <a href=\"mailto:dnpat@ariboni.com.br\">dnpat@ariboni.com.br<\/a><br \/>Tel.: +55 11 3508 7700 r. 7790<\/p><\/li><\/ul>\t\t\t\t\t\t\t\t<\/div>\n\t\t\t\t<\/div>\n\t\t\t\t<\/div>\n\t\t\t\t<\/div>\n\t\t\t\t\t<\/details>\n\t\t\t\t\t\t<details id=\"e-n-accordion-item-17614\" class=\"e-n-accordion-item\" >\n\t\t\t\t<summary class=\"e-n-accordion-item-title\" data-accordion-index=\"15\" tabindex=\"-1\" aria-expanded=\"false\" aria-controls=\"e-n-accordion-item-17614\" >\n\t\t\t\t\t<span class='e-n-accordion-item-title-header'><div class=\"e-n-accordion-item-title-text\"> Gabriela Cordeiro da Silva <\/div><\/span>\n\t\t\t\t\t\t\t<span class='e-n-accordion-item-title-icon'>\n\t\t\t<span class='e-opened' ><svg aria-hidden=\"true\" class=\"e-font-icon-svg e-fas-minus\" viewBox=\"0 0 448 512\" xmlns=\"http:\/\/www.w3.org\/2000\/svg\"><path d=\"M416 208H32c-17.67 0-32 14.33-32 32v32c0 17.67 14.33 32 32 32h384c17.67 0 32-14.33 32-32v-32c0-17.67-14.33-32-32-32z\"><\/path><\/svg><\/span>\n\t\t\t<span class='e-closed'><svg aria-hidden=\"true\" class=\"e-font-icon-svg e-fas-plus\" viewBox=\"0 0 448 512\" xmlns=\"http:\/\/www.w3.org\/2000\/svg\"><path d=\"M416 208H272V64c0-17.67-14.33-32-32-32h-32c-17.67 0-32 14.33-32 32v144H32c-17.67 0-32 14.33-32 32v32c0 17.67 14.33 32 32 32h144v144c0 17.67 14.33 32 32 32h32c17.67 0 32-14.33 32-32V304h144c17.67 0 32-14.33 32-32v-32c0-17.67-14.33-32-32-32z\"><\/path><\/svg><\/span>\n\t\t<\/span>\n\n\t\t\t\t\t\t<\/summary>\n\t\t\t\t<div role=\"region\" aria-labelledby=\"e-n-accordion-item-17614\" class=\"elementor-element elementor-element-56a3d4c3 e-con-full e-flex e-con e-child\" data-id=\"56a3d4c3\" data-element_type=\"container\" data-e-type=\"container\">\n\t\t<div role=\"region\" aria-labelledby=\"e-n-accordion-item-17614\" class=\"elementor-element elementor-element-6228c223 e-con-full e-flex e-con e-child\" data-id=\"6228c223\" data-element_type=\"container\" data-e-type=\"container\">\n\t\t\t\t<div class=\"elementor-element elementor-element-36da2888 elementor-widget elementor-widget-image\" data-id=\"36da2888\" data-element_type=\"widget\" data-e-type=\"widget\" data-widget_type=\"image.default\">\n\t\t\t\t<div class=\"elementor-widget-container\">\n\t\t\t\t\t\t\t\t\t\t\t\t\t\t\t<img loading=\"lazy\" decoding=\"async\" width=\"800\" height=\"800\" src=\"https:\/\/ariboni.com.br\/portal\/wp-content\/uploads\/2025\/08\/Gabriela_Cordeiro.jpg\" class=\"attachment-large size-large wp-image-1350\" alt=\"\" srcset=\"https:\/\/ariboni.com.br\/portal\/wp-content\/uploads\/2025\/08\/Gabriela_Cordeiro.jpg 900w, https:\/\/ariboni.com.br\/portal\/wp-content\/uploads\/2025\/08\/Gabriela_Cordeiro-300x300.jpg 300w, https:\/\/ariboni.com.br\/portal\/wp-content\/uploads\/2025\/08\/Gabriela_Cordeiro-150x150.jpg 150w, https:\/\/ariboni.com.br\/portal\/wp-content\/uploads\/2025\/08\/Gabriela_Cordeiro-768x768.jpg 768w\" sizes=\"(max-width: 800px) 100vw, 800px\" \/>\t\t\t\t\t\t\t\t\t\t\t\t\t\t\t<\/div>\n\t\t\t\t<\/div>\n\t\t\t\t<\/div>\n\t\t<div role=\"region\" aria-labelledby=\"e-n-accordion-item-17614\" class=\"elementor-element elementor-element-6c1858d6 e-con-full e-flex e-con e-child\" data-id=\"6c1858d6\" data-element_type=\"container\" data-e-type=\"container\">\n\t\t\t\t<div class=\"elementor-element elementor-element-1d6db233 elementor-widget elementor-widget-text-editor\" data-id=\"1d6db233\" data-element_type=\"widget\" data-e-type=\"widget\" data-widget_type=\"text-editor.default\">\n\t\t\t\t<div class=\"elementor-widget-container\">\n\t\t\t\t\t\t\t\t\t<ul><li><p>Laurea in <span lang=\"it-IT\">giurisprudenza<\/span> (Faculdades Metropolitanas Unidas &#8211; FMU), 2022;<\/p><\/li><li><p><span lang=\"it-IT\">Post-laurea in Propriet\u00e0 Intellettuale, Diritto dello spettacolo, dei media e della moda (Scuola Superiore di Giurisprudenza (ESA), 2025.<\/span><\/p><\/li><li><p><span lang=\"it-IT\"><strong>Aree di competenza<\/strong>:<br \/><\/span><span lang=\"it-IT\">Consulenza in materia di propriet\u00e0 intellettuale e accordi di trasferimento tecnologico.<\/span><\/p><\/li><li><p><strong>Associazioni<\/strong>:<br \/><span lang=\"it-IT\">Ordine degli Avvocati di S\u00e3o Paulo (OAB\/SP).<\/span><\/p><\/li><li><p><span lang=\"it-IT\"><strong>Lingue<\/strong>:<br \/><\/span><span lang=\"it-IT\">Portoghese e Inglese<\/span><\/p><\/li><li><p><span lang=\"it-IT\"><strong>Contatti<\/strong>:<br \/><\/span><span lang=\"it-IT\">E-mail: <\/span><span style=\"color: #000080;\"><u><a href=\"mailto:gcd@ariboni.com.br\"><span lang=\"it-IT\">gcd@ariboni.com.br<\/span><\/a><br \/><\/u><\/span><span lang=\"it-IT\">Tel. 55 11 3508 7700 r. 7748<\/span><\/p><\/li><\/ul>\t\t\t\t\t\t\t\t<\/div>\n\t\t\t\t<\/div>\n\t\t\t\t<\/div>\n\t\t\t\t<\/div>\n\t\t\t\t\t<\/details>\n\t\t\t\t\t\t<details id=\"e-n-accordion-item-17615\" class=\"e-n-accordion-item\" >\n\t\t\t\t<summary class=\"e-n-accordion-item-title\" data-accordion-index=\"16\" tabindex=\"-1\" aria-expanded=\"false\" aria-controls=\"e-n-accordion-item-17615\" >\n\t\t\t\t\t<span class='e-n-accordion-item-title-header'><div class=\"e-n-accordion-item-title-text\"> H\u00e9lio Fabbri Jr. <\/div><\/span>\n\t\t\t\t\t\t\t<span class='e-n-accordion-item-title-icon'>\n\t\t\t<span class='e-opened' ><svg aria-hidden=\"true\" class=\"e-font-icon-svg e-fas-minus\" viewBox=\"0 0 448 512\" xmlns=\"http:\/\/www.w3.org\/2000\/svg\"><path d=\"M416 208H32c-17.67 0-32 14.33-32 32v32c0 17.67 14.33 32 32 32h384c17.67 0 32-14.33 32-32v-32c0-17.67-14.33-32-32-32z\"><\/path><\/svg><\/span>\n\t\t\t<span class='e-closed'><svg aria-hidden=\"true\" class=\"e-font-icon-svg e-fas-plus\" viewBox=\"0 0 448 512\" xmlns=\"http:\/\/www.w3.org\/2000\/svg\"><path d=\"M416 208H272V64c0-17.67-14.33-32-32-32h-32c-17.67 0-32 14.33-32 32v144H32c-17.67 0-32 14.33-32 32v32c0 17.67 14.33 32 32 32h144v144c0 17.67 14.33 32 32 32h32c17.67 0 32-14.33 32-32V304h144c17.67 0 32-14.33 32-32v-32c0-17.67-14.33-32-32-32z\"><\/path><\/svg><\/span>\n\t\t<\/span>\n\n\t\t\t\t\t\t<\/summary>\n\t\t\t\t<div role=\"region\" aria-labelledby=\"e-n-accordion-item-17615\" class=\"elementor-element elementor-element-439762ef e-con-full e-flex e-con e-child\" data-id=\"439762ef\" data-element_type=\"container\" data-e-type=\"container\">\n\t\t<div role=\"region\" aria-labelledby=\"e-n-accordion-item-17615\" class=\"elementor-element elementor-element-5ada8fbf e-con-full e-flex e-con e-child\" data-id=\"5ada8fbf\" data-element_type=\"container\" data-e-type=\"container\">\n\t\t\t\t<div class=\"elementor-element elementor-element-51ac380e elementor-widget elementor-widget-image\" data-id=\"51ac380e\" data-element_type=\"widget\" data-e-type=\"widget\" data-widget_type=\"image.default\">\n\t\t\t\t<div class=\"elementor-widget-container\">\n\t\t\t\t\t\t\t\t\t\t\t\t\t\t\t<img loading=\"lazy\" decoding=\"async\" width=\"800\" height=\"801\" src=\"https:\/\/ariboni.com.br\/portal\/wp-content\/uploads\/2025\/08\/Helio-Fabbri.jpg\" class=\"attachment-large size-large wp-image-1316\" alt=\"\" srcset=\"https:\/\/ariboni.com.br\/portal\/wp-content\/uploads\/2025\/08\/Helio-Fabbri.jpg 900w, https:\/\/ariboni.com.br\/portal\/wp-content\/uploads\/2025\/08\/Helio-Fabbri-300x300.jpg 300w, https:\/\/ariboni.com.br\/portal\/wp-content\/uploads\/2025\/08\/Helio-Fabbri-150x150.jpg 150w, https:\/\/ariboni.com.br\/portal\/wp-content\/uploads\/2025\/08\/Helio-Fabbri-768x769.jpg 768w\" sizes=\"(max-width: 800px) 100vw, 800px\" \/>\t\t\t\t\t\t\t\t\t\t\t\t\t\t\t<\/div>\n\t\t\t\t<\/div>\n\t\t\t\t<\/div>\n\t\t<div role=\"region\" aria-labelledby=\"e-n-accordion-item-17615\" class=\"elementor-element elementor-element-2712b399 e-con-full e-flex e-con e-child\" data-id=\"2712b399\" data-element_type=\"container\" data-e-type=\"container\">\n\t\t\t\t<div class=\"elementor-element elementor-element-9f77578 elementor-widget elementor-widget-text-editor\" data-id=\"9f77578\" data-element_type=\"widget\" data-e-type=\"widget\" data-widget_type=\"text-editor.default\">\n\t\t\t\t<div class=\"elementor-widget-container\">\n\t\t\t\t\t\t\t\t\t<ul><li><p><span lang=\"it-IT\">Laurea in giurisprudenza (Universit\u00e0 Presbiteriana Mackenzie) 1984;<\/span><\/p><\/li><li><p><span lang=\"it-IT\">Avvocato con oltre 30 anni di esperienza;<\/span><\/p><\/li><li><p>Operador de Capitais;<\/p><\/li><li><p><span lang=\"it-IT\">Professore invitato e conferenzista in diverse istituzion<\/span><span lang=\"it-IT\">i<\/span><span lang=\"it-IT\"> educative;<\/span><\/p><\/li><li><p>Aree di competenza:<br \/><span lang=\"it-IT\">Propriet\u00e0 intellettuale di marchi, consulenza, accordi di licenza, franchising, accordi di fornitura di tecnologia e contenziosi;<\/span><\/p><\/li><li><p><span lang=\"it-IT\">Lavora presso Ariboni, Fabbri e Schmidt Sociedade de Advogados dal 1989.<\/span><\/p><\/li><li><p><span lang=\"it-IT\"><strong>Associazioni<\/strong>:<br \/><\/span>OAB-SP, ABPI, ABAPI, INTA, AIPPI, LES;<\/p><\/li><li><p><span lang=\"it-IT\"><strong>Lingue<\/strong>:<br \/><\/span><span lang=\"it-IT\">Portoghese, Inglese, Italiano e Spagnolo;<\/span><\/p><\/li><li><p><span lang=\"it-IT\"><strong>Contatti<\/strong>:<br \/><\/span><span lang=\"it-IT\">E-mail: <a href=\"hfj@ariboni.com.br\">hfj@ariboni.com.br<\/a> <br \/><\/span><span lang=\"it-IT\">Tel. +55 <\/span>11 3508 7700 r. 7734<\/p><\/li><\/ul>\t\t\t\t\t\t\t\t<\/div>\n\t\t\t\t<\/div>\n\t\t\t\t<\/div>\n\t\t\t\t<\/div>\n\t\t\t\t\t<\/details>\n\t\t\t\t\t\t<details id=\"e-n-accordion-item-17616\" class=\"e-n-accordion-item\" >\n\t\t\t\t<summary class=\"e-n-accordion-item-title\" data-accordion-index=\"17\" tabindex=\"-1\" aria-expanded=\"false\" aria-controls=\"e-n-accordion-item-17616\" >\n\t\t\t\t\t<span class='e-n-accordion-item-title-header'><div class=\"e-n-accordion-item-title-text\"> Jaqueline Aparecida Teixeira De Carvalho Costa <\/div><\/span>\n\t\t\t\t\t\t\t<span class='e-n-accordion-item-title-icon'>\n\t\t\t<span class='e-opened' ><svg aria-hidden=\"true\" class=\"e-font-icon-svg e-fas-minus\" viewBox=\"0 0 448 512\" xmlns=\"http:\/\/www.w3.org\/2000\/svg\"><path d=\"M416 208H32c-17.67 0-32 14.33-32 32v32c0 17.67 14.33 32 32 32h384c17.67 0 32-14.33 32-32v-32c0-17.67-14.33-32-32-32z\"><\/path><\/svg><\/span>\n\t\t\t<span class='e-closed'><svg aria-hidden=\"true\" class=\"e-font-icon-svg e-fas-plus\" viewBox=\"0 0 448 512\" xmlns=\"http:\/\/www.w3.org\/2000\/svg\"><path d=\"M416 208H272V64c0-17.67-14.33-32-32-32h-32c-17.67 0-32 14.33-32 32v144H32c-17.67 0-32 14.33-32 32v32c0 17.67 14.33 32 32 32h144v144c0 17.67 14.33 32 32 32h32c17.67 0 32-14.33 32-32V304h144c17.67 0 32-14.33 32-32v-32c0-17.67-14.33-32-32-32z\"><\/path><\/svg><\/span>\n\t\t<\/span>\n\n\t\t\t\t\t\t<\/summary>\n\t\t\t\t<div role=\"region\" aria-labelledby=\"e-n-accordion-item-17616\" class=\"elementor-element elementor-element-4ed243fc e-con-full e-flex e-con e-child\" data-id=\"4ed243fc\" data-element_type=\"container\" data-e-type=\"container\">\n\t\t<div role=\"region\" aria-labelledby=\"e-n-accordion-item-17616\" class=\"elementor-element elementor-element-62d9937b e-con-full e-flex e-con e-child\" data-id=\"62d9937b\" data-element_type=\"container\" data-e-type=\"container\">\n\t\t\t\t<div class=\"elementor-element elementor-element-5aa8e133 elementor-widget elementor-widget-image\" data-id=\"5aa8e133\" data-element_type=\"widget\" data-e-type=\"widget\" data-widget_type=\"image.default\">\n\t\t\t\t<div class=\"elementor-widget-container\">\n\t\t\t\t\t\t\t\t\t\t\t\t\t\t\t<img loading=\"lazy\" decoding=\"async\" width=\"800\" height=\"799\" src=\"https:\/\/ariboni.com.br\/portal\/wp-content\/uploads\/2025\/08\/Jaqueline_Costa.jpg\" class=\"attachment-large size-large wp-image-1353\" alt=\"\" srcset=\"https:\/\/ariboni.com.br\/portal\/wp-content\/uploads\/2025\/08\/Jaqueline_Costa.jpg 900w, https:\/\/ariboni.com.br\/portal\/wp-content\/uploads\/2025\/08\/Jaqueline_Costa-300x300.jpg 300w, https:\/\/ariboni.com.br\/portal\/wp-content\/uploads\/2025\/08\/Jaqueline_Costa-150x150.jpg 150w, https:\/\/ariboni.com.br\/portal\/wp-content\/uploads\/2025\/08\/Jaqueline_Costa-768x767.jpg 768w\" sizes=\"(max-width: 800px) 100vw, 800px\" \/>\t\t\t\t\t\t\t\t\t\t\t\t\t\t\t<\/div>\n\t\t\t\t<\/div>\n\t\t\t\t<\/div>\n\t\t<div role=\"region\" aria-labelledby=\"e-n-accordion-item-17616\" class=\"elementor-element elementor-element-132f9b50 e-con-full e-flex e-con e-child\" data-id=\"132f9b50\" data-element_type=\"container\" data-e-type=\"container\">\n\t\t\t\t<div class=\"elementor-element elementor-element-4fe4aaa6 elementor-widget elementor-widget-text-editor\" data-id=\"4fe4aaa6\" data-element_type=\"widget\" data-e-type=\"widget\" data-widget_type=\"text-editor.default\">\n\t\t\t\t<div class=\"elementor-widget-container\">\n\t\t\t\t\t\t\t\t\t<ul><li><p><span lang=\"it-IT\">Laurea in giurisprudenza (Universit\u00e0 Nove de Julho) 2011;<\/span><\/p><\/li><li><p><span lang=\"it-IT\">Post-laurea in Propriet\u00e0 Intellettuale, Diritto commerciale, dell&#8217;intrattenimento e dei media registrati <\/span><span lang=\"it-IT\">(Scuola Superiore di Diritto \u2013 ESA;<\/span><\/p><\/li><li><p><span lang=\"it-IT\">Specializzazione in Nuova Procedura Civile presso la FGV;<\/span><\/p><\/li><li><p><span lang=\"it-IT\">Specializzazione in Riorganizzazione Giudiziaria e Fallimentare presso la OAB\/SP;<\/span><\/p><\/li><li><p><span lang=\"it-IT\">Executive MBA in Giurisprudenza: Management e Diritto Commerciale (FGV).<\/span><\/p><\/li><li><p><span lang=\"it-IT\">Lingue:<br \/><\/span><span lang=\"it-IT\">Portoghese e Inglese.<\/span><\/p><\/li><li><p><span lang=\"it-IT\">Contati:<br \/><\/span>E-mail: <span style=\"color: #000080;\"><u><a href=\"mailto:jac@ariboni.com.br\">jac@ariboni.com.br<\/a><br \/><\/u><\/span>Tel. +55 11 3508-7700 r. 7769<\/p><\/li><\/ul>\t\t\t\t\t\t\t\t<\/div>\n\t\t\t\t<\/div>\n\t\t\t\t<\/div>\n\t\t\t\t<\/div>\n\t\t\t\t\t<\/details>\n\t\t\t\t\t\t<details id=\"e-n-accordion-item-17617\" class=\"e-n-accordion-item\" >\n\t\t\t\t<summary class=\"e-n-accordion-item-title\" data-accordion-index=\"18\" tabindex=\"-1\" aria-expanded=\"false\" aria-controls=\"e-n-accordion-item-17617\" >\n\t\t\t\t\t<span class='e-n-accordion-item-title-header'><div class=\"e-n-accordion-item-title-text\"> Karoline Souza Amorim <\/div><\/span>\n\t\t\t\t\t\t\t<span class='e-n-accordion-item-title-icon'>\n\t\t\t<span class='e-opened' ><svg aria-hidden=\"true\" class=\"e-font-icon-svg e-fas-minus\" viewBox=\"0 0 448 512\" xmlns=\"http:\/\/www.w3.org\/2000\/svg\"><path d=\"M416 208H32c-17.67 0-32 14.33-32 32v32c0 17.67 14.33 32 32 32h384c17.67 0 32-14.33 32-32v-32c0-17.67-14.33-32-32-32z\"><\/path><\/svg><\/span>\n\t\t\t<span class='e-closed'><svg aria-hidden=\"true\" class=\"e-font-icon-svg e-fas-plus\" viewBox=\"0 0 448 512\" xmlns=\"http:\/\/www.w3.org\/2000\/svg\"><path d=\"M416 208H272V64c0-17.67-14.33-32-32-32h-32c-17.67 0-32 14.33-32 32v144H32c-17.67 0-32 14.33-32 32v32c0 17.67 14.33 32 32 32h144v144c0 17.67 14.33 32 32 32h32c17.67 0 32-14.33 32-32V304h144c17.67 0 32-14.33 32-32v-32c0-17.67-14.33-32-32-32z\"><\/path><\/svg><\/span>\n\t\t<\/span>\n\n\t\t\t\t\t\t<\/summary>\n\t\t\t\t<div role=\"region\" aria-labelledby=\"e-n-accordion-item-17617\" class=\"elementor-element elementor-element-c87cb9a e-con-full e-flex e-con e-child\" data-id=\"c87cb9a\" data-element_type=\"container\" data-e-type=\"container\">\n\t\t<div role=\"region\" aria-labelledby=\"e-n-accordion-item-17617\" class=\"elementor-element elementor-element-7a3a6d8 e-con-full e-flex e-con e-child\" data-id=\"7a3a6d8\" data-element_type=\"container\" data-e-type=\"container\">\n\t\t\t\t<div class=\"elementor-element elementor-element-f1afae8 elementor-widget elementor-widget-image\" data-id=\"f1afae8\" data-element_type=\"widget\" data-e-type=\"widget\" data-widget_type=\"image.default\">\n\t\t\t\t<div class=\"elementor-widget-container\">\n\t\t\t\t\t\t\t\t\t\t\t\t\t\t\t<img loading=\"lazy\" decoding=\"async\" width=\"800\" height=\"800\" src=\"https:\/\/ariboni.com.br\/portal\/wp-content\/uploads\/2026\/01\/Karoline_Souza_Amorim.jpg\" class=\"attachment-large size-large wp-image-1932\" alt=\"\" \/>\t\t\t\t\t\t\t\t\t\t\t\t\t\t\t<\/div>\n\t\t\t\t<\/div>\n\t\t\t\t<\/div>\n\t\t<div role=\"region\" aria-labelledby=\"e-n-accordion-item-17617\" class=\"elementor-element elementor-element-3e76db6 e-con-full e-flex e-con e-child\" data-id=\"3e76db6\" data-element_type=\"container\" data-e-type=\"container\">\n\t\t\t\t<div class=\"elementor-element elementor-element-995934a elementor-widget elementor-widget-text-editor\" data-id=\"995934a\" data-element_type=\"widget\" data-e-type=\"widget\" data-widget_type=\"text-editor.default\">\n\t\t\t\t<div class=\"elementor-widget-container\">\n\t\t\t\t\t\t\t\t\t<ul><li><p>Laurea in Giurisprudenza presso la Funda\u00e7\u00e3o Santo Andr\u00e9 (2024);<\/p><\/li><li><p>Post-laurea in Diritto Penale e Criminologia presso la Pontificia Universit\u00e0 Cattolica del Rio Grande do Sul \u2013 PUC\/RS (2025).<\/p><\/li><li><span lang=\"it-IT\"><strong>Aree di competenza<\/strong>:<br \/><\/span>Diritto Societario e Commerciale, Propriet\u00e0 Intellettuale, Diritto Penale, Fashion Law, Lotta alla Contraffazione.<\/li><\/ul><ul><li><span lang=\"it-IT\"><strong>Lingue<\/strong>: <br \/><\/span><span lang=\"it-IT\">Portoghese e Inglese.<\/span><\/li><li><span lang=\"it-IT\"><strong>Contati<\/strong>:<br \/><\/span>E-mail: <span style=\"color: #000080;\"><u><a href=\"mailto:ksa@ariboni.com.br\">ksa@ariboni.com.br<\/a><br \/><\/u><\/span>Tel. +55 11 3508-7700 r. 7712<\/li><\/ul>\t\t\t\t\t\t\t\t<\/div>\n\t\t\t\t<\/div>\n\t\t\t\t<\/div>\n\t\t\t\t<\/div>\n\t\t\t\t\t<\/details>\n\t\t\t\t\t\t<details id=\"e-n-accordion-item-17618\" class=\"e-n-accordion-item\" >\n\t\t\t\t<summary class=\"e-n-accordion-item-title\" data-accordion-index=\"19\" tabindex=\"-1\" aria-expanded=\"false\" aria-controls=\"e-n-accordion-item-17618\" >\n\t\t\t\t\t<span class='e-n-accordion-item-title-header'><div class=\"e-n-accordion-item-title-text\"> Lorena Garrido Borges <\/div><\/span>\n\t\t\t\t\t\t\t<span class='e-n-accordion-item-title-icon'>\n\t\t\t<span class='e-opened' ><svg aria-hidden=\"true\" class=\"e-font-icon-svg e-fas-minus\" viewBox=\"0 0 448 512\" xmlns=\"http:\/\/www.w3.org\/2000\/svg\"><path d=\"M416 208H32c-17.67 0-32 14.33-32 32v32c0 17.67 14.33 32 32 32h384c17.67 0 32-14.33 32-32v-32c0-17.67-14.33-32-32-32z\"><\/path><\/svg><\/span>\n\t\t\t<span class='e-closed'><svg aria-hidden=\"true\" class=\"e-font-icon-svg e-fas-plus\" viewBox=\"0 0 448 512\" xmlns=\"http:\/\/www.w3.org\/2000\/svg\"><path d=\"M416 208H272V64c0-17.67-14.33-32-32-32h-32c-17.67 0-32 14.33-32 32v144H32c-17.67 0-32 14.33-32 32v32c0 17.67 14.33 32 32 32h144v144c0 17.67 14.33 32 32 32h32c17.67 0 32-14.33 32-32V304h144c17.67 0 32-14.33 32-32v-32c0-17.67-14.33-32-32-32z\"><\/path><\/svg><\/span>\n\t\t<\/span>\n\n\t\t\t\t\t\t<\/summary>\n\t\t\t\t<div role=\"region\" aria-labelledby=\"e-n-accordion-item-17618\" class=\"elementor-element elementor-element-3ddd05ca e-con-full e-flex e-con e-child\" data-id=\"3ddd05ca\" data-element_type=\"container\" data-e-type=\"container\">\n\t\t<div role=\"region\" aria-labelledby=\"e-n-accordion-item-17618\" class=\"elementor-element elementor-element-6f31c206 e-con-full e-flex e-con e-child\" data-id=\"6f31c206\" data-element_type=\"container\" data-e-type=\"container\">\n\t\t\t\t<div class=\"elementor-element elementor-element-50a08c09 elementor-widget elementor-widget-image\" data-id=\"50a08c09\" data-element_type=\"widget\" data-e-type=\"widget\" data-widget_type=\"image.default\">\n\t\t\t\t<div class=\"elementor-widget-container\">\n\t\t\t\t\t\t\t\t\t\t\t\t\t\t\t<img loading=\"lazy\" decoding=\"async\" width=\"800\" height=\"799\" src=\"https:\/\/ariboni.com.br\/portal\/wp-content\/uploads\/2025\/08\/Lorena-Garrido.jpg\" class=\"attachment-large size-large wp-image-1318\" alt=\"\" srcset=\"https:\/\/ariboni.com.br\/portal\/wp-content\/uploads\/2025\/08\/Lorena-Garrido.jpg 900w, https:\/\/ariboni.com.br\/portal\/wp-content\/uploads\/2025\/08\/Lorena-Garrido-300x300.jpg 300w, https:\/\/ariboni.com.br\/portal\/wp-content\/uploads\/2025\/08\/Lorena-Garrido-150x150.jpg 150w, https:\/\/ariboni.com.br\/portal\/wp-content\/uploads\/2025\/08\/Lorena-Garrido-768x767.jpg 768w\" sizes=\"(max-width: 800px) 100vw, 800px\" \/>\t\t\t\t\t\t\t\t\t\t\t\t\t\t\t<\/div>\n\t\t\t\t<\/div>\n\t\t\t\t<\/div>\n\t\t<div role=\"region\" aria-labelledby=\"e-n-accordion-item-17618\" class=\"elementor-element elementor-element-7978168c e-con-full e-flex e-con e-child\" data-id=\"7978168c\" data-element_type=\"container\" data-e-type=\"container\">\n\t\t\t\t<div class=\"elementor-element elementor-element-fd2a8f1 elementor-widget elementor-widget-text-editor\" data-id=\"fd2a8f1\" data-element_type=\"widget\" data-e-type=\"widget\" data-widget_type=\"text-editor.default\">\n\t\t\t\t<div class=\"elementor-widget-container\">\n\t\t\t\t\t\t\t\t\t<ul><li><p>Laurea in <span lang=\"it-IT\">giurisprudenza<\/span> (Pontif\u00edcia Universidade Cat\u00f3lica de S\u00e3o Paulo \u2013 PUCSP), 2014;<\/p><\/li><li><p><span lang=\"it-IT\">Specializzazione in Propriet\u00e0 Intellettuale, intrattenimento e media (Facolt\u00e0 di Diritto della OABSP;<\/span><\/p><\/li><li><p><span lang=\"it-IT\">Post-laurea in in Management Culturale presso il Centro Universitario Senac (2022);<\/span><\/p><\/li><li><p><span lang=\"it-IT\">Corso tecnico-professionale em Gestione della propriet\u00e0 intellettuale a cura dell&#8217;Organizzazione mondiale per la propriet\u00e0 intellettuale<\/span><\/p><\/li><li><p><span lang=\"it-IT\">Corso tecnico-professionale em Procedure di arbitrato e mediazione secondo le norme dell&#8217;Organizzazione mondiale per la propriet\u00e0 intellettuale (2020);<\/span><\/p><\/li><li><p><span lang=\"it-IT\">Corso tecnico-professionale in Brevetti presso la Organizzazione Mondial per la propriet\u00e0 intellettuale (2020);<\/span><\/p><\/li><li><p><span lang=\"it-IT\">Corso tecnico-professionale in Propriet\u00e0 Intellettuale Generale presso l\u2019Organizzazione Mondiale della Propriet\u00e0 Intellettuale (2019);<\/span><\/p><\/li><li><p><span lang=\"it-IT\">Corso tecnico-professionale in Corso Avanzato in Diritto d&#8217;autore e diritti connessi dell&#8217;Organizzazione mondiale per la propriet\u00e0 intellettuale (2020).<\/span><\/p><\/li><li><p><span lang=\"it-IT\">Conformit\u00e0 alla protezione dei dati (2022) \u2013 LEC\/SP\/BR.<\/span><\/p><\/li><li><p><span lang=\"it-IT\">Master in Diritto della Propriet\u00e0 Intellettuale presso l&#8217;Universit\u00e0 di Lisbona (2025);<\/span><\/p><\/li><li><p>Associazioni:<br \/><span lang=\"it-IT\">Licensing Executives Society International (LESI); Accademia di Diritto Europeo (ERA); e Associazione Europea di Studenti di Diritt<\/span><span lang=\"it-IT\">o<\/span><\/p><\/li><li><p><span lang=\"it-IT\">Aree di competenza:<br \/><\/span><span lang=\"it-IT\">Propriet\u00e0 intellettuale, diritto dello spettacolo, protezione dei dati, diritto commerciale e contratti;<\/span><\/p><\/li><li><p><span lang=\"it-IT\">Lingue:<br \/><\/span><span lang=\"it-IT\">Portoghese e Inglese<\/span><\/p><\/li><li><p><span lang=\"it-IT\">Contatti:<br \/><\/span><span lang=\"it-IT\">E-mail: <\/span><span style=\"color: #000080;\"><u><a href=\"mailto:lgb@ariboni.com.br\"><span lang=\"it-IT\">lgb@ariboni.com.br<\/span><\/a><br \/><\/u><\/span><span lang=\"it-IT\">Tel.: +351 965 797295<\/span><\/p><\/li><\/ul>\t\t\t\t\t\t\t\t<\/div>\n\t\t\t\t<\/div>\n\t\t\t\t<\/div>\n\t\t\t\t<\/div>\n\t\t\t\t\t<\/details>\n\t\t\t\t\t\t<details id=\"e-n-accordion-item-17619\" class=\"e-n-accordion-item\" >\n\t\t\t\t<summary class=\"e-n-accordion-item-title\" data-accordion-index=\"20\" tabindex=\"-1\" aria-expanded=\"false\" aria-controls=\"e-n-accordion-item-17619\" >\n\t\t\t\t\t<span class='e-n-accordion-item-title-header'><div class=\"e-n-accordion-item-title-text\"> Luciana Cavalcanti Marques <\/div><\/span>\n\t\t\t\t\t\t\t<span class='e-n-accordion-item-title-icon'>\n\t\t\t<span class='e-opened' ><svg aria-hidden=\"true\" class=\"e-font-icon-svg e-fas-minus\" viewBox=\"0 0 448 512\" xmlns=\"http:\/\/www.w3.org\/2000\/svg\"><path d=\"M416 208H32c-17.67 0-32 14.33-32 32v32c0 17.67 14.33 32 32 32h384c17.67 0 32-14.33 32-32v-32c0-17.67-14.33-32-32-32z\"><\/path><\/svg><\/span>\n\t\t\t<span class='e-closed'><svg aria-hidden=\"true\" class=\"e-font-icon-svg e-fas-plus\" viewBox=\"0 0 448 512\" xmlns=\"http:\/\/www.w3.org\/2000\/svg\"><path d=\"M416 208H272V64c0-17.67-14.33-32-32-32h-32c-17.67 0-32 14.33-32 32v144H32c-17.67 0-32 14.33-32 32v32c0 17.67 14.33 32 32 32h144v144c0 17.67 14.33 32 32 32h32c17.67 0 32-14.33 32-32V304h144c17.67 0 32-14.33 32-32v-32c0-17.67-14.33-32-32-32z\"><\/path><\/svg><\/span>\n\t\t<\/span>\n\n\t\t\t\t\t\t<\/summary>\n\t\t\t\t<div role=\"region\" aria-labelledby=\"e-n-accordion-item-17619\" class=\"elementor-element elementor-element-60e6527d e-con-full e-flex e-con e-child\" data-id=\"60e6527d\" data-element_type=\"container\" data-e-type=\"container\">\n\t\t<div role=\"region\" aria-labelledby=\"e-n-accordion-item-17619\" class=\"elementor-element elementor-element-38c2645b e-con-full e-flex e-con e-child\" data-id=\"38c2645b\" data-element_type=\"container\" data-e-type=\"container\">\n\t\t\t\t<div class=\"elementor-element elementor-element-7fd9662e elementor-widget elementor-widget-image\" data-id=\"7fd9662e\" data-element_type=\"widget\" data-e-type=\"widget\" data-widget_type=\"image.default\">\n\t\t\t\t<div class=\"elementor-widget-container\">\n\t\t\t\t\t\t\t\t\t\t\t\t\t\t\t<img loading=\"lazy\" decoding=\"async\" width=\"800\" height=\"800\" src=\"https:\/\/ariboni.com.br\/portal\/wp-content\/uploads\/2025\/08\/Luciana-Cavalcanti.jpg\" class=\"attachment-large size-large wp-image-1375\" alt=\"\" srcset=\"https:\/\/ariboni.com.br\/portal\/wp-content\/uploads\/2025\/08\/Luciana-Cavalcanti.jpg 900w, https:\/\/ariboni.com.br\/portal\/wp-content\/uploads\/2025\/08\/Luciana-Cavalcanti-300x300.jpg 300w, https:\/\/ariboni.com.br\/portal\/wp-content\/uploads\/2025\/08\/Luciana-Cavalcanti-150x150.jpg 150w, https:\/\/ariboni.com.br\/portal\/wp-content\/uploads\/2025\/08\/Luciana-Cavalcanti-768x768.jpg 768w\" sizes=\"(max-width: 800px) 100vw, 800px\" \/>\t\t\t\t\t\t\t\t\t\t\t\t\t\t\t<\/div>\n\t\t\t\t<\/div>\n\t\t\t\t<\/div>\n\t\t<div role=\"region\" aria-labelledby=\"e-n-accordion-item-17619\" class=\"elementor-element elementor-element-4a22d942 e-con-full e-flex e-con e-child\" data-id=\"4a22d942\" data-element_type=\"container\" data-e-type=\"container\">\n\t\t\t\t<div class=\"elementor-element elementor-element-3ba41f9 elementor-widget elementor-widget-text-editor\" data-id=\"3ba41f9\" data-element_type=\"widget\" data-e-type=\"widget\" data-widget_type=\"text-editor.default\">\n\t\t\t\t<div class=\"elementor-widget-container\">\n\t\t\t\t\t\t\t\t\t<ul><li><p><span lang=\"it-IT\">Laurea in giurisprudenza (Facolt\u00e0 Metropolitanas Unidas &#8211; FMU) 2018;<\/span><\/p><\/li><li><p><span lang=\"it-IT\">Post-laurea in Propriet\u00e0 intellettuale, diritto dello spettacolo, Midia e Moda (ESA\/SP \u2013 S\u00e3o Paulo \u2013 Brasile<\/span><\/p><\/li><li><p><span lang=\"it-IT\"><strong>Aree di competenza<\/strong>:<br \/><\/span><span lang=\"it-IT\">Diritto dei marchi e diritto dello spettacolo. Membro della Commissione speciale sulla propriet\u00e0 intellettuale dell&#8217;Ordine degli avvocati di San Paolo (OAB-SP);<\/span><\/p><\/li><li><p><span lang=\"it-IT\"><strong>Lingue<\/strong>:<br \/><\/span><span lang=\"it-IT\">Portoghese e Inglese<\/span><\/p><\/li><li><p><span lang=\"it-IT\"><strong>Contatti<\/strong>:<br \/><\/span>E-mail: <a href=\"mailto:lcm@ariboni.com.br\">lcm@ariboni.com.br<\/a><br \/>Tel. + +55 11 3508 7700 r. 7729<\/p><\/li><\/ul>\t\t\t\t\t\t\t\t<\/div>\n\t\t\t\t<\/div>\n\t\t\t\t<\/div>\n\t\t\t\t<\/div>\n\t\t\t\t\t<\/details>\n\t\t\t\t\t\t<details id=\"e-n-accordion-item-17620\" class=\"e-n-accordion-item\" >\n\t\t\t\t<summary class=\"e-n-accordion-item-title\" data-accordion-index=\"21\" tabindex=\"-1\" aria-expanded=\"false\" aria-controls=\"e-n-accordion-item-17620\" >\n\t\t\t\t\t<span class='e-n-accordion-item-title-header'><div class=\"e-n-accordion-item-title-text\"> M\u00e1rcia Louza Rodrigues <\/div><\/span>\n\t\t\t\t\t\t\t<span class='e-n-accordion-item-title-icon'>\n\t\t\t<span class='e-opened' ><svg aria-hidden=\"true\" class=\"e-font-icon-svg e-fas-minus\" viewBox=\"0 0 448 512\" xmlns=\"http:\/\/www.w3.org\/2000\/svg\"><path d=\"M416 208H32c-17.67 0-32 14.33-32 32v32c0 17.67 14.33 32 32 32h384c17.67 0 32-14.33 32-32v-32c0-17.67-14.33-32-32-32z\"><\/path><\/svg><\/span>\n\t\t\t<span class='e-closed'><svg aria-hidden=\"true\" class=\"e-font-icon-svg e-fas-plus\" viewBox=\"0 0 448 512\" xmlns=\"http:\/\/www.w3.org\/2000\/svg\"><path d=\"M416 208H272V64c0-17.67-14.33-32-32-32h-32c-17.67 0-32 14.33-32 32v144H32c-17.67 0-32 14.33-32 32v32c0 17.67 14.33 32 32 32h144v144c0 17.67 14.33 32 32 32h32c17.67 0 32-14.33 32-32V304h144c17.67 0 32-14.33 32-32v-32c0-17.67-14.33-32-32-32z\"><\/path><\/svg><\/span>\n\t\t<\/span>\n\n\t\t\t\t\t\t<\/summary>\n\t\t\t\t<div role=\"region\" aria-labelledby=\"e-n-accordion-item-17620\" class=\"elementor-element elementor-element-28a00c3 e-con-full e-flex e-con e-child\" data-id=\"28a00c3\" data-element_type=\"container\" data-e-type=\"container\">\n\t\t<div role=\"region\" aria-labelledby=\"e-n-accordion-item-17620\" class=\"elementor-element elementor-element-239285f0 e-con-full e-flex e-con e-child\" data-id=\"239285f0\" data-element_type=\"container\" data-e-type=\"container\">\n\t\t\t\t<div class=\"elementor-element elementor-element-3c6f4240 elementor-widget elementor-widget-image\" data-id=\"3c6f4240\" data-element_type=\"widget\" data-e-type=\"widget\" data-widget_type=\"image.default\">\n\t\t\t\t<div class=\"elementor-widget-container\">\n\t\t\t\t\t\t\t\t\t\t\t\t\t\t\t<img loading=\"lazy\" decoding=\"async\" width=\"800\" height=\"800\" src=\"https:\/\/ariboni.com.br\/portal\/wp-content\/uploads\/2025\/08\/Marcia-Louza.jpg\" class=\"attachment-large size-large wp-image-1549\" alt=\"\" srcset=\"https:\/\/ariboni.com.br\/portal\/wp-content\/uploads\/2025\/08\/Marcia-Louza.jpg 900w, https:\/\/ariboni.com.br\/portal\/wp-content\/uploads\/2025\/08\/Marcia-Louza-300x300.jpg 300w, https:\/\/ariboni.com.br\/portal\/wp-content\/uploads\/2025\/08\/Marcia-Louza-150x150.jpg 150w, https:\/\/ariboni.com.br\/portal\/wp-content\/uploads\/2025\/08\/Marcia-Louza-768x768.jpg 768w\" sizes=\"(max-width: 800px) 100vw, 800px\" \/>\t\t\t\t\t\t\t\t\t\t\t\t\t\t\t<\/div>\n\t\t\t\t<\/div>\n\t\t\t\t<\/div>\n\t\t<div role=\"region\" aria-labelledby=\"e-n-accordion-item-17620\" class=\"elementor-element elementor-element-6f1df583 e-con-full e-flex e-con e-child\" data-id=\"6f1df583\" data-element_type=\"container\" data-e-type=\"container\">\n\t\t\t\t<div class=\"elementor-element elementor-element-2adafbbe elementor-widget elementor-widget-text-editor\" data-id=\"2adafbbe\" data-element_type=\"widget\" data-e-type=\"widget\" data-widget_type=\"text-editor.default\">\n\t\t\t\t<div class=\"elementor-widget-container\">\n\t\t\t\t\t\t\t\t\t<ul><li><p>Laurea in <span lang=\"it-IT\">giurisprudenza <\/span>(Funda\u00e7\u00e3o Centro Universit\u00e1rio Santo Andr\u00e9 &#8211; FSA) 2023;<\/p><\/li><li><p><span lang=\"it-IT\">Laureato in Economia Aziendale con specializzazione in Ospitalit\u00e0 presso il Centro Universitari<\/span><span lang=\"it-IT\">o<\/span><span lang=\"it-IT\"> Ibero-Americano (Unibero) 2007;<\/span><\/p><\/li><li><p><span lang=\"it-IT\">Laurea specialistica in Gestione aziendale con specializzazione in Marketing presso l&#8217;Escola Superior de Propaganda e Marketing (ESPM).<\/span><\/p><\/li><li><p><span lang=\"it-IT\">(ESPM); 2015<\/span><\/p><\/li><li><p><span lang=\"it-IT\"><strong>Aree di competenza<\/strong>:<br \/><\/span><span lang=\"it-IT\">Contenzioso civile, propriet\u00e0 intellettuale<\/span><\/p><\/li><li><p><strong>Associazioni<\/strong>:<br \/>OAB\/SP<\/p><\/li><li><p><strong>Lingue<\/strong>:<br \/>Portoghese, Inglese<\/p><\/li><li><p><span lang=\"it-IT\"><strong>Contatti<\/strong>:<br \/><\/span><span lang=\"it-IT\">E-mail: <a href=\"mailto:mlo@ariboni.com.br\">mlo@ariboni.com.br<\/a> <br \/><\/span><span lang=\"it-IT\">Tel. +55 <\/span>11 3508 7700 r. 7797<\/p><\/li><\/ul>\t\t\t\t\t\t\t\t<\/div>\n\t\t\t\t<\/div>\n\t\t\t\t<\/div>\n\t\t\t\t<\/div>\n\t\t\t\t\t<\/details>\n\t\t\t\t\t\t<details id=\"e-n-accordion-item-17621\" class=\"e-n-accordion-item\" >\n\t\t\t\t<summary class=\"e-n-accordion-item-title\" data-accordion-index=\"22\" tabindex=\"-1\" aria-expanded=\"false\" aria-controls=\"e-n-accordion-item-17621\" >\n\t\t\t\t\t<span class='e-n-accordion-item-title-header'><div class=\"e-n-accordion-item-title-text\"> Mariana Schwab Guerra Corr\u00eaa <\/div><\/span>\n\t\t\t\t\t\t\t<span class='e-n-accordion-item-title-icon'>\n\t\t\t<span class='e-opened' ><svg aria-hidden=\"true\" class=\"e-font-icon-svg e-fas-minus\" viewBox=\"0 0 448 512\" xmlns=\"http:\/\/www.w3.org\/2000\/svg\"><path d=\"M416 208H32c-17.67 0-32 14.33-32 32v32c0 17.67 14.33 32 32 32h384c17.67 0 32-14.33 32-32v-32c0-17.67-14.33-32-32-32z\"><\/path><\/svg><\/span>\n\t\t\t<span class='e-closed'><svg aria-hidden=\"true\" class=\"e-font-icon-svg e-fas-plus\" viewBox=\"0 0 448 512\" xmlns=\"http:\/\/www.w3.org\/2000\/svg\"><path d=\"M416 208H272V64c0-17.67-14.33-32-32-32h-32c-17.67 0-32 14.33-32 32v144H32c-17.67 0-32 14.33-32 32v32c0 17.67 14.33 32 32 32h144v144c0 17.67 14.33 32 32 32h32c17.67 0 32-14.33 32-32V304h144c17.67 0 32-14.33 32-32v-32c0-17.67-14.33-32-32-32z\"><\/path><\/svg><\/span>\n\t\t<\/span>\n\n\t\t\t\t\t\t<\/summary>\n\t\t\t\t<div role=\"region\" aria-labelledby=\"e-n-accordion-item-17621\" class=\"elementor-element elementor-element-637b6637 e-con-full e-flex e-con e-child\" data-id=\"637b6637\" data-element_type=\"container\" data-e-type=\"container\">\n\t\t<div role=\"region\" aria-labelledby=\"e-n-accordion-item-17621\" class=\"elementor-element elementor-element-507d1f35 e-con-full e-flex e-con e-child\" data-id=\"507d1f35\" data-element_type=\"container\" data-e-type=\"container\">\n\t\t\t\t<div class=\"elementor-element elementor-element-537ea9a9 elementor-widget elementor-widget-image\" data-id=\"537ea9a9\" data-element_type=\"widget\" data-e-type=\"widget\" data-widget_type=\"image.default\">\n\t\t\t\t<div class=\"elementor-widget-container\">\n\t\t\t\t\t\t\t\t\t\t\t\t\t\t\t<img loading=\"lazy\" decoding=\"async\" width=\"800\" height=\"800\" src=\"https:\/\/ariboni.com.br\/portal\/wp-content\/uploads\/2025\/08\/perfil-Mariana.jpg\" class=\"attachment-large size-large wp-image-1320\" alt=\"\" srcset=\"https:\/\/ariboni.com.br\/portal\/wp-content\/uploads\/2025\/08\/perfil-Mariana.jpg 900w, https:\/\/ariboni.com.br\/portal\/wp-content\/uploads\/2025\/08\/perfil-Mariana-300x300.jpg 300w, https:\/\/ariboni.com.br\/portal\/wp-content\/uploads\/2025\/08\/perfil-Mariana-150x150.jpg 150w, https:\/\/ariboni.com.br\/portal\/wp-content\/uploads\/2025\/08\/perfil-Mariana-768x768.jpg 768w\" sizes=\"(max-width: 800px) 100vw, 800px\" \/>\t\t\t\t\t\t\t\t\t\t\t\t\t\t\t<\/div>\n\t\t\t\t<\/div>\n\t\t\t\t<\/div>\n\t\t<div role=\"region\" aria-labelledby=\"e-n-accordion-item-17621\" class=\"elementor-element elementor-element-7733d239 e-con-full e-flex e-con e-child\" data-id=\"7733d239\" data-element_type=\"container\" data-e-type=\"container\">\n\t\t\t\t<div class=\"elementor-element elementor-element-2405e657 elementor-widget elementor-widget-text-editor\" data-id=\"2405e657\" data-element_type=\"widget\" data-e-type=\"widget\" data-widget_type=\"text-editor.default\">\n\t\t\t\t<div class=\"elementor-widget-container\">\n\t\t\t\t\t\t\t\t\t<ul><li><p><span lang=\"it-IT\">Laurea in giurisprudenza (Pontificia Universit\u00e0 Cattolica di Rio de Janeiro (PUC) 2013;<\/span><\/p><\/li><li><p><span lang=\"it-IT\">Post-laurea in Diritto processuale civile e gestione legale presso l\u2019IBMEC \u2013 Rio de Janeiro (2019);<\/span><\/p><\/li><li><p><span lang=\"it-IT\">Specializzazione in Diritto della Moda (Universit\u00e0 Statale di Rio de Janeiro \u2013 UERJ) 2019;<\/span><\/p><\/li><li><p><span lang=\"it-IT\">Laurea in Giurisprudenza con specializzazione in Propriet\u00e0 Intellettuale e Tecnologia presso l&#8217;Universit\u00e0 della California, Berkeley. \u2013 EUA (2024);<\/span><\/p><\/li><li><p><span lang=\"it-IT\"><strong>Aree di competenza<\/strong>:<br \/><\/span><span lang=\"it-IT\">Propriet\u00e0 intellettuale, consulenza e amministrazione, marchi, diritti d&#8217;autore, immagine aziendale, privacy, diritti d&#8217;immagine, contratti, diritto della moda, intrattenimento e antipirateria<\/span><\/p><\/li><li><p><span lang=\"it-IT\"><strong>Associazioni<\/strong>:<br \/><\/span><span lang=\"it-IT\">Ordine degli Avvocati di S\u00e3o Paulo (OAB\/RJ) e ABPI<\/span><\/p><\/li><li><p><strong>Lingue<\/strong>:<br \/>Portoghese, Inglese<\/p><\/li><li><p><strong>Contatti<\/strong>:<br \/>E-mail: <a href=\"mailto:mgc@ariboni.com.br\">mgc@ariboni.com.br<\/a><br \/>Tel. +55 11 3508 7700 r. 7746<\/p><\/li><\/ul>\t\t\t\t\t\t\t\t<\/div>\n\t\t\t\t<\/div>\n\t\t\t\t<\/div>\n\t\t\t\t<\/div>\n\t\t\t\t\t<\/details>\n\t\t\t\t\t\t<details id=\"e-n-accordion-item-17622\" class=\"e-n-accordion-item\" >\n\t\t\t\t<summary class=\"e-n-accordion-item-title\" data-accordion-index=\"23\" tabindex=\"-1\" aria-expanded=\"false\" aria-controls=\"e-n-accordion-item-17622\" >\n\t\t\t\t\t<span class='e-n-accordion-item-title-header'><div class=\"e-n-accordion-item-title-text\"> Roberta D\u2019Elboux Bassi <\/div><\/span>\n\t\t\t\t\t\t\t<span class='e-n-accordion-item-title-icon'>\n\t\t\t<span class='e-opened' ><svg aria-hidden=\"true\" class=\"e-font-icon-svg e-fas-minus\" viewBox=\"0 0 448 512\" xmlns=\"http:\/\/www.w3.org\/2000\/svg\"><path d=\"M416 208H32c-17.67 0-32 14.33-32 32v32c0 17.67 14.33 32 32 32h384c17.67 0 32-14.33 32-32v-32c0-17.67-14.33-32-32-32z\"><\/path><\/svg><\/span>\n\t\t\t<span class='e-closed'><svg aria-hidden=\"true\" class=\"e-font-icon-svg e-fas-plus\" viewBox=\"0 0 448 512\" xmlns=\"http:\/\/www.w3.org\/2000\/svg\"><path d=\"M416 208H272V64c0-17.67-14.33-32-32-32h-32c-17.67 0-32 14.33-32 32v144H32c-17.67 0-32 14.33-32 32v32c0 17.67 14.33 32 32 32h144v144c0 17.67 14.33 32 32 32h32c17.67 0 32-14.33 32-32V304h144c17.67 0 32-14.33 32-32v-32c0-17.67-14.33-32-32-32z\"><\/path><\/svg><\/span>\n\t\t<\/span>\n\n\t\t\t\t\t\t<\/summary>\n\t\t\t\t<div role=\"region\" aria-labelledby=\"e-n-accordion-item-17622\" class=\"elementor-element elementor-element-2ca13c57 e-con-full e-flex e-con e-child\" data-id=\"2ca13c57\" data-element_type=\"container\" data-e-type=\"container\">\n\t\t<div role=\"region\" aria-labelledby=\"e-n-accordion-item-17622\" class=\"elementor-element elementor-element-578bb4a9 e-con-full e-flex e-con e-child\" data-id=\"578bb4a9\" data-element_type=\"container\" data-e-type=\"container\">\n\t\t\t\t<div class=\"elementor-element elementor-element-4e760b98 elementor-widget elementor-widget-image\" data-id=\"4e760b98\" data-element_type=\"widget\" data-e-type=\"widget\" data-widget_type=\"image.default\">\n\t\t\t\t<div class=\"elementor-widget-container\">\n\t\t\t\t\t\t\t\t\t\t\t\t\t\t\t<img loading=\"lazy\" decoding=\"async\" width=\"800\" height=\"800\" src=\"https:\/\/ariboni.com.br\/portal\/wp-content\/uploads\/2025\/08\/Roberta_Bassi.jpg\" class=\"attachment-large size-large wp-image-1356\" alt=\"\" srcset=\"https:\/\/ariboni.com.br\/portal\/wp-content\/uploads\/2025\/08\/Roberta_Bassi.jpg 900w, https:\/\/ariboni.com.br\/portal\/wp-content\/uploads\/2025\/08\/Roberta_Bassi-300x300.jpg 300w, https:\/\/ariboni.com.br\/portal\/wp-content\/uploads\/2025\/08\/Roberta_Bassi-150x150.jpg 150w, https:\/\/ariboni.com.br\/portal\/wp-content\/uploads\/2025\/08\/Roberta_Bassi-768x768.jpg 768w\" sizes=\"(max-width: 800px) 100vw, 800px\" \/>\t\t\t\t\t\t\t\t\t\t\t\t\t\t\t<\/div>\n\t\t\t\t<\/div>\n\t\t\t\t<\/div>\n\t\t<div role=\"region\" aria-labelledby=\"e-n-accordion-item-17622\" class=\"elementor-element elementor-element-75d54e41 e-con-full e-flex e-con e-child\" data-id=\"75d54e41\" data-element_type=\"container\" data-e-type=\"container\">\n\t\t\t\t<div class=\"elementor-element elementor-element-d76190f elementor-widget elementor-widget-text-editor\" data-id=\"d76190f\" data-element_type=\"widget\" data-e-type=\"widget\" data-widget_type=\"text-editor.default\">\n\t\t\t\t<div class=\"elementor-widget-container\">\n\t\t\t\t\t\t\t\t\t<ul><li><p><span lang=\"it-IT\">Laurea in giurisprudenza (Universit\u00e0 Presbiteriana Mackenzie) 2015;<\/span><\/p><\/li><li><p><span lang=\"it-IT\">Post-laurea in Propriet\u00e0 Intellettuale e Nuove Imprese (GVLaw (2018);<\/span><\/p><\/li><li><p><span lang=\"it-IT\">Corso di Inglese presso la Kaplan International English em Dublin \u2013 Livello avanzato (aprile 2018);<\/span><\/p><\/li><li><p><span lang=\"it-IT\">Corso di diritto della moda: oltre la registrazione e la tutela nella moda, offerto dalla Scuola superiore di avvocatura dell&#8217;Ordine degli avvocati del Brasile (settembr<\/span><span lang=\"it-IT\">e<\/span><span lang=\"it-IT\">\/2015 \u2013 dicembre\/2015).<\/span><\/p><\/li><li><p><strong>Associazioni<\/strong>:<br \/>Ordine degli Avvocati di S\u00e3o Paulo (OAB-SP);<\/p><p><span lang=\"it-IT\"><strong>Lingue<\/strong>:<br \/><\/span><span lang=\"it-IT\">Inglese e Coreano.<\/span><\/p><p><span lang=\"it-IT\"><strong>Contatti<\/strong>:<br \/><\/span>E-mail: <a href=\"mailto:rdb@ariboni.com.br\">rdb@ariboni.com.br<\/a><br \/>Tel. +55 11 3508 7700 r. 7739<\/p><p><strong>Associazioni<\/strong>:<br \/><span lang=\"it-IT\">Ordine degli Avvocati di S\u00e3o Paulo (OAB-SP), Consiglio Regionale dell&#8217;Amministrazione Aziendale di S\u00e3o Paulo (CRA-SP);<\/span><\/p><\/li><\/ul>\t\t\t\t\t\t\t\t<\/div>\n\t\t\t\t<\/div>\n\t\t\t\t<\/div>\n\t\t\t\t<\/div>\n\t\t\t\t\t<\/details>\n\t\t\t\t\t\t<details id=\"e-n-accordion-item-17623\" class=\"e-n-accordion-item\" >\n\t\t\t\t<summary class=\"e-n-accordion-item-title\" data-accordion-index=\"24\" tabindex=\"-1\" aria-expanded=\"false\" aria-controls=\"e-n-accordion-item-17623\" >\n\t\t\t\t\t<span class='e-n-accordion-item-title-header'><div class=\"e-n-accordion-item-title-text\"> Rodolfo Abbud Penteado <\/div><\/span>\n\t\t\t\t\t\t\t<span class='e-n-accordion-item-title-icon'>\n\t\t\t<span class='e-opened' ><svg aria-hidden=\"true\" class=\"e-font-icon-svg e-fas-minus\" viewBox=\"0 0 448 512\" xmlns=\"http:\/\/www.w3.org\/2000\/svg\"><path d=\"M416 208H32c-17.67 0-32 14.33-32 32v32c0 17.67 14.33 32 32 32h384c17.67 0 32-14.33 32-32v-32c0-17.67-14.33-32-32-32z\"><\/path><\/svg><\/span>\n\t\t\t<span class='e-closed'><svg aria-hidden=\"true\" class=\"e-font-icon-svg e-fas-plus\" viewBox=\"0 0 448 512\" xmlns=\"http:\/\/www.w3.org\/2000\/svg\"><path d=\"M416 208H272V64c0-17.67-14.33-32-32-32h-32c-17.67 0-32 14.33-32 32v144H32c-17.67 0-32 14.33-32 32v32c0 17.67 14.33 32 32 32h144v144c0 17.67 14.33 32 32 32h32c17.67 0 32-14.33 32-32V304h144c17.67 0 32-14.33 32-32v-32c0-17.67-14.33-32-32-32z\"><\/path><\/svg><\/span>\n\t\t<\/span>\n\n\t\t\t\t\t\t<\/summary>\n\t\t\t\t<div role=\"region\" aria-labelledby=\"e-n-accordion-item-17623\" class=\"elementor-element elementor-element-6f8204ee e-con-full e-flex e-con e-child\" data-id=\"6f8204ee\" data-element_type=\"container\" data-e-type=\"container\">\n\t\t<div role=\"region\" aria-labelledby=\"e-n-accordion-item-17623\" class=\"elementor-element elementor-element-3551cb19 e-con-full e-flex e-con e-child\" data-id=\"3551cb19\" data-element_type=\"container\" data-e-type=\"container\">\n\t\t\t\t<div class=\"elementor-element elementor-element-567e2146 elementor-widget elementor-widget-image\" data-id=\"567e2146\" data-element_type=\"widget\" data-e-type=\"widget\" data-widget_type=\"image.default\">\n\t\t\t\t<div class=\"elementor-widget-container\">\n\t\t\t\t\t\t\t\t\t\t\t\t\t\t\t<img loading=\"lazy\" decoding=\"async\" width=\"800\" height=\"800\" src=\"https:\/\/ariboni.com.br\/portal\/wp-content\/uploads\/2025\/08\/Rodolfo_Penteado.jpg\" class=\"attachment-large size-large wp-image-1357\" alt=\"\" srcset=\"https:\/\/ariboni.com.br\/portal\/wp-content\/uploads\/2025\/08\/Rodolfo_Penteado.jpg 900w, https:\/\/ariboni.com.br\/portal\/wp-content\/uploads\/2025\/08\/Rodolfo_Penteado-300x300.jpg 300w, https:\/\/ariboni.com.br\/portal\/wp-content\/uploads\/2025\/08\/Rodolfo_Penteado-150x150.jpg 150w, https:\/\/ariboni.com.br\/portal\/wp-content\/uploads\/2025\/08\/Rodolfo_Penteado-768x768.jpg 768w\" sizes=\"(max-width: 800px) 100vw, 800px\" \/>\t\t\t\t\t\t\t\t\t\t\t\t\t\t\t<\/div>\n\t\t\t\t<\/div>\n\t\t\t\t<\/div>\n\t\t<div role=\"region\" aria-labelledby=\"e-n-accordion-item-17623\" class=\"elementor-element elementor-element-29c0b6d e-con-full e-flex e-con e-child\" data-id=\"29c0b6d\" data-element_type=\"container\" data-e-type=\"container\">\n\t\t\t\t<div class=\"elementor-element elementor-element-6dba2231 elementor-widget elementor-widget-text-editor\" data-id=\"6dba2231\" data-element_type=\"widget\" data-e-type=\"widget\" data-widget_type=\"text-editor.default\">\n\t\t\t\t<div class=\"elementor-widget-container\">\n\t\t\t\t\t\t\t\t\t<ul><li><p><span lang=\"it-IT\">Laurea in giurisprudenza (Fondazione Armando Alvares Penteado (FAAP) 2016;<\/span><\/p><\/li><li><p><span lang=\"it-IT\">Post-laurea in Diritto della propriet\u00e0 intellettuale e dell&#8217;innovazione presso la Fondazione Get\u00falio Vargas (FGV) 2024;<\/span><\/p><\/li><li><p><span lang=\"it-IT\">Post-laurea in Gestione zootecnica presso la Facolt\u00e0 REHAGRO (2023);<\/span><\/p><\/li><li><p><strong>\u00c1reas de atua\u00e7\u00e3o<\/strong>:<br \/><span lang=\"it-IT\">Diritto Commerciale, Diritto civile e immobiliare, diritto della moda e lotta alla pirateria \u2013 contenzioso giudiziario e amministrativo.<\/span><\/p><\/li><li><p><span lang=\"it-IT\">Specializzato em Diritto della propriet\u00e0 industriale e dell&#8217;innovazione, inclusa la gestione di marchi, brevetti e disegni industriali, con particolare attenzione alla tutela e al contenzioso della propriet\u00e0 intellettuale.<\/span><\/p><\/li><li><p><span lang=\"it-IT\">Ampia esperienza nella redazione di documenti giudiziari e amministrativi, nella gestione di asset di propriet\u00e0 intellettuale e nella gestione strategica di casi di alto profilo.<\/span><\/p><\/li><li><p><strong>Associazioni<\/strong>:<br \/>OAB-SP n\u00ba 394.542;<br \/><span lang=\"it-IT\">Membro della Commission<\/span><span lang=\"it-IT\">e<\/span><span lang=\"it-IT\"> Speciale della Propriet\u00e0 Intellettuale \u2013 OAB\/SP dal 2023.<br \/><\/span><span lang=\"it-IT\">Membro effettivo della ABPI dal 2023;<\/span><\/p><p><strong>Lingue<\/strong>:<br \/>Portoghese, inglese.<\/p><p><strong>Contatti<\/strong>:<br \/>E-mail: <a href=\"mailto:rap@ariboni.com.br\">rap@ariboni.com.br<\/a><br \/>Tel. +55 11 3508 7700 r. 7758<\/p><\/li><\/ul>\t\t\t\t\t\t\t\t<\/div>\n\t\t\t\t<\/div>\n\t\t\t\t<\/div>\n\t\t\t\t<\/div>\n\t\t\t\t\t<\/details>\n\t\t\t\t\t\t<details id=\"e-n-accordion-item-17624\" class=\"e-n-accordion-item\" >\n\t\t\t\t<summary class=\"e-n-accordion-item-title\" data-accordion-index=\"25\" tabindex=\"-1\" aria-expanded=\"false\" aria-controls=\"e-n-accordion-item-17624\" >\n\t\t\t\t\t<span class='e-n-accordion-item-title-header'><div class=\"e-n-accordion-item-title-text\"> Veridiana Maciel Gentil <\/div><\/span>\n\t\t\t\t\t\t\t<span class='e-n-accordion-item-title-icon'>\n\t\t\t<span class='e-opened' ><svg aria-hidden=\"true\" class=\"e-font-icon-svg e-fas-minus\" viewBox=\"0 0 448 512\" xmlns=\"http:\/\/www.w3.org\/2000\/svg\"><path d=\"M416 208H32c-17.67 0-32 14.33-32 32v32c0 17.67 14.33 32 32 32h384c17.67 0 32-14.33 32-32v-32c0-17.67-14.33-32-32-32z\"><\/path><\/svg><\/span>\n\t\t\t<span class='e-closed'><svg aria-hidden=\"true\" class=\"e-font-icon-svg e-fas-plus\" viewBox=\"0 0 448 512\" xmlns=\"http:\/\/www.w3.org\/2000\/svg\"><path d=\"M416 208H272V64c0-17.67-14.33-32-32-32h-32c-17.67 0-32 14.33-32 32v144H32c-17.67 0-32 14.33-32 32v32c0 17.67 14.33 32 32 32h144v144c0 17.67 14.33 32 32 32h32c17.67 0 32-14.33 32-32V304h144c17.67 0 32-14.33 32-32v-32c0-17.67-14.33-32-32-32z\"><\/path><\/svg><\/span>\n\t\t<\/span>\n\n\t\t\t\t\t\t<\/summary>\n\t\t\t\t<div role=\"region\" aria-labelledby=\"e-n-accordion-item-17624\" class=\"elementor-element elementor-element-3be5963e e-con-full e-flex e-con e-child\" data-id=\"3be5963e\" data-element_type=\"container\" data-e-type=\"container\">\n\t\t<div role=\"region\" aria-labelledby=\"e-n-accordion-item-17624\" class=\"elementor-element elementor-element-443081dd e-con-full e-flex e-con e-child\" data-id=\"443081dd\" data-element_type=\"container\" data-e-type=\"container\">\n\t\t\t\t<\/div>\n\t\t<div role=\"region\" aria-labelledby=\"e-n-accordion-item-17624\" class=\"elementor-element elementor-element-7e72259 e-con-full e-flex e-con e-child\" data-id=\"7e72259\" data-element_type=\"container\" data-e-type=\"container\">\n\t\t\t\t<div class=\"elementor-element elementor-element-403c4b30 elementor-widget elementor-widget-text-editor\" data-id=\"403c4b30\" data-element_type=\"widget\" data-e-type=\"widget\" data-widget_type=\"text-editor.default\">\n\t\t\t\t<div class=\"elementor-widget-container\">\n\t\t\t\t\t\t\t\t\t<ul><li><p><span lang=\"it-IT\">Laurea in giurisprudenza (Universit\u00e0 Presbiteriana Mackenzie) 2022;<\/span><\/p><\/li><li><p><span lang=\"it-IT\">Mobilit\u00e0 accademica presso l\u2019Universit\u00e0 do Minho (Braga \u2013 Portugal) 2019;<\/span><\/p><\/li><li><p><span lang=\"it-IT\">Specializzazione in propriet\u00e0 intellettuale, diritto dello spettacolo, media e moda presso la Scuola superiore di avvocatura dell&#8217;Ordine brasiliano degli avvocati \u2013 Sezione S\u00e3o Paulo (ESA OAB-SP) (S\u00e3o Paulo \u2013 Brasil) 2025;<\/span><\/p><\/li><li><p><span lang=\"it-IT\"><strong>Aree di competenza<\/strong>:<br \/><\/span><span lang=\"it-IT\">Propriet\u00e0 intellettuale;<\/span><\/p><\/li><li><p><strong>Associa\u00e7\u00f5es<\/strong>:<br \/>OAB-SP;<\/p><\/li><li><p><span lang=\"it-IT\"><strong>Lingue<\/strong>:<br \/><\/span><span lang=\"it-IT\">Portoghese, Inglese e Francese.<\/span><\/p><\/li><li><p><span lang=\"it-IT\"><strong>Contatti<\/strong>:<br \/><\/span><span lang=\"it-IT\">E-mail: <a href=\"mailto:vmg@ariboni.com.br\">vmg@ariboni.com.br<\/a><br \/><\/span>Tel. +55 11 3508 7700 r. 7716<\/p><\/li><\/ul>\t\t\t\t\t\t\t\t<\/div>\n\t\t\t\t<\/div>\n\t\t\t\t<\/div>\n\t\t\t\t<\/div>\n\t\t\t\t\t<\/details>\n\t\t\t\t\t<\/div>\n\t\t\t\t\t\t<\/div>\n\t\t\t\t<\/div>\n\t\t\t\t\t<\/div>\n\t\t\t\t<\/div>\n\t\t<div class=\"elementor-element elementor-element-42641f2b e-grid e-con-boxed e-con e-parent\" data-id=\"42641f2b\" data-element_type=\"container\" data-e-type=\"container\">\n\t\t\t\t\t<div class=\"e-con-inner\">\n\t\t<div class=\"elementor-element elementor-element-a58750b e-con-full e-flex e-con e-child\" data-id=\"a58750b\" data-element_type=\"container\" data-e-type=\"container\">\n\t\t\t\t<div class=\"elementor-element elementor-element-2b9ba7fe elementor-widget elementor-widget-heading\" data-id=\"2b9ba7fe\" data-element_type=\"widget\" data-e-type=\"widget\" data-widget_type=\"heading.default\">\n\t\t\t\t<div class=\"elementor-widget-container\">\n\t\t\t\t\t<h2 class=\"elementor-heading-title elementor-size-default\">Tecnici Specializzati<\/h2>\t\t\t\t<\/div>\n\t\t\t\t<\/div>\n\t\t\t\t<\/div>\n\t\t\t\t<div class=\"elementor-element elementor-element-2b914b30 elementor-widget elementor-widget-n-accordion\" data-id=\"2b914b30\" data-element_type=\"widget\" data-e-type=\"widget\" data-settings=\"{&quot;default_state&quot;:&quot;all_collapsed&quot;,&quot;max_items_expended&quot;:&quot;one&quot;,&quot;n_accordion_animation_duration&quot;:{&quot;unit&quot;:&quot;ms&quot;,&quot;size&quot;:400,&quot;sizes&quot;:[]}}\" data-widget_type=\"nested-accordion.default\">\n\t\t\t\t<div class=\"elementor-widget-container\">\n\t\t\t\t\t\t\t<div class=\"e-n-accordion\" aria-label=\"Accordion. Open links with Enter or Space, close with Escape, and navigate with Arrow Keys\">\n\t\t\t\t\t\t<details id=\"e-n-accordion-item-7300\" class=\"e-n-accordion-item\" >\n\t\t\t\t<summary class=\"e-n-accordion-item-title\" data-accordion-index=\"1\" tabindex=\"0\" aria-expanded=\"false\" aria-controls=\"e-n-accordion-item-7300\" >\n\t\t\t\t\t<span class='e-n-accordion-item-title-header'><div class=\"e-n-accordion-item-title-text\"> Jadiel Estev\u00e3o <\/div><\/span>\n\t\t\t\t\t\t\t<span class='e-n-accordion-item-title-icon'>\n\t\t\t<span class='e-opened' ><svg aria-hidden=\"true\" class=\"e-font-icon-svg e-fas-minus\" viewBox=\"0 0 448 512\" xmlns=\"http:\/\/www.w3.org\/2000\/svg\"><path d=\"M416 208H32c-17.67 0-32 14.33-32 32v32c0 17.67 14.33 32 32 32h384c17.67 0 32-14.33 32-32v-32c0-17.67-14.33-32-32-32z\"><\/path><\/svg><\/span>\n\t\t\t<span class='e-closed'><svg aria-hidden=\"true\" class=\"e-font-icon-svg e-far-list-alt\" viewBox=\"0 0 512 512\" xmlns=\"http:\/\/www.w3.org\/2000\/svg\"><path d=\"M464 32H48C21.49 32 0 53.49 0 80v352c0 26.51 21.49 48 48 48h416c26.51 0 48-21.49 48-48V80c0-26.51-21.49-48-48-48zm-6 400H54a6 6 0 0 1-6-6V86a6 6 0 0 1 6-6h404a6 6 0 0 1 6 6v340a6 6 0 0 1-6 6zm-42-92v24c0 6.627-5.373 12-12 12H204c-6.627 0-12-5.373-12-12v-24c0-6.627 5.373-12 12-12h200c6.627 0 12 5.373 12 12zm0-96v24c0 6.627-5.373 12-12 12H204c-6.627 0-12-5.373-12-12v-24c0-6.627 5.373-12 12-12h200c6.627 0 12 5.373 12 12zm0-96v24c0 6.627-5.373 12-12 12H204c-6.627 0-12-5.373-12-12v-24c0-6.627 5.373-12 12-12h200c6.627 0 12 5.373 12 12zm-252 12c0 19.882-16.118 36-36 36s-36-16.118-36-36 16.118-36 36-36 36 16.118 36 36zm0 96c0 19.882-16.118 36-36 36s-36-16.118-36-36 16.118-36 36-36 36 16.118 36 36zm0 96c0 19.882-16.118 36-36 36s-36-16.118-36-36 16.118-36 36-36 36 16.118 36 36z\"><\/path><\/svg><\/span>\n\t\t<\/span>\n\n\t\t\t\t\t\t<\/summary>\n\t\t\t\t<div role=\"region\" aria-labelledby=\"e-n-accordion-item-7300\" class=\"elementor-element elementor-element-aef28c2 e-con-full e-flex e-con e-child\" data-id=\"aef28c2\" data-element_type=\"container\" data-e-type=\"container\">\n\t\t<div role=\"region\" aria-labelledby=\"e-n-accordion-item-7300\" class=\"elementor-element elementor-element-4bd64a55 e-con-full e-flex e-con e-child\" data-id=\"4bd64a55\" data-element_type=\"container\" data-e-type=\"container\">\n\t\t\t\t<div class=\"elementor-element elementor-element-6c31341c elementor-widget elementor-widget-image\" data-id=\"6c31341c\" data-element_type=\"widget\" data-e-type=\"widget\" data-widget_type=\"image.default\">\n\t\t\t\t<div class=\"elementor-widget-container\">\n\t\t\t\t\t\t\t\t\t\t\t\t\t\t\t<img loading=\"lazy\" decoding=\"async\" width=\"800\" height=\"800\" src=\"https:\/\/ariboni.com.br\/portal\/wp-content\/uploads\/2026\/02\/Jadiel-SIlva.jpg\" class=\"attachment-large size-large wp-image-2005\" alt=\"\" srcset=\"https:\/\/ariboni.com.br\/portal\/wp-content\/uploads\/2026\/02\/Jadiel-SIlva.jpg 900w, https:\/\/ariboni.com.br\/portal\/wp-content\/uploads\/2026\/02\/Jadiel-SIlva-300x300.jpg 300w, https:\/\/ariboni.com.br\/portal\/wp-content\/uploads\/2026\/02\/Jadiel-SIlva-150x150.jpg 150w, https:\/\/ariboni.com.br\/portal\/wp-content\/uploads\/2026\/02\/Jadiel-SIlva-768x768.jpg 768w\" sizes=\"(max-width: 800px) 100vw, 800px\" \/>\t\t\t\t\t\t\t\t\t\t\t\t\t\t\t<\/div>\n\t\t\t\t<\/div>\n\t\t\t\t<\/div>\n\t\t<div role=\"region\" aria-labelledby=\"e-n-accordion-item-7300\" class=\"elementor-element elementor-element-773ad77f e-con-full e-flex e-con e-child\" data-id=\"773ad77f\" data-element_type=\"container\" data-e-type=\"container\">\n\t\t\t\t<div class=\"elementor-element elementor-element-387c7412 elementor-widget elementor-widget-text-editor\" data-id=\"387c7412\" data-element_type=\"widget\" data-e-type=\"widget\" data-widget_type=\"text-editor.default\">\n\t\t\t\t<div class=\"elementor-widget-container\">\n\t\t\t\t\t\t\t\t\t<ul><li>Laurea in Ingegneria Meccanica presso l&#8217;Universit\u00e0 Federale di San Carlos (UFSCar);<\/li><li>Corso PCT (Trattato di Cooperazione in Brevetti) (INPI);<\/li><li>Corso di Disegno Industriale: Aspetti della Protezione (INPI);<\/li><li>Corso Generale a Distanza sulla Propriet\u00e0 Intellettuale (OMPI);<\/li><li><strong>Aree di competenza<\/strong>:<br \/>Brevetti, Disegno Industriale, Software (Nazionali e Internazionali).<\/li><li><strong>Associazioni<\/strong>:<br \/>Consiglio Regionale di Ingegneria e Agronomia di San Paolo (CREA-SP)<\/li><li><strong>Lingue<\/strong>:<br \/>Portoghese; Inglese e Francese;<\/li><li><strong>Contatti<\/strong>:<br \/>E-mail: <a href=\"mailto:jes@ariboni.com.br\">jes@ariboni.com.br<\/a><br \/>Telefono: 55 11 3508 7700 r. 7778<\/li><\/ul>\t\t\t\t\t\t\t\t<\/div>\n\t\t\t\t<\/div>\n\t\t\t\t<\/div>\n\t\t\t\t<\/div>\n\t\t\t\t\t<\/details>\n\t\t\t\t\t\t<details id=\"e-n-accordion-item-7301\" class=\"e-n-accordion-item\" >\n\t\t\t\t<summary class=\"e-n-accordion-item-title\" data-accordion-index=\"2\" tabindex=\"-1\" aria-expanded=\"false\" aria-controls=\"e-n-accordion-item-7301\" >\n\t\t\t\t\t<span class='e-n-accordion-item-title-header'><div class=\"e-n-accordion-item-title-text\"> Leonardo Alcantara Lima  <\/div><\/span>\n\t\t\t\t\t\t\t<span class='e-n-accordion-item-title-icon'>\n\t\t\t<span class='e-opened' ><svg aria-hidden=\"true\" class=\"e-font-icon-svg e-fas-minus\" viewBox=\"0 0 448 512\" xmlns=\"http:\/\/www.w3.org\/2000\/svg\"><path d=\"M416 208H32c-17.67 0-32 14.33-32 32v32c0 17.67 14.33 32 32 32h384c17.67 0 32-14.33 32-32v-32c0-17.67-14.33-32-32-32z\"><\/path><\/svg><\/span>\n\t\t\t<span class='e-closed'><svg aria-hidden=\"true\" class=\"e-font-icon-svg e-far-list-alt\" viewBox=\"0 0 512 512\" xmlns=\"http:\/\/www.w3.org\/2000\/svg\"><path d=\"M464 32H48C21.49 32 0 53.49 0 80v352c0 26.51 21.49 48 48 48h416c26.51 0 48-21.49 48-48V80c0-26.51-21.49-48-48-48zm-6 400H54a6 6 0 0 1-6-6V86a6 6 0 0 1 6-6h404a6 6 0 0 1 6 6v340a6 6 0 0 1-6 6zm-42-92v24c0 6.627-5.373 12-12 12H204c-6.627 0-12-5.373-12-12v-24c0-6.627 5.373-12 12-12h200c6.627 0 12 5.373 12 12zm0-96v24c0 6.627-5.373 12-12 12H204c-6.627 0-12-5.373-12-12v-24c0-6.627 5.373-12 12-12h200c6.627 0 12 5.373 12 12zm0-96v24c0 6.627-5.373 12-12 12H204c-6.627 0-12-5.373-12-12v-24c0-6.627 5.373-12 12-12h200c6.627 0 12 5.373 12 12zm-252 12c0 19.882-16.118 36-36 36s-36-16.118-36-36 16.118-36 36-36 36 16.118 36 36zm0 96c0 19.882-16.118 36-36 36s-36-16.118-36-36 16.118-36 36-36 36 16.118 36 36zm0 96c0 19.882-16.118 36-36 36s-36-16.118-36-36 16.118-36 36-36 36 16.118 36 36z\"><\/path><\/svg><\/span>\n\t\t<\/span>\n\n\t\t\t\t\t\t<\/summary>\n\t\t\t\t<div role=\"region\" aria-labelledby=\"e-n-accordion-item-7301\" class=\"elementor-element elementor-element-26355bf e-con-full e-flex e-con e-child\" data-id=\"26355bf\" data-element_type=\"container\" data-e-type=\"container\">\n\t\t<div role=\"region\" aria-labelledby=\"e-n-accordion-item-7301\" class=\"elementor-element elementor-element-e9507af e-con-full e-flex e-con e-child\" data-id=\"e9507af\" data-element_type=\"container\" data-e-type=\"container\">\n\t\t\t\t<div class=\"elementor-element elementor-element-0e72537 elementor-widget elementor-widget-image\" data-id=\"0e72537\" data-element_type=\"widget\" data-e-type=\"widget\" data-widget_type=\"image.default\">\n\t\t\t\t<div class=\"elementor-widget-container\">\n\t\t\t\t\t\t\t\t\t\t\t\t\t\t\t<img loading=\"lazy\" decoding=\"async\" width=\"800\" height=\"800\" src=\"https:\/\/ariboni.com.br\/portal\/wp-content\/uploads\/2026\/01\/Leonardo-A-Lima.jpg\" class=\"attachment-large size-large wp-image-1958\" alt=\"\" \/>\t\t\t\t\t\t\t\t\t\t\t\t\t\t\t<\/div>\n\t\t\t\t<\/div>\n\t\t\t\t<\/div>\n\t\t<div role=\"region\" aria-labelledby=\"e-n-accordion-item-7301\" class=\"elementor-element elementor-element-46b4253 e-con-full e-flex e-con e-child\" data-id=\"46b4253\" data-element_type=\"container\" data-e-type=\"container\">\n\t\t\t\t<div class=\"elementor-element elementor-element-5da9c08 elementor-widget elementor-widget-text-editor\" data-id=\"5da9c08\" data-element_type=\"widget\" data-e-type=\"widget\" data-widget_type=\"text-editor.default\">\n\t\t\t\t<div class=\"elementor-widget-container\">\n\t\t\t\t\t\t\t\t\t<ul><li>Laurea in Ingegneria Chimica presso l&#8217;Universit\u00e0 Federale del Cear\u00e1 (UFC);<\/li><li>Specialista in Ingegneria di Controllo e Processi Fisico-Chimici;<\/li><li>Corso Avanzato in Brevetti (OMPI)<\/li><li>Corso di Registrazione Software (INPI)<\/li><li>Corso in Economia, Finanza e Gestione Aziendale (Saint Paul)<\/li><li><span lang=\"it-IT\"><strong>Aree di competenza<\/strong>:<br \/><\/span>Tecnico specializzato in Propriet\u00e0 Industriale; Protezione delle invenzioni nei processi nazionali e internazionali;<\/li><li><strong><span lang=\"it-IT\">Lingue<\/span><\/strong><span lang=\"it-IT\">:<br \/><\/span>\u00a0portoghese, inglese, spagnolo, tedesco;<\/li><li><strong>Contatti<\/strong><br \/>E-mail: <a href=\"mailto:lal@ariboni.com.br\">lal@ariboni.com.br<\/a><br \/>Tel. +55 11 3508 7700 r. 7798<\/li><\/ul>\t\t\t\t\t\t\t\t<\/div>\n\t\t\t\t<\/div>\n\t\t\t\t<\/div>\n\t\t\t\t<\/div>\n\t\t\t\t\t<\/details>\n\t\t\t\t\t\t<details id=\"e-n-accordion-item-7302\" class=\"e-n-accordion-item\" >\n\t\t\t\t<summary class=\"e-n-accordion-item-title\" data-accordion-index=\"3\" tabindex=\"-1\" aria-expanded=\"false\" aria-controls=\"e-n-accordion-item-7302\" >\n\t\t\t\t\t<span class='e-n-accordion-item-title-header'><div class=\"e-n-accordion-item-title-text\"> Raphael Rodrigues Wanderley Machado    <\/div><\/span>\n\t\t\t\t\t\t\t<span class='e-n-accordion-item-title-icon'>\n\t\t\t<span class='e-opened' ><svg aria-hidden=\"true\" class=\"e-font-icon-svg e-fas-minus\" viewBox=\"0 0 448 512\" xmlns=\"http:\/\/www.w3.org\/2000\/svg\"><path d=\"M416 208H32c-17.67 0-32 14.33-32 32v32c0 17.67 14.33 32 32 32h384c17.67 0 32-14.33 32-32v-32c0-17.67-14.33-32-32-32z\"><\/path><\/svg><\/span>\n\t\t\t<span class='e-closed'><svg aria-hidden=\"true\" class=\"e-font-icon-svg e-far-list-alt\" viewBox=\"0 0 512 512\" xmlns=\"http:\/\/www.w3.org\/2000\/svg\"><path d=\"M464 32H48C21.49 32 0 53.49 0 80v352c0 26.51 21.49 48 48 48h416c26.51 0 48-21.49 48-48V80c0-26.51-21.49-48-48-48zm-6 400H54a6 6 0 0 1-6-6V86a6 6 0 0 1 6-6h404a6 6 0 0 1 6 6v340a6 6 0 0 1-6 6zm-42-92v24c0 6.627-5.373 12-12 12H204c-6.627 0-12-5.373-12-12v-24c0-6.627 5.373-12 12-12h200c6.627 0 12 5.373 12 12zm0-96v24c0 6.627-5.373 12-12 12H204c-6.627 0-12-5.373-12-12v-24c0-6.627 5.373-12 12-12h200c6.627 0 12 5.373 12 12zm0-96v24c0 6.627-5.373 12-12 12H204c-6.627 0-12-5.373-12-12v-24c0-6.627 5.373-12 12-12h200c6.627 0 12 5.373 12 12zm-252 12c0 19.882-16.118 36-36 36s-36-16.118-36-36 16.118-36 36-36 36 16.118 36 36zm0 96c0 19.882-16.118 36-36 36s-36-16.118-36-36 16.118-36 36-36 36 16.118 36 36zm0 96c0 19.882-16.118 36-36 36s-36-16.118-36-36 16.118-36 36-36 36 16.118 36 36z\"><\/path><\/svg><\/span>\n\t\t<\/span>\n\n\t\t\t\t\t\t<\/summary>\n\t\t\t\t<div role=\"region\" aria-labelledby=\"e-n-accordion-item-7302\" class=\"elementor-element elementor-element-c7af3ad e-con-full e-flex e-con e-child\" data-id=\"c7af3ad\" data-element_type=\"container\" data-e-type=\"container\">\n\t\t<div role=\"region\" aria-labelledby=\"e-n-accordion-item-7302\" class=\"elementor-element elementor-element-76199b6 e-con-full e-flex e-con e-child\" data-id=\"76199b6\" data-element_type=\"container\" data-e-type=\"container\">\n\t\t\t\t<div class=\"elementor-element elementor-element-d2aa21b elementor-widget elementor-widget-image\" data-id=\"d2aa21b\" data-element_type=\"widget\" data-e-type=\"widget\" data-widget_type=\"image.default\">\n\t\t\t\t<div class=\"elementor-widget-container\">\n\t\t\t\t\t\t\t\t\t\t\t\t\t\t\t<img loading=\"lazy\" decoding=\"async\" width=\"800\" height=\"800\" src=\"https:\/\/ariboni.com.br\/portal\/wp-content\/uploads\/2026\/01\/Raphael_Rodrigues.jpg\" class=\"attachment-large size-large wp-image-1959\" alt=\"\" \/>\t\t\t\t\t\t\t\t\t\t\t\t\t\t\t<\/div>\n\t\t\t\t<\/div>\n\t\t\t\t<\/div>\n\t\t<div role=\"region\" aria-labelledby=\"e-n-accordion-item-7302\" class=\"elementor-element elementor-element-cfdaf30 e-con-full e-flex e-con e-child\" data-id=\"cfdaf30\" data-element_type=\"container\" data-e-type=\"container\">\n\t\t\t\t<div class=\"elementor-element elementor-element-5a9364c elementor-widget elementor-widget-text-editor\" data-id=\"5a9364c\" data-element_type=\"widget\" data-e-type=\"widget\" data-widget_type=\"text-editor.default\">\n\t\t\t\t<div class=\"elementor-widget-container\">\n\t\t\t\t\t\t\t\t\t<ul><li>Laurea in Ingegneria Meccanica presso l\u2019Instituto Mau\u00e1 de Tecnologia \u2013 2013<\/li><li>Laurea in Giurisprudenza presso l\u2019Universidade Paulista \u2013 2022<\/li><li>MBA, Master post-laurea in Amministrazione Aziendale presso l\u2019Instituto Mau\u00e1 de Tecnologia \u2013 2016<\/li><li>Corso di Ricerca di Informazioni sui Brevetti (OMPI)<\/li><li>Corso Generale di Propriet\u00e0 Intellettuale a Distanza (OMPI)<\/li><li>Formazione Professionale in Propriet\u00e0 Intellettuale \u2013 Livello Base (ABAPI)<\/li><li>Corso di Inglese Giuridico e Tecnico per Professionisti della Propriet\u00e0 Intellettuale (ASPI)<\/li><li><span lang=\"it-IT\"><strong>Aree di competenza<\/strong>:<br \/><\/span>Brevetti<\/li><li><strong><span lang=\"it-IT\">Lingue<\/span><\/strong><span lang=\"it-IT\">:<br \/><\/span>Portoghese, inglese, spagnolo;<\/li><li><strong>Contatti<\/strong><br \/>E-mail: <a href=\"mailto:lal@ariboni.com.br\">rrm@ariboni.com.br<\/a><br \/>Tel. +55 11 3508 7700 r. 7791<\/li><\/ul>\t\t\t\t\t\t\t\t<\/div>\n\t\t\t\t<\/div>\n\t\t\t\t<\/div>\n\t\t\t\t<\/div>\n\t\t\t\t\t<\/details>\n\t\t\t\t\t<\/div>\n\t\t\t\t\t\t<\/div>\n\t\t\t\t<\/div>\n\t\t\t\t\t<\/div>\n\t\t\t\t<\/div>\n\t\t<div class=\"elementor-element elementor-element-c2eb157 e-grid e-con-boxed e-con e-parent\" data-id=\"c2eb157\" data-element_type=\"container\" data-e-type=\"container\">\n\t\t\t\t\t<div class=\"e-con-inner\">\n\t\t<div class=\"elementor-element elementor-element-9ff7d8d e-con-full e-flex e-con e-child\" data-id=\"9ff7d8d\" data-element_type=\"container\" data-e-type=\"container\">\n\t\t\t\t<div class=\"elementor-element elementor-element-de7e57f elementor-widget elementor-widget-heading\" data-id=\"de7e57f\" data-element_type=\"widget\" data-e-type=\"widget\" data-widget_type=\"heading.default\">\n\t\t\t\t<div class=\"elementor-widget-container\">\n\t\t\t\t\t<h2 class=\"elementor-heading-title elementor-size-default\">Consulenti<\/h2>\t\t\t\t<\/div>\n\t\t\t\t<\/div>\n\t\t\t\t<\/div>\n\t\t\t\t<div class=\"elementor-element elementor-element-9fe764c elementor-widget elementor-widget-n-accordion\" data-id=\"9fe764c\" data-element_type=\"widget\" data-e-type=\"widget\" data-settings=\"{&quot;default_state&quot;:&quot;all_collapsed&quot;,&quot;max_items_expended&quot;:&quot;one&quot;,&quot;n_accordion_animation_duration&quot;:{&quot;unit&quot;:&quot;ms&quot;,&quot;size&quot;:400,&quot;sizes&quot;:[]}}\" data-widget_type=\"nested-accordion.default\">\n\t\t\t\t<div class=\"elementor-widget-container\">\n\t\t\t\t\t\t\t<div class=\"e-n-accordion\" aria-label=\"Accordion. Open links with Enter or Space, close with Escape, and navigate with Arrow Keys\">\n\t\t\t\t\t\t<details id=\"e-n-accordion-item-1670\" class=\"e-n-accordion-item\" >\n\t\t\t\t<summary class=\"e-n-accordion-item-title\" data-accordion-index=\"1\" tabindex=\"0\" aria-expanded=\"false\" aria-controls=\"e-n-accordion-item-1670\" >\n\t\t\t\t\t<span class='e-n-accordion-item-title-header'><div class=\"e-n-accordion-item-title-text\"> Eduardo Ariboni <\/div><\/span>\n\t\t\t\t\t\t\t<span class='e-n-accordion-item-title-icon'>\n\t\t\t<span class='e-opened' ><svg aria-hidden=\"true\" class=\"e-font-icon-svg e-fas-minus\" viewBox=\"0 0 448 512\" xmlns=\"http:\/\/www.w3.org\/2000\/svg\"><path d=\"M416 208H32c-17.67 0-32 14.33-32 32v32c0 17.67 14.33 32 32 32h384c17.67 0 32-14.33 32-32v-32c0-17.67-14.33-32-32-32z\"><\/path><\/svg><\/span>\n\t\t\t<span class='e-closed'><svg aria-hidden=\"true\" class=\"e-font-icon-svg e-far-list-alt\" viewBox=\"0 0 512 512\" xmlns=\"http:\/\/www.w3.org\/2000\/svg\"><path d=\"M464 32H48C21.49 32 0 53.49 0 80v352c0 26.51 21.49 48 48 48h416c26.51 0 48-21.49 48-48V80c0-26.51-21.49-48-48-48zm-6 400H54a6 6 0 0 1-6-6V86a6 6 0 0 1 6-6h404a6 6 0 0 1 6 6v340a6 6 0 0 1-6 6zm-42-92v24c0 6.627-5.373 12-12 12H204c-6.627 0-12-5.373-12-12v-24c0-6.627 5.373-12 12-12h200c6.627 0 12 5.373 12 12zm0-96v24c0 6.627-5.373 12-12 12H204c-6.627 0-12-5.373-12-12v-24c0-6.627 5.373-12 12-12h200c6.627 0 12 5.373 12 12zm0-96v24c0 6.627-5.373 12-12 12H204c-6.627 0-12-5.373-12-12v-24c0-6.627 5.373-12 12-12h200c6.627 0 12 5.373 12 12zm-252 12c0 19.882-16.118 36-36 36s-36-16.118-36-36 16.118-36 36-36 36 16.118 36 36zm0 96c0 19.882-16.118 36-36 36s-36-16.118-36-36 16.118-36 36-36 36 16.118 36 36zm0 96c0 19.882-16.118 36-36 36s-36-16.118-36-36 16.118-36 36-36 36 16.118 36 36z\"><\/path><\/svg><\/span>\n\t\t<\/span>\n\n\t\t\t\t\t\t<\/summary>\n\t\t\t\t<div role=\"region\" aria-labelledby=\"e-n-accordion-item-1670\" class=\"elementor-element elementor-element-e46ba43 e-con-full e-flex e-con e-child\" data-id=\"e46ba43\" data-element_type=\"container\" data-e-type=\"container\">\n\t\t<div role=\"region\" aria-labelledby=\"e-n-accordion-item-1670\" class=\"elementor-element elementor-element-5a61255 e-con-full e-flex e-con e-child\" data-id=\"5a61255\" data-element_type=\"container\" data-e-type=\"container\">\n\t\t\t\t<div class=\"elementor-element elementor-element-b808878 elementor-widget elementor-widget-image\" data-id=\"b808878\" data-element_type=\"widget\" data-e-type=\"widget\" data-widget_type=\"image.default\">\n\t\t\t\t<div class=\"elementor-widget-container\">\n\t\t\t\t\t\t\t\t\t\t\t\t\t\t\t<img loading=\"lazy\" decoding=\"async\" width=\"800\" height=\"800\" src=\"https:\/\/ariboni.com.br\/portal\/wp-content\/uploads\/2025\/08\/Eduardo_Ariboni.jpg\" class=\"attachment-large size-large wp-image-1346\" alt=\"\" srcset=\"https:\/\/ariboni.com.br\/portal\/wp-content\/uploads\/2025\/08\/Eduardo_Ariboni.jpg 900w, https:\/\/ariboni.com.br\/portal\/wp-content\/uploads\/2025\/08\/Eduardo_Ariboni-300x300.jpg 300w, https:\/\/ariboni.com.br\/portal\/wp-content\/uploads\/2025\/08\/Eduardo_Ariboni-150x150.jpg 150w, https:\/\/ariboni.com.br\/portal\/wp-content\/uploads\/2025\/08\/Eduardo_Ariboni-768x768.jpg 768w\" sizes=\"(max-width: 800px) 100vw, 800px\" \/>\t\t\t\t\t\t\t\t\t\t\t\t\t\t\t<\/div>\n\t\t\t\t<\/div>\n\t\t\t\t<\/div>\n\t\t<div role=\"region\" aria-labelledby=\"e-n-accordion-item-1670\" class=\"elementor-element elementor-element-83f508d e-con-full e-flex e-con e-child\" data-id=\"83f508d\" data-element_type=\"container\" data-e-type=\"container\">\n\t\t\t\t<div class=\"elementor-element elementor-element-e4c581e elementor-widget elementor-widget-text-editor\" data-id=\"e4c581e\" data-element_type=\"widget\" data-e-type=\"widget\" data-widget_type=\"text-editor.default\">\n\t\t\t\t<div class=\"elementor-widget-container\">\n\t\t\t\t\t\t\t\t\t<ul><li><p><span lang=\"it-IT\">Laurea in giurisprudenza e Fisica (USP)<\/span><\/p><\/li><li><p><span lang=\"it-IT\"><strong>Aree di competenza<\/strong>:<br \/><\/span><span lang=\"it-IT\">Agente di Propriet\u00e0 Industriale; consulenza aziendale nel settore della propriet\u00e0 industriale; tutela delle invenzioni e delle tecnologie.<\/span><\/p><\/li><li><p><strong><span lang=\"it-IT\">Lingue<\/span><\/strong><span lang=\"it-IT\">:<br \/><\/span>Portoghese, italiano e inglese.<\/p><\/li><li><p><strong>Contatti<\/strong><br \/>E-mail: ariboni@ariboni.com.br<br \/>Tel. +55 11 3508 7700<\/p><\/li><\/ul>\t\t\t\t\t\t\t\t<\/div>\n\t\t\t\t<\/div>\n\t\t\t\t<\/div>\n\t\t\t\t<\/div>\n\t\t\t\t\t<\/details>\n\t\t\t\t\t<\/div>\n\t\t\t\t\t\t<\/div>\n\t\t\t\t<\/div>\n\t\t\t\t\t<\/div>\n\t\t\t\t<\/div>\n\t\t<div class=\"elementor-element elementor-element-3aa7eab e-grid e-con-boxed e-con e-parent\" data-id=\"3aa7eab\" data-element_type=\"container\" data-e-type=\"container\">\n\t\t\t\t\t<div class=\"e-con-inner\">\n\t\t\t\t<div class=\"elementor-element elementor-element-257cda81 elementor-widget-divider--view-line elementor-widget elementor-widget-divider\" data-id=\"257cda81\" data-element_type=\"widget\" data-e-type=\"widget\" data-widget_type=\"divider.default\">\n\t\t\t\t<div class=\"elementor-widget-container\">\n\t\t\t\t\t\t\t<div class=\"elementor-divider\">\n\t\t\t<span class=\"elementor-divider-separator\">\n\t\t\t\t\t\t<\/span>\n\t\t<\/div>\n\t\t\t\t\t\t<\/div>\n\t\t\t\t<\/div>\n\t\t\t\t\t<\/div>\n\t\t\t\t<\/div>\n\t\t\t\t<\/div>\n\t\t","protected":false},"excerpt":{"rendered":"<p>Con professionisti di comprovata eccellenza, Ariboni, Fabbri e Schmidt si avvale di un team composto da dottori laureati presso le pi\u00f9 prestigiose universit\u00e0 di Giurisprudenza del Paese, con piena padronanza di diverse lingue, tra cui portoghese, inglese, francese, italiano e spagnolo. Soci Mauricio Ariboni Laurea in Giurisprudenza (Pontificia Universit\u00e0 Cattolica di S\u00e3o Paulo &#8211; PUC-SP) [&hellip;]<\/p>\n","protected":false},"author":1,"featured_media":0,"parent":0,"menu_order":0,"comment_status":"closed","ping_status":"closed","template":"elementor_header_footer","meta":{"footnotes":""},"class_list":["post-1681","page","type-page","status-publish","hentry"],"_links":{"self":[{"href":"https:\/\/ariboni.com.br\/portal\/wp-json\/wp\/v2\/pages\/1681","targetHints":{"allow":["GET"]}}],"collection":[{"href":"https:\/\/ariboni.com.br\/portal\/wp-json\/wp\/v2\/pages"}],"about":[{"href":"https:\/\/ariboni.com.br\/portal\/wp-json\/wp\/v2\/types\/page"}],"author":[{"embeddable":true,"href":"https:\/\/ariboni.com.br\/portal\/wp-json\/wp\/v2\/users\/1"}],"replies":[{"embeddable":true,"href":"https:\/\/ariboni.com.br\/portal\/wp-json\/wp\/v2\/comments?post=1681"}],"version-history":[{"count":112,"href":"https:\/\/ariboni.com.br\/portal\/wp-json\/wp\/v2\/pages\/1681\/revisions"}],"predecessor-version":[{"id":2047,"href":"https:\/\/ariboni.com.br\/portal\/wp-json\/wp\/v2\/pages\/1681\/revisions\/2047"}],"wp:attachment":[{"href":"https:\/\/ariboni.com.br\/portal\/wp-json\/wp\/v2\/media?parent=1681"}],"curies":[{"name":"wp","href":"https:\/\/api.w.org\/{rel}","templated":true}]}}